{"id":6435,"date":"2023-01-13T20:42:26","date_gmt":"2023-01-13T20:42:26","guid":{"rendered":"https:\/\/obi.media\/inn2023\/inn-2023-information\/"},"modified":"2023-01-19T23:37:57","modified_gmt":"2023-01-19T23:37:57","slug":"inn-2023-information","status":"publish","type":"page","link":"https:\/\/obi.media\/en\/inn2023\/inn-2023-information\/","title":{"rendered":"INN 2023 &#8211; Information"},"content":{"rendered":"<div class='clear'><\/div><div id='sub_menu1'  class='av-submenu-container av-97cprr-6c15015aff299d43c75333320064c66f alternate_color  avia-builder-el-0  el_before_av_section  avia-builder-el-first  av-sticky-submenu container_wrap sidebar_right' style='z-index:301' ><div class='container av-menu-mobile-disabled av-submenu-pos-center'><ul id='av-custom-submenu-1' class='av-subnav-menu'>\n<li class='menu-item av-74wl3-1-eea54f704175f615da23bc3e7933bdb2 menu-item-top-level menu-item-top-level-1'><a href='https:\/\/obi.media\/en\/inn2023\/' ><span class='avia-bullet'><\/span><span class='avia-menu-text'>Highlights<\/span><\/a><\/li>\n<li class='menu-item av-7oajqv-41aa8ef6432841ea944774f0b7f5f4a2 menu-item-top-level menu-item-top-level-2'><a href='https:\/\/obi.media\/en\/inn-2023-programme\/' ><span class='avia-bullet'><\/span><span class='avia-menu-text'>Programme<\/span><\/a><\/li>\n<li class='menu-item av-6gnwjb-7d8c50d5fd96a26669b47862ba87ce2c menu-item-top-level menu-item-top-level-3'><a href='https:\/\/obi.media\/en\/inn2023\/inn2023-committees\/' ><span class='avia-bullet'><\/span><span class='avia-menu-text'>Committees <\/span><\/a><\/li>\n<li class='menu-item av-74wl3-2-fde87a366dd9bc07fcd1f53a609fb25b menu-item-top-level menu-item-top-level-4'><a href='https:\/\/obi.media\/en\/inn2023\/#inn2023registration' ><span class='avia-bullet'><\/span><span class='avia-menu-text'>Registration<\/span><\/a><\/li>\n<\/ul><\/div><\/div><div class='sticky_placeholder'><\/div>\n<div id='av_section_1'  class='avia-section av-lbp2grzv-acb6e5125b6efd7351b66b2d2e922a0e main_color avia-section-default avia-no-border-styling  avia-builder-el-1  el_after_av_submenu  el_before_av_section  avia-bg-style-scroll container_wrap sidebar_right'  ><div class='container av-section-cont-open' ><div class='template-page content  av-content-small alpha units'><div class='post-entry post-entry-type-page post-entry-6435'><div class='entry-content-wrapper clearfix'>\n\n<style type=\"text\/css\" data-created_by=\"avia_inline_auto\" id=\"style-css-av-lbp2hyzq-343bc96b5ccf6071f25964972e5cd710\">\n#top .av-special-heading.av-lbp2hyzq-343bc96b5ccf6071f25964972e5cd710{\npadding-bottom:10px;\n}\nbody .av-special-heading.av-lbp2hyzq-343bc96b5ccf6071f25964972e5cd710 .av-special-heading-tag .heading-char{\nfont-size:25px;\n}\n.av-special-heading.av-lbp2hyzq-343bc96b5ccf6071f25964972e5cd710 .av-subheading{\nfont-size:15px;\n}\n<\/style>\n<div  class='av-special-heading av-lbp2hyzq-343bc96b5ccf6071f25964972e5cd710 av-special-heading-h1 blockquote modern-quote  avia-builder-el-2  el_before_av_hr  avia-builder-el-first '><h1 class='av-special-heading-tag'  itemprop=\"headline\"  >Information about INN 2023<\/h1><div class=\"special-heading-border\"><div class=\"special-heading-inner-border\"><\/div><\/div><\/div>\n<div  class='hr av-3b140n-c25da4db7abd29723566bddf29eb5b4f hr-short  avia-builder-el-3  el_after_av_heading  el_before_av_textblock  hr-left'><span class='hr-inner '><span class=\"hr-inner-style\"><\/span><\/span><\/div>\n<section  class='av_textblock_section av-lcv1s2fo-5135929237b3017564a056dd35baba0a'  itemscope=\"itemscope\" itemtype=\"https:\/\/schema.org\/CreativeWork\" ><div class='avia_textblock'  itemprop=\"text\" ><p><span style=\"color: #333333;\">INN2023 takes place in Tower B of <a style=\"color: #333333;\" href=\"https:\/\/www.google.com\/maps\/place\/Faculty+of+Social+and+Human+Sciences\/@38.7403711,-9.1527561,17z\/data=!3m1!4b1!4m5!3m4!1s0xd19330ec7910bd3:0x7724c2297e204d25!8m2!3d38.7403711!4d-9.1505674?hl=en\"><span style=\"color: #008080;\"><strong>Av. de Berna Campus<\/strong><\/span> of NOVA FCSH &#8211; NOVA University of Lisbon &#8211; School of Social Sciences and Humanities. <\/a>It is located between Campo Pequeno and Pra\u00e7a de Espanha.<\/span><\/p>\n<\/div><\/section>\n<div  class='hr av-lbp2ifh6-e681407632477ea3ab659e4adbc4fb26 hr-short  avia-builder-el-5  el_after_av_textblock  el_before_av_textblock  hr-left'><span class='hr-inner '><span class=\"hr-inner-style\"><\/span><\/span><\/div>\n<section  class='av_textblock_section av-lbp2jfrh-e536d79b5305b9bbdf0c365437d2ddbf'  itemscope=\"itemscope\" itemtype=\"https:\/\/schema.org\/CreativeWork\" ><div class='avia_textblock'  itemprop=\"text\" ><h2>How to get to INN 2023, what to do and what to experience<\/h2>\n<\/div><\/section>\n<div class='flex_column av-15ygmrr-3f91b362108044a4d120b08d2200bab6 av_one_half  avia-builder-el-7  el_after_av_textblock  el_before_av_one_half  first flex_column_div column-top-margin'     ><div  class='togglecontainer av-lbp3qbrc-8b229caba1f21539db729c11d1bee58b av-minimal-toggle  avia-builder-el-8  avia-builder-el-no-sibling  toggle_close_all'  itemscope=\"itemscope\" itemtype=\"https:\/\/schema.org\/FAQPage\" >\n<section class='av_toggle_section av-lbp35l0r-485245c3c05c2d7a37b39958e38099fc'  itemscope=\"itemscope\" itemprop=\"mainEntity\" itemtype=\"https:\/\/schema.org\/Question\" ><div role=\"tablist\" class=\"single_toggle\" data-tags=\"{All} \"  ><p data-fake-id='#toggle-id-1' class='toggler   '  itemprop=\"name\"  role='tab' tabindex='0' aria-controls='toggle-id-1'>Where and when will INN 2023 take place?<span class=\"toggle_icon\"><span class=\"vert_icon\"><\/span><span class=\"hor_icon\"><\/span><\/span><\/p><div id='toggle-id-1' class='toggle_wrap  '   itemscope=\"itemscope\" itemprop=\"acceptedAnswer\" itemtype=\"https:\/\/schema.org\/Answer\" ><div class='toggle_content invers-color '  itemprop=\"text\" ><p><span style=\"color: #333333;\">INN 2023 will take place from February 1st to 3rd, at NOVA FCSH &#8211;\u00a0 <span style=\"color: #008080;\"><strong><a style=\"color: #008080;\" href=\"https:\/\/fcsh.unl.pt\">Faculdade de Ci\u00eancias Sociais e Humanas da Universidade NOVA de Lisboa <\/a><\/strong>(NOVA University of Lisbon &#8211; School of Social Sciences and Humanities) <\/span>at the\u00a0 <strong><span style=\"color: #008080;\"><a style=\"color: #008080;\" href=\"https:\/\/www.google.com\/maps\/place\/Faculty+of+Social+and+Human+Sciences\/@38.7403711,-9.1527561,17z\/data=!3m1!4b1!4m5!3m4!1s0xd19330ec7910bd3:0x7724c2297e204d25!8m2!3d38.7403711!4d-9.1505674\">Avenida de Berna Campus <\/a><\/span><\/strong><span style=\"color: #008080;\"><span style=\"color: #333333;\">in Tower B: auditorium B1 (floor 1), auditorium B2 (floor 3) and other shared spaces and rooms on floor 3. <\/span><\/span> <\/span><\/p>\n<\/div><\/div><\/div><\/section>\n<section class='av_toggle_section av-lbp3dhw9-8e72236a92c5cd53e9edae3039c886e4'  itemscope=\"itemscope\" itemprop=\"mainEntity\" itemtype=\"https:\/\/schema.org\/Question\" ><div role=\"tablist\" class=\"single_toggle\" data-tags=\"{All} \"  ><p data-fake-id='#toggle-id-2' class='toggler   '  itemprop=\"name\"  role='tab' tabindex='0' aria-controls='toggle-id-2'>How do you get to INN 2023?<span class=\"toggle_icon\"><span class=\"vert_icon\"><\/span><span class=\"hor_icon\"><\/span><\/span><\/p><div id='toggle-id-2' class='toggle_wrap  '   itemscope=\"itemscope\" itemprop=\"acceptedAnswer\" itemtype=\"https:\/\/schema.org\/Answer\" ><div class='toggle_content invers-color '  itemprop=\"text\" ><p><span style=\"color: #333333;\">NOVA FCSH (Campus Av. de Berna) is located in the heart of Lisbon, in the parish of Avenidas Novas, between Campo Pequeno and Pra\u00e7a de Espanha, in an area with several cultural facilities.<\/span><\/p>\n<p><strong>Airport (about 15 minutes from the college)<\/strong>: Portela (connections to red line metro, buses and taxis\/ TVDE).<\/p>\n<p><span style=\"color: #333333;\"><strong>Train: <\/strong>Entrecampos station (suburban line); intercity: Oriente or Santa Apol\u00f3nia stations (there are connections to the subway through the red and blue lines, respectively)<\/span><\/p>\n<p><span style=\"color: #333333;\"><strong>Metro: <\/strong>exits from Campo Pequeno (yellow line) or, a few minutes further on, exits from Pra\u00e7a de Espanha (blue line) and S\u00e3o Sebasti\u00e3o (blue\/red lines)<\/span><\/p>\n<p><span style=\"color: #333333;\"><strong>Buses<\/strong>: 716, 726, 746 and 756.<\/span><\/p>\n<p><span style=\"color: #333333;\"><strong>Bicycle<\/strong>: there are two-way bike lanes. You can place your bicycle inside the campus. There are also <a href=\"https:\/\/www.gira-bicicletasdelisboa.pt\/descobre-as-estacoes\/\"><span style=\"color: #008080;\"><strong>several Gira bicycle docks near the campus<\/strong><\/span><\/a>. <\/span><\/p>\n<p><strong>Cab \/ TVDE (Uber, Bolt, etc.)<\/strong>: Faculdade de Ci\u00eancias Sociais e Humanas &#8211; Universidade NOVA de Lisboa or FCSH Av. de Berna, 26 C, 1069-061 Lisboa<\/p>\n<\/div><\/div><\/div><\/section>\n<section class='av_toggle_section av-lbp3dhw9-6-66da7250b7150f3d5dd02c002e9eb8df'  itemscope=\"itemscope\" itemprop=\"mainEntity\" itemtype=\"https:\/\/schema.org\/Question\" ><div role=\"tablist\" class=\"single_toggle\" data-tags=\"{All} \"  ><p data-fake-id='#toggle-id-3' class='toggler   '  itemprop=\"name\"  role='tab' tabindex='0' aria-controls='toggle-id-3'>What hotels are near INN 2023?<span class=\"toggle_icon\"><span class=\"vert_icon\"><\/span><span class=\"hor_icon\"><\/span><\/span><\/p><div id='toggle-id-3' class='toggle_wrap  '   itemscope=\"itemscope\" itemprop=\"acceptedAnswer\" itemtype=\"https:\/\/schema.org\/Answer\" ><div class='toggle_content invers-color '  itemprop=\"text\" ><p><span style=\"color: #333333;\">We suggest some hotels near NOVA FCSH, up to four stars. These are just suggestions (we do not earn any commissions).<\/span><\/p>\n<ul>\n<li><a href=\"https:\/\/www.booking.com\/hotel\/pt\/luzeiros-suites.en-gb.html?aid=7344289&#038;label=metatripad-link-dmetapt-hotel-5124559_xqdz-962b01bf40e1da27238f228c502bfec5_los-01_bw-001_tod-16_dom-pt_curr-EUR_gst-02_nrm-01_clkid-6b88f0e7-a276-4605-bf57-f41b7bc9c59c_aud-0000_mbl-L_pd-T_sc-2_defdate-0_spo-0_clksrc-0_mcid-10&#038;sid=7ea5cfef8f9ad7287fa9989201208437&#038;all_sr_blocks=512455904_176669758_0_2_0;checkin=2023-01-14;checkout=2023-01-15;dest_id=-2167973;dest_type=city;dist=0;group_adults=2;group_children=0;hapos=1;highlighted_blocks=512455904_176669758_0_2_0;hpos=1;matching_block_id=512455904_176669758_0_2_0;no_rooms=1;req_adults=2;req_children=0;room1=A%2CA;sb_price_type=total;sr_order=popularity;sr_pri_blocks=512455904_176669758_0_2_0__8400;srepoch=1673626443;srpvid=6fb172258e7b0219;type=total;ucfs=1\"><strong><span style=\"color: #008080;\">Luzeiro Suites<\/span><\/strong><\/a> &#8211; 3* | 500m &#8211; 7m walk from NOVA FCSH<\/li>\n<li><a href=\"https:\/\/viphotels.e-gds.com\/webfrontendcorporate\/shoppingcart\/availability.aspx?hotelid=250&#038;adults=2&#038;children=0&#038;arrivaldate=20230201&#038;departuredate=20230202&#038;utm_content=mapresults_01-02-2023_1_3601639792811471175H18057278171383642103_PT_desktop_default__&#038;is_ad=false\"><strong><span style=\"color: #008080;\">VIPP Inn Bern Hotel<\/span><\/strong><\/a> &#8211; 3* | 650m &#8211; 8m walk from NOVA FCSH<\/li>\n<li><a href=\"https:\/\/www.sanahotels.com\/hotel\/sana-reno\/\"><span style=\"color: #008080;\"><strong>SANA Reno Hotel<\/strong><\/span><\/a> &#8211; 3* | 700m &#8211; 10m walk from NOVA FCSH<\/li>\n<li><span style=\"color: #008080;\"><a style=\"color: #008080;\" href=\"https:\/\/www.hotelprincipelisboa.com\/pt\/localizacao\/\"><strong>Hotel Pr\u00edncipe Lisbon<\/strong><\/a><\/span> &#8211; 3* | 700m &#8211; 10m walk from NOVA FCSH<\/li>\n<li><span style=\"color: #333333;\"><span style=\"color: #008080;\"><a style=\"color: #008080;\" href=\"https:\/\/all.accor.com\/hotel\/1668\/index.pt.shtml\"><strong>Ibis Lisbon Jose Malhoa <span class=\"il\">Hotel<\/span><\/strong><\/a><\/span> &#8211; 2* | 1,2 km &#8211; 15 minutes walking distance from NOVA FCSH<\/span><\/li>\n<li><a href=\"https:\/\/www.hotelwhitelisboa.com\/\"><strong><span style=\"color: #008080;\">Hotel White Lisboa<\/span><\/strong><\/a> &#8211; 3* | 1,1km &#8211; 15m walk from NOVA FCSH<\/li>\n<\/ul>\n<\/div><\/div><\/div><\/section>\n<section class='av_toggle_section av-lbp3dhw9-6-29-713f41cd9463cb09dbf123133d008f73'  itemscope=\"itemscope\" itemprop=\"mainEntity\" itemtype=\"https:\/\/schema.org\/Question\" ><div role=\"tablist\" class=\"single_toggle\" data-tags=\"{All} \"  ><p data-fake-id='#toggle-id-4' class='toggler   '  itemprop=\"name\"  role='tab' tabindex='0' aria-controls='toggle-id-4'>Where can I eat during INN 2023?<span class=\"toggle_icon\"><span class=\"vert_icon\"><\/span><span class=\"hor_icon\"><\/span><\/span><\/p><div id='toggle-id-4' class='toggle_wrap  '   itemscope=\"itemscope\" itemprop=\"acceptedAnswer\" itemtype=\"https:\/\/schema.org\/Answer\" ><div class='toggle_content invers-color '  itemprop=\"text\" ><p><span style=\"color: #333333;\">INN 2023 provides daily coffee-breaks, included in the registration fee. Other than that, the lecturers have several options: at affordable prices, they can have lunch at the college&#8217;s canteen (floor 0 of Tower B), at the caf\u00e9\/restaurant &#8220;Com Sabor&#8221;, located on the esplanade. Outside the college, there are many options along Av. de Berna.<\/span><\/p>\n<\/div><\/div><\/div><\/section>\n<section class='av_toggle_section av-lbp3dhw9-6-28-c6bea83a49eec02d52644e18d7a0ae0f'  itemscope=\"itemscope\" itemprop=\"mainEntity\" itemtype=\"https:\/\/schema.org\/Question\" ><div role=\"tablist\" class=\"single_toggle\" data-tags=\"{All} \"  ><p data-fake-id='#toggle-id-5' class='toggler   '  itemprop=\"name\"  role='tab' tabindex='0' aria-controls='toggle-id-5'>Where can I relax or work during INN 2023?<span class=\"toggle_icon\"><span class=\"vert_icon\"><\/span><span class=\"hor_icon\"><\/span><\/span><\/p><div id='toggle-id-5' class='toggle_wrap  '   itemscope=\"itemscope\" itemprop=\"acceptedAnswer\" itemtype=\"https:\/\/schema.org\/Answer\" ><div class='toggle_content invers-color '  itemprop=\"text\" ><p><span style=\"color: #333333;\">In Tower B, you will find <strong><span style=\"color: #008080;\"><a style=\"color: #008080;\" href=\"https:\/\/www.fcsh.unl.pt\/static\/documentos\/informacao\/Mapa_Campus_AvBerna.pdf\">three &#8220;Student Spaces<\/a><\/span><\/strong>: two on the ground floor and one on floor 3, with desks, power outlets and, of course, wi-fi access.<\/span><\/p>\n<\/div><\/div><\/div><\/section>\n<section class='av_toggle_section av-lbp3dhw9-6-27-e436a3d4a6429c0aac4bdb35382f9ebc'  itemscope=\"itemscope\" itemprop=\"mainEntity\" itemtype=\"https:\/\/schema.org\/Question\" ><div role=\"tablist\" class=\"single_toggle\" data-tags=\"{All} \"  ><p data-fake-id='#toggle-id-6' class='toggler   '  itemprop=\"name\"  role='tab' tabindex='0' aria-controls='toggle-id-6'>What cultural offerings are there near INN 2023?<span class=\"toggle_icon\"><span class=\"vert_icon\"><\/span><span class=\"hor_icon\"><\/span><\/span><\/p><div id='toggle-id-6' class='toggle_wrap  '   itemscope=\"itemscope\" itemprop=\"acceptedAnswer\" itemtype=\"https:\/\/schema.org\/Answer\" ><div class='toggle_content invers-color '  itemprop=\"text\" ><p><span style=\"color: #333333;\">In the Avenidas Novas area, where NOVA FCSH is located, you will find a wide cultural offer. We leave you some suggestions within 15m walking distance:<\/span><\/p>\n<ul>\n<li><a href=\"https:\/\/www.culturgest.pt\/pt\/\"><span style=\"color: #008080;\"><strong>Culturgest<\/strong><\/span><\/a> &#8211; programming in the areas of theater, dance, music, cinema and visual arts<\/li>\n<li><a href=\"https:\/\/www.cinemacity.pt\/editorial\/cinema-city-campo-pequeno\/\"><strong><span style=\"color: #008080;\">Campo Pequeno &#8211; movie theaters<\/span><\/strong><\/a><\/li>\n<li><strong><span style=\"color: #008080;\"><a style=\"color: #008080;\" href=\"https:\/\/blx.cm-lisboa.pt\/local\/biblioteca-palacio-galveias\/\">Galveias Palace Library<\/a><\/span><\/strong><\/li>\n<li><span style=\"color: #008080;\"><strong><a style=\"color: #008080;\" href=\"https:\/\/gulbenkian.pt\/\">Calouste Gulbenkian Foundation<\/a><\/strong><\/span> &#8211; museum, gardens and music programming<\/li>\n<li><a href=\"https:\/\/medeiafilmes.com\/cinemas\/cinema-medeia-nimas\"><span style=\"color: #008080;\"><strong>Medeia Nimas Cinema<\/strong><\/span><\/a><\/li>\n<li><a href=\"https:\/\/cinecartaz.publico.pt\/cinema\/uci-cinemas---el-corte-ingles-54418\"><strong><span style=\"color: #008080;\">El Corte Ingl\u00e9s &#8211; movie theaters<\/span><\/strong><\/a><\/li>\n<li><strong><span style=\"color: #008080;\"><a style=\"color: #008080;\" href=\"https:\/\/www.teatroaberto.com\/\">Theater Aberto<\/a><\/span><\/strong><\/li>\n<\/ul>\n<\/div><\/div><\/div><\/section>\n<\/div><\/div><div class='flex_column av-14ynmg7-50fabc651c19ddb805b05314aa6cdeb1 av_one_half  avia-builder-el-9  el_after_av_one_half  avia-builder-el-last  flex_column_div column-top-margin'     ><style type=\"text\/css\" data-created_by=\"avia_inline_auto\" id=\"style-css-av-lcuqa73m-29baaaf366e8b08a200ea128bc5ae9aa\">\n.avia-image-container.av-lcuqa73m-29baaaf366e8b08a200ea128bc5ae9aa img.avia_image{\nbox-shadow:none;\n}\n.avia-image-container.av-lcuqa73m-29baaaf366e8b08a200ea128bc5ae9aa .av-image-caption-overlay-center{\ncolor:#ffffff;\n}\n<\/style>\n<div  class='avia-image-container av-lcuqa73m-29baaaf366e8b08a200ea128bc5ae9aa av-styling- avia-align-center  avia-builder-el-10  avia-builder-el-no-sibling '   itemprop=\"image\" itemscope=\"itemscope\" itemtype=\"https:\/\/schema.org\/ImageObject\" ><div class=\"avia-image-container-inner\"><div class=\"avia-image-overlay-wrap\"><img decoding=\"async\" class='wp-image-6257 avia-img-lazy-loading-not-6257 avia_image ' src=\"https:\/\/obi.media\/wp-content\/uploads\/2023\/01\/FCSH-Torre-B-Exterior-3-845x684.jpg\" alt='' title='FCSH - Torre B Exterior 3'  height=\"684\" width=\"845\"  itemprop=\"thumbnailUrl\" srcset=\"https:\/\/obi.media\/wp-content\/uploads\/2023\/01\/FCSH-Torre-B-Exterior-3-845x684.jpg 845w, https:\/\/obi.media\/wp-content\/uploads\/2023\/01\/FCSH-Torre-B-Exterior-3-495x400.jpg 495w\" sizes=\"(max-width: 845px) 100vw, 845px\" \/><\/div><\/div><\/div><\/div>\n\n<\/div><\/div><\/div><!-- close content main div --><\/div><\/div><div id='av_section_2'  class='avia-section av-lcuzj6j3-a835f6b1d14960e993fe9066b81ac45c alternate_color avia-section-default avia-no-border-styling  avia-builder-el-11  el_after_av_section  el_before_av_section  avia-bg-style-scroll container_wrap sidebar_right'  ><div class='container av-section-cont-open' ><div class='template-page content  av-content-small alpha units'><div class='post-entry post-entry-type-page post-entry-6435'><div class='entry-content-wrapper clearfix'>\n<section  class='av_textblock_section av-lcuxt6q8-6fe75e923722e7cbc23b1d23ec346a46'  itemscope=\"itemscope\" itemtype=\"https:\/\/schema.org\/CreativeWork\" ><div class='avia_textblock'  itemprop=\"text\" ><h2>Specific information about the conference and the proceedings<\/h2>\n<\/div><\/section>\n<div  class='hr av-3tuu5z-398e65f72b57a381dab1704808fe0750 hr-short  avia-builder-el-13  el_after_av_textblock  el_before_av_one_full  hr-left'><span class='hr-inner '><span class=\"hr-inner-style\"><\/span><\/span><\/div>\n<div class='flex_column av-11lyezb-19e0d0022514f1ee9aa7f76132020b25 av_one_full  avia-builder-el-14  el_after_av_hr  avia-builder-el-last  first flex_column_div '     ><div  class='togglecontainer av-lcuybowj-b4086831c0f822039e08ebabad38c859 av-minimal-toggle  avia-builder-el-15  avia-builder-el-no-sibling  toggle_close_all' >\n<section class='av_toggle_section av-lcuy3wbn-58e283ace2c75d7ee73615887fa7227a'  itemscope=\"itemscope\" itemprop=\"mainEntity\" itemtype=\"https:\/\/schema.org\/Question\" ><div role=\"tablist\" class=\"single_toggle\" data-tags=\"{All} \"  ><p data-fake-id='#toggle-id-7' class='toggler   '  itemprop=\"name\"  role='tab' tabindex='0' aria-controls='toggle-id-7'>Where do I check-in at INN 2023 when I arrive at NOVA FCSH (Campus Av. de Berna)?<span class=\"toggle_icon\"><span class=\"vert_icon\"><\/span><span class=\"hor_icon\"><\/span><\/span><\/p><div id='toggle-id-7' class='toggle_wrap  '   itemscope=\"itemscope\" itemprop=\"acceptedAnswer\" itemtype=\"https:\/\/schema.org\/Answer\" ><div class='toggle_content invers-color '  itemprop=\"text\" ><p><span style=\"color: #333333;\">When you arrive at NOVA FCSH, go to Tower B, ground floor. You will find the secretariat to check-in at the conference and receive your ID card (with a ribbon that will be very useful to you ;) and the rest of the conference support materials. The conference takes place on the third floor or the first floor, depending on the days.<\/span><\/p>\n<\/div><\/div><\/div><\/section>\n<section class='av_toggle_section av-lcuybfsp-6836eb51ce7f396a621172f2f57427c8'  itemscope=\"itemscope\" itemprop=\"mainEntity\" itemtype=\"https:\/\/schema.org\/Question\" ><div role=\"tablist\" class=\"single_toggle\" data-tags=\"{All} \"  ><p data-fake-id='#toggle-id-8' class='toggler   '  itemprop=\"name\"  role='tab' tabindex='0' aria-controls='toggle-id-8'>Where can I access the program and follow all the news about the conference?<span class=\"toggle_icon\"><span class=\"vert_icon\"><\/span><span class=\"hor_icon\"><\/span><\/span><\/p><div id='toggle-id-8' class='toggle_wrap  '   itemscope=\"itemscope\" itemprop=\"acceptedAnswer\" itemtype=\"https:\/\/schema.org\/Answer\" ><div class='toggle_content invers-color '  itemprop=\"text\" ><p>The final program will be available as of January 16. During INN 2023, you can follow all the coverage through Obi.media&#8217;s special daily newsletter (if you haven&#8217;t signed up yet, subscribe <span style=\"color: #008080;\"><strong><a style=\"color: #008080;\" href=\"https:\/\/obi.media\/en\/newsletter-subscription\/\">here<\/a><\/strong><\/span>), and Obi.media&#8217;s social networks (<strong><span style=\"color: #008080;\"><a style=\"color: #008080;\" href=\"https:\/\/twitter.com\/ObiMedia\">here<\/a><\/span><\/strong>, <strong><span style=\"color: #008080;\"><a style=\"color: #008080;\" href=\"https:\/\/www.facebook.com\/ObiMedia.NOVAFCSH\">here<\/a><\/span><\/strong> e <span style=\"color: #008080;\"><strong><a style=\"color: #008080;\" href=\"https:\/\/www.instagram.com\/obi.media\/\">here<\/a><\/strong><\/span>) and ICNOVA (<strong><span style=\"color: #008080;\"><a style=\"color: #008080;\" href=\"https:\/\/www.facebook.com\/icnovafcsh\">here<\/a><\/span><\/strong> e <strong><span style=\"color: #008080;\"><a style=\"color: #008080;\" href=\"https:\/\/www.instagram.com\/icnova_fcsh\/?hl=en\">here<\/a><\/span><\/strong>).<\/p>\n<\/div><\/div><\/div><\/section>\n<section class='av_toggle_section av-lcuy4xcd-9a822c5f96d2541ab8e23d1b9b090bca'  itemscope=\"itemscope\" itemprop=\"mainEntity\" itemtype=\"https:\/\/schema.org\/Question\" ><div role=\"tablist\" class=\"single_toggle\" data-tags=\"{All} \"  ><p data-fake-id='#toggle-id-9' class='toggler   '  itemprop=\"name\"  role='tab' tabindex='0' aria-controls='toggle-id-9'>How can I access all the abstracts of the papers?<span class=\"toggle_icon\"><span class=\"vert_icon\"><\/span><span class=\"hor_icon\"><\/span><\/span><\/p><div id='toggle-id-9' class='toggle_wrap  '   itemscope=\"itemscope\" itemprop=\"acceptedAnswer\" itemtype=\"https:\/\/schema.org\/Answer\" ><div class='toggle_content invers-color '  itemprop=\"text\" ><p><span style=\"color: #333333;\">Abstracts of the papers will be available until January 28 here on the website.<\/span><\/p>\n<\/div><\/div><\/div><\/section>\n<section class='av_toggle_section av-lcuy7pdw-e119d39f99c6da4e4d05d057712c9a31'  itemscope=\"itemscope\" itemprop=\"mainEntity\" itemtype=\"https:\/\/schema.org\/Question\" ><div role=\"tablist\" class=\"single_toggle\" data-tags=\"{All} \"  ><p data-fake-id='#toggle-id-10' class='toggler   '  itemprop=\"name\"  role='tab' tabindex='0' aria-controls='toggle-id-10'>How can I access the certificate?<span class=\"toggle_icon\"><span class=\"vert_icon\"><\/span><span class=\"hor_icon\"><\/span><\/span><\/p><div id='toggle-id-10' class='toggle_wrap  '   itemscope=\"itemscope\" itemprop=\"acceptedAnswer\" itemtype=\"https:\/\/schema.org\/Answer\" ><div class='toggle_content invers-color '  itemprop=\"text\" ><p><span style=\"color: #333333;\">All speakers receive a certificate of attendance. Lecturers with papers and artists with residencies receive a certificate of participation. Certificates will be sent within 5 days of INN 2023 to the email address entered on the registration form.<\/span><\/p>\n<\/div><\/div><\/div><\/section>\n<section class='av_toggle_section av-lcuybfsp-26-7f6c797efe3be2e3aae9cbed6b34ee1c'  itemscope=\"itemscope\" itemprop=\"mainEntity\" itemtype=\"https:\/\/schema.org\/Question\" ><div role=\"tablist\" class=\"single_toggle\" data-tags=\"{All} \"  ><p data-fake-id='#toggle-id-11' class='toggler   '  itemprop=\"name\"  role='tab' tabindex='0' aria-controls='toggle-id-11'>I would like to publish my final paper in the journals associated with INN 2023. How can I do it?<span class=\"toggle_icon\"><span class=\"vert_icon\"><\/span><span class=\"hor_icon\"><\/span><\/span><\/p><div id='toggle-id-11' class='toggle_wrap  '   itemscope=\"itemscope\" itemprop=\"acceptedAnswer\" itemtype=\"https:\/\/schema.org\/Answer\" ><div class='toggle_content invers-color '  itemprop=\"text\" ><p><span style=\"color: #333333;\">The magazine <a style=\"color: #333333;\" href=\"https:\/\/impactum-journals.uc.pt\/mj\"><span style=\"color: #008080;\"><strong>Media &#038; Journalism<\/strong><\/span><\/a> will host a limited selection of the best papers subject to a prior peer review process; the <strong><span style=\"color: #008080;\"><a style=\"color: #008080;\" href=\"https:\/\/rcl.fcsh.unl.pt\/index.php\/rcl\">Journal of Communication and Languages<\/a><\/span><\/strong> will edit a thematic issue dedicated to media innovation in artistic and cultural contexts, to be published in 2024, with a selection of the best articles subject to a peer-review process. Both are indexed in Scopus.<\/span><\/p>\n<p><span style=\"color: #333333;\">Information about publication standards and dates will be published in due course.<\/span><\/p>\n<\/div><\/div><\/div><\/section>\n<section class='av_toggle_section av-lcuybfsp-26-1-b33b5680e7d451c0a9b062800616ef53'  itemscope=\"itemscope\" itemprop=\"mainEntity\" itemtype=\"https:\/\/schema.org\/Question\" ><div role=\"tablist\" class=\"single_toggle\" data-tags=\"{All} \"  ><p data-fake-id='#toggle-id-12' class='toggler   '  itemprop=\"name\"  role='tab' tabindex='0' aria-controls='toggle-id-12'>I need to contact the Organization of INN 2023. How do I do it?<span class=\"toggle_icon\"><span class=\"vert_icon\"><\/span><span class=\"hor_icon\"><\/span><\/span><\/p><div id='toggle-id-12' class='toggle_wrap  '   itemscope=\"itemscope\" itemprop=\"acceptedAnswer\" itemtype=\"https:\/\/schema.org\/Answer\" ><div class='toggle_content invers-color '  itemprop=\"text\" ><p><span style=\"color: #333333;\">You can send us an e-mail to<\/span> <span style=\"color: #008080;\"><strong>obimedia@obi.media<\/strong><\/span><\/p>\n<\/div><\/div><\/div><\/section>\n<\/div><\/div>\n\n<\/div><\/div><\/div><!-- close content main div --><\/div><\/div><div id='av_section_3'  class='avia-section av-zlpofr-e0a7403a49c0c630c90879aa7c29b71a main_color avia-section-default avia-no-border-styling  avia-builder-el-16  el_after_av_section  el_before_av_section  avia-bg-style-scroll container_wrap sidebar_right'  ><div class='container av-section-cont-open' ><div class='template-page content  av-content-small alpha units'><div class='post-entry post-entry-type-page post-entry-6435'><div class='entry-content-wrapper clearfix'>\n<section  class='av_textblock_section av-xfbynb-f12f5517bb741ce43a1bafba406a2cbb'  itemscope=\"itemscope\" itemtype=\"https:\/\/schema.org\/CreativeWork\" ><div class='avia_textblock'  itemprop=\"text\" ><h2>Specific information for speakers with papers<\/h2>\n<\/div><\/section>\n<div  class='hr av-vtr4qf-d101e7eda77ec95ffe9023e3b47f2b82 hr-short  avia-builder-el-18  el_after_av_textblock  el_before_av_one_full  hr-left'><span class='hr-inner '><span class=\"hr-inner-style\"><\/span><\/span><\/div>\n<div class='flex_column av-ueeht3-37b6a6ea08dce0cabbc1e4c3a3275ea8 av_one_full  avia-builder-el-19  el_after_av_hr  avia-builder-el-last  first flex_column_div '     ><div  class='togglecontainer av-tr8axz-394c48979f3375bef39ae2f22a4d7e2c av-minimal-toggle  avia-builder-el-20  avia-builder-el-no-sibling  toggle_close_all' >\n<section class='av_toggle_section av-rok493-135e1bc3eb28fbf6e02f4eed6313e764'  itemscope=\"itemscope\" itemprop=\"mainEntity\" itemtype=\"https:\/\/schema.org\/Question\" ><div role=\"tablist\" class=\"single_toggle\" data-tags=\"{All} \"  ><p data-fake-id='#toggle-id-13' class='toggler   '  itemprop=\"name\"  role='tab' tabindex='0' aria-controls='toggle-id-13'>How much time do I have for my communication?<span class=\"toggle_icon\"><span class=\"vert_icon\"><\/span><span class=\"hor_icon\"><\/span><\/span><\/p><div id='toggle-id-13' class='toggle_wrap  '   itemscope=\"itemscope\" itemprop=\"acceptedAnswer\" itemtype=\"https:\/\/schema.org\/Answer\" ><div class='toggle_content invers-color '  itemprop=\"text\" ><p><span style=\"color: #333333;\">Each speaker has up to 15 minutes to make his or her presentation. Sessions with paper presentations last 1h30 minutes and include an average of five presentations, followed by 15 minutes for questions and discussion. <\/span><\/p>\n<\/div><\/div><\/div><\/section>\n<section class='av_toggle_section av-q0qhdz-5bcd9023560330cd6135a0290771acf5'  itemscope=\"itemscope\" itemprop=\"mainEntity\" itemtype=\"https:\/\/schema.org\/Question\" ><div role=\"tablist\" class=\"single_toggle\" data-tags=\"{All} \"  ><p data-fake-id='#toggle-id-14' class='toggler   '  itemprop=\"name\"  role='tab' tabindex='0' aria-controls='toggle-id-14'>Is there a template for the presentations? <span class=\"toggle_icon\"><span class=\"vert_icon\"><\/span><span class=\"hor_icon\"><\/span><\/span><\/p><div id='toggle-id-14' class='toggle_wrap  '   itemscope=\"itemscope\" itemprop=\"acceptedAnswer\" itemtype=\"https:\/\/schema.org\/Answer\" ><div class='toggle_content invers-color '  itemprop=\"text\" ><p><span style=\"color: #333333;\">Yes. You can <a href=\"https:\/\/obi.media\/wp-content\/uploads\/2023\/01\/Template_Comunicacoes_INN2023.zip\"><span style=\"color: #008080;\"><strong>download here<\/strong><\/span><\/a> of the template available to create your communication support presentation. If you cannot download the zip file, ask us by e-mail (obimedia@obi.media) for the template in the desired format (.pptx or pdf).<\/span><\/p>\n<\/div><\/div><\/div><\/section>\n<section class='av_toggle_section av-olrzpz-4d4701b95a2cb60292a67704e2fb0625'  itemscope=\"itemscope\" itemprop=\"mainEntity\" itemtype=\"https:\/\/schema.org\/Question\" ><div role=\"tablist\" class=\"single_toggle\" data-tags=\"{All} \"  ><p data-fake-id='#toggle-id-15' class='toggler   '  itemprop=\"name\"  role='tab' tabindex='0' aria-controls='toggle-id-15'>Do I have to send my presentation in advance?<span class=\"toggle_icon\"><span class=\"vert_icon\"><\/span><span class=\"hor_icon\"><\/span><\/span><\/p><div id='toggle-id-15' class='toggle_wrap  '   itemscope=\"itemscope\" itemprop=\"acceptedAnswer\" itemtype=\"https:\/\/schema.org\/Answer\" ><div class='toggle_content invers-color '  itemprop=\"text\" ><p><span style=\"color: #333333;\">It is desirable that you do this because this way we test the presentation and check that everything is okay in the 48 hours before the Congress starts. You can send your presentation to obimedia@obi.media, mentioning the title and author&#8217;s name(s), <strong>until January 28th<\/strong>. If you are unable to do so, you must be present at the respective communication session 5 minutes before the start and hand in your communication to the moderator or volunteer who is providing support.<\/span><\/p>\n<\/div><\/div><\/div><\/section>\n<section class='av_toggle_section av-mxb7iv-3fef16d5305ea04042d642e6030c2406'  itemscope=\"itemscope\" itemprop=\"mainEntity\" itemtype=\"https:\/\/schema.org\/Question\" ><div role=\"tablist\" class=\"single_toggle\" data-tags=\"{All} \"  ><p data-fake-id='#toggle-id-16' class='toggler   '  itemprop=\"name\"  role='tab' tabindex='0' aria-controls='toggle-id-16'>In what format should my presentation be?<span class=\"toggle_icon\"><span class=\"vert_icon\"><\/span><span class=\"hor_icon\"><\/span><\/span><\/p><div id='toggle-id-16' class='toggle_wrap  '   itemscope=\"itemscope\" itemprop=\"acceptedAnswer\" itemtype=\"https:\/\/schema.org\/Answer\" ><div class='toggle_content invers-color '  itemprop=\"text\" ><p><span style=\"color: #333333;\">It can be in any format that protects the source used, such as pdf (or online). It is not recommended that you save the file as .ppt or .pptx because it may become unformatted when displayed on the computer in the room. <\/span><\/p>\n<\/div><\/div><\/div><\/section>\n<section class='av_toggle_section av-227llj-534e726cbf7d16cc035b13fa49405b3f'  itemscope=\"itemscope\" itemprop=\"mainEntity\" itemtype=\"https:\/\/schema.org\/Question\" ><div role=\"tablist\" class=\"single_toggle\" data-tags=\"{All} \"  ><p data-fake-id='#toggle-id-17' class='toggler   '  itemprop=\"name\"  role='tab' tabindex='0' aria-controls='toggle-id-17'>Can I present my paper from my computer?<span class=\"toggle_icon\"><span class=\"vert_icon\"><\/span><span class=\"hor_icon\"><\/span><\/span><\/p><div id='toggle-id-17' class='toggle_wrap  '   itemscope=\"itemscope\" itemprop=\"acceptedAnswer\" itemtype=\"https:\/\/schema.org\/Answer\" ><div class='toggle_content invers-color '  itemprop=\"text\" ><p><span style=\"color: #333333;\">Each room has a computer already set up with all the presentations sent in advance and tested, with access to the projector. It is not recommended that you use your own computer for logistical reasons. <\/span><\/p>\n<\/div><\/div><\/div><\/section>\n<\/div><\/div>\n\n<\/div><\/div><\/div><!-- close content main div --><\/div><\/div><div id='av_section_4'  class='avia-section av-lcuzjfs9-790bf2c3fd34ce74a3084dc89ea5414d alternate_color avia-section-default avia-no-border-styling  avia-builder-el-21  el_after_av_section  el_before_av_section  avia-bg-style-scroll container_wrap sidebar_right'  ><div class='container av-section-cont-open' ><div class='template-page content  av-content-small alpha units'><div class='post-entry post-entry-type-page post-entry-6435'><div class='entry-content-wrapper clearfix'>\n<section  class='av_textblock_section av-lcuwlc7o-0697c41a02671f16dee4af9cd70ead8d'  itemscope=\"itemscope\" itemtype=\"https:\/\/schema.org\/CreativeWork\" ><div class='avia_textblock'  itemprop=\"text\" ><h2>Specific information for lecturers with video communications<\/h2>\n<\/div><\/section>\n<div  class='hr av-ijrwuv-14fadab8838f7919ea8fe45abc5453fe hr-short  avia-builder-el-23  el_after_av_textblock  el_before_av_one_full  hr-left'><span class='hr-inner '><span class=\"hr-inner-style\"><\/span><\/span><\/div>\n<div class='flex_column av-h1c90n-c9533ca55ce28286380afabd8bf44938 av_one_full  avia-builder-el-24  el_after_av_hr  avia-builder-el-last  first flex_column_div '     ><div  class='togglecontainer av-lcuwpel0-8dd88dec6a245e66bfcc7dd3f0a6fd57 av-minimal-toggle  avia-builder-el-25  avia-builder-el-no-sibling  toggle_close_all' >\n<section class='av_toggle_section av-lcuwpd44-582e9e88704169007b635c5435fbe925'  itemscope=\"itemscope\" itemprop=\"mainEntity\" itemtype=\"https:\/\/schema.org\/Question\" ><div role=\"tablist\" class=\"single_toggle\" data-tags=\"{All} \"  ><p data-fake-id='#toggle-id-18' class='toggler   '  itemprop=\"name\"  role='tab' tabindex='0' aria-controls='toggle-id-18'>How late and in what formats should I send the video of my communication?<span class=\"toggle_icon\"><span class=\"vert_icon\"><\/span><span class=\"hor_icon\"><\/span><\/span><\/p><div id='toggle-id-18' class='toggle_wrap  '   itemscope=\"itemscope\" itemprop=\"acceptedAnswer\" itemtype=\"https:\/\/schema.org\/Answer\" ><div class='toggle_content invers-color '  itemprop=\"text\" ><p><span style=\"color: #333333;\">You must submit the video of your paper in .mp4 format by January 28, 2023. All speakers with video communications were sent a template and the INN 2023 logo (for optional use).<\/span><\/p>\n<\/div><\/div><\/div><\/section>\n<section class='av_toggle_section av-lcuwt4o9-095c10eb085bf0904a2473db4fa53482'  itemscope=\"itemscope\" itemprop=\"mainEntity\" itemtype=\"https:\/\/schema.org\/Question\" ><div role=\"tablist\" class=\"single_toggle\" data-tags=\"{All} \"  ><p data-fake-id='#toggle-id-19' class='toggler   '  itemprop=\"name\"  role='tab' tabindex='0' aria-controls='toggle-id-19'>How long can my video be?<span class=\"toggle_icon\"><span class=\"vert_icon\"><\/span><span class=\"hor_icon\"><\/span><\/span><\/p><div id='toggle-id-19' class='toggle_wrap  '   itemscope=\"itemscope\" itemprop=\"acceptedAnswer\" itemtype=\"https:\/\/schema.org\/Answer\" ><div class='toggle_content invers-color '  itemprop=\"text\" ><p><span style=\"color: #333333;\">The maximum time is similar to that of communications: 15 minutes. <\/span><\/p>\n<\/div><\/div><\/div><\/section>\n<section class='av_toggle_section av-lcuwvexh-721dec19dfd0660483625f59c6d23b12'  itemscope=\"itemscope\" itemprop=\"mainEntity\" itemtype=\"https:\/\/schema.org\/Question\" ><div role=\"tablist\" class=\"single_toggle\" data-tags=\"{All} \"  ><p data-fake-id='#toggle-id-20' class='toggler   '  itemprop=\"name\"  role='tab' tabindex='0' aria-controls='toggle-id-20'>How will my video be made available on INN 2023? <span class=\"toggle_icon\"><span class=\"vert_icon\"><\/span><span class=\"hor_icon\"><\/span><\/span><\/p><div id='toggle-id-20' class='toggle_wrap  '   itemscope=\"itemscope\" itemprop=\"acceptedAnswer\" itemtype=\"https:\/\/schema.org\/Answer\" ><div class='toggle_content invers-color '  itemprop=\"text\" ><p><span style=\"color: #333333;\">The video with your communication will be available on the event&#8217;s website under &#8220;video communications&#8221;.<\/span><\/p>\n<\/div><\/div><\/div><\/section>\n<section class='av_toggle_section av-lcux3xm3-3320f62609a5d32576caaf7bb7832a2b'  itemscope=\"itemscope\" itemprop=\"mainEntity\" itemtype=\"https:\/\/schema.org\/Question\" ><div role=\"tablist\" class=\"single_toggle\" data-tags=\"{All} \"  ><p data-fake-id='#toggle-id-21' class='toggler   '  itemprop=\"name\"  role='tab' tabindex='0' aria-controls='toggle-id-21'>Is my video communication part of the communications programme?<span class=\"toggle_icon\"><span class=\"vert_icon\"><\/span><span class=\"hor_icon\"><\/span><\/span><\/p><div id='toggle-id-21' class='toggle_wrap  '   itemscope=\"itemscope\" itemprop=\"acceptedAnswer\" itemtype=\"https:\/\/schema.org\/Answer\" ><div class='toggle_content invers-color '  itemprop=\"text\" ><p><span style=\"color: #333333;\">All video communications are part of the communications programme and are included in a session. However, the video communication is only exhibited in the session itself if the author(s) guarantee(s) to be present via zoom in the session to be able to answer eventual questions from the audience in the period dedicated to the debate of the communications. Otherwise, the moderator only mentions the video communication, the authors, and the page where it is available and where the public can ask questions. <\/span><\/p>\n<\/div><\/div><\/div><\/section>\n<section class='av_toggle_section av-lcux6oe1-32ee36b46b4324dd82e5ec7fad875608'  itemscope=\"itemscope\" itemprop=\"mainEntity\" itemtype=\"https:\/\/schema.org\/Question\" ><div role=\"tablist\" class=\"single_toggle\" data-tags=\"{All} \"  ><p data-fake-id='#toggle-id-22' class='toggler   '  itemprop=\"name\"  role='tab' tabindex='0' aria-controls='toggle-id-22'>How can I interact with the INN 2023 audience within my video communication?<span class=\"toggle_icon\"><span class=\"vert_icon\"><\/span><span class=\"hor_icon\"><\/span><\/span><\/p><div id='toggle-id-22' class='toggle_wrap  '   itemscope=\"itemscope\" itemprop=\"acceptedAnswer\" itemtype=\"https:\/\/schema.org\/Answer\" ><div class='toggle_content invers-color '  itemprop=\"text\" ><p><span style=\"color: #333333;\">There are two options: either via zoom (see question above) or during the event, on the page where the video communications will be made available. Any participant in INN 2023 can ask questions or leave comments. <\/span><\/p>\n<\/div><\/div><\/div><\/section>\n<\/div><\/div>\n\n<\/div><\/div><\/div><!-- close content main div --><\/div><\/div><div id='av_section_5'  class='avia-section av-g1s11z-c7d57460f131a3fddb8bea6eac47dd78 main_color avia-section-default avia-no-border-styling  avia-builder-el-26  el_after_av_section  el_before_av_section  avia-bg-style-scroll container_wrap sidebar_right'  ><div class='container av-section-cont-open' ><div class='template-page content  av-content-small alpha units'><div class='post-entry post-entry-type-page post-entry-6435'><div class='entry-content-wrapper clearfix'>\n<section  class='av_textblock_section av-lcux9yoy-969cc5d99291634c6cabadcf0c5b9f9d'  itemscope=\"itemscope\" itemtype=\"https:\/\/schema.org\/CreativeWork\" ><div class='avia_textblock'  itemprop=\"text\" ><h2>Specific information for artists with artistic residencies<\/h2>\n<\/div><\/section>\n<div  class='hr av-e3cg6v-5471f9304863c2a89accc10c0959f528 hr-short  avia-builder-el-28  el_after_av_textblock  el_before_av_one_full  hr-left'><span class='hr-inner '><span class=\"hr-inner-style\"><\/span><\/span><\/div>\n<div class='flex_column av-c2s4zb-a2f169bbb4d6adfefb79d78c9e3f6ad4 av_one_full  avia-builder-el-29  el_after_av_hr  avia-builder-el-last  first flex_column_div '     ><div  class='togglecontainer av-lcuxl5vx-d09b351007542990582818a528083279 av-minimal-toggle  avia-builder-el-30  avia-builder-el-no-sibling  toggle_close_all' >\n<section class='av_toggle_section av-lcuxf2du-57343244ee89ae0c640bbdb6ef5066c4'  itemscope=\"itemscope\" itemprop=\"mainEntity\" itemtype=\"https:\/\/schema.org\/Question\" ><div role=\"tablist\" class=\"single_toggle\" data-tags=\"{All} \"  ><p data-fake-id='#toggle-id-23' class='toggler   '  itemprop=\"name\"  role='tab' tabindex='0' aria-controls='toggle-id-23'>Where will my artistic and research residency be?<span class=\"toggle_icon\"><span class=\"vert_icon\"><\/span><span class=\"hor_icon\"><\/span><\/span><\/p><div id='toggle-id-23' class='toggle_wrap  '   itemscope=\"itemscope\" itemprop=\"acceptedAnswer\" itemtype=\"https:\/\/schema.org\/Answer\" ><div class='toggle_content invers-color '  itemprop=\"text\" ><p><span style=\"color: #333333;\">Artist residencies that require a physical location will be concentrated in the spaces on the third floor of Tower B, where auditorium B2 and several conference host rooms are located. <\/span><\/p>\n<\/div><\/div><\/div><\/section>\n<section class='av_toggle_section av-lcuxhp7m-15be8c35b25c5cda9795933d4accc18e'  itemscope=\"itemscope\" itemprop=\"mainEntity\" itemtype=\"https:\/\/schema.org\/Question\" ><div role=\"tablist\" class=\"single_toggle\" data-tags=\"{All} \"  ><p data-fake-id='#toggle-id-24' class='toggler   '  itemprop=\"name\"  role='tab' tabindex='0' aria-controls='toggle-id-24'>Will my artist residency be part of INN 2023\u2019s programme?<span class=\"toggle_icon\"><span class=\"vert_icon\"><\/span><span class=\"hor_icon\"><\/span><\/span><\/p><div id='toggle-id-24' class='toggle_wrap  '   itemscope=\"itemscope\" itemprop=\"acceptedAnswer\" itemtype=\"https:\/\/schema.org\/Answer\" ><div class='toggle_content invers-color '  itemprop=\"text\" ><p><span style=\"color: #333333;\">Of course. On all days of the conference there are home visits, with presentation sessions, and they will be widely publicized throughout the event. There will also be short videos of each residency that will be made available on the event&#8217;s website.<\/span><\/p>\n<\/div><\/div><\/div><\/section>\n<section class='av_toggle_section av-lcuxl23b-5a113176144dab11b1aecdd1c618ae5f'  itemscope=\"itemscope\" itemprop=\"mainEntity\" itemtype=\"https:\/\/schema.org\/Question\" ><div role=\"tablist\" class=\"single_toggle\" data-tags=\"{All} \"  ><p data-fake-id='#toggle-id-25' class='toggler   '  itemprop=\"name\"  role='tab' tabindex='0' aria-controls='toggle-id-25'>Does the event guarantee the security of all the materials and equipment in my residence?<span class=\"toggle_icon\"><span class=\"vert_icon\"><\/span><span class=\"hor_icon\"><\/span><\/span><\/p><div id='toggle-id-25' class='toggle_wrap  '   itemscope=\"itemscope\" itemprop=\"acceptedAnswer\" itemtype=\"https:\/\/schema.org\/Answer\" ><div class='toggle_content invers-color '  itemprop=\"text\" ><p><span style=\"color: #333333;\">Unfortunately, we cannot provide insurance for equipment. Artists should have insurance for their own equipment and remove at the end of each day equipment that may have financial value. <\/span><\/p>\n<\/div><\/div><\/div><\/section>\n<\/div><\/div>\n\n<\/div><\/div><\/div><!-- close content main div --><\/div><\/div><div id='av_section_6'  class='avia-section av-lcuzjlq7-eada0f2570c8b60a836ef080d41c6c7c alternate_color avia-section-default avia-no-border-styling  avia-builder-el-31  el_after_av_section  el_before_av_section  avia-bg-style-scroll container_wrap sidebar_right'  ><div class='container av-section-cont-open' ><div class='template-page content  av-content-small alpha units'><div class='post-entry post-entry-type-page post-entry-6435'><div class='entry-content-wrapper clearfix'>\n<section  class='av_textblock_section av-lcuyqhg5-d47742dba9ce411e9b11a49e3f045b77'  itemscope=\"itemscope\" itemtype=\"https:\/\/schema.org\/CreativeWork\" ><div class='avia_textblock'  itemprop=\"text\" ><h2>Specific information for applicants to the INN 2023 Awards<\/h2>\n<\/div><\/section>\n<div  class='hr av-9dkp1j-f7d60c0ef6acc369858d47b39310cff8 hr-short  avia-builder-el-33  el_after_av_textblock  el_before_av_one_full  hr-left'><span class='hr-inner '><span class=\"hr-inner-style\"><\/span><\/span><\/div>\n<div class='flex_column av-7zqhzr-0076b878357e62cd483448681bb3447f av_one_full  avia-builder-el-34  el_after_av_hr  avia-builder-el-last  first flex_column_div '     ><div  class='togglecontainer av-lcuzf9qt-37cbeb4f1bbb999e2e039866b9c069a1 av-minimal-toggle  avia-builder-el-35  avia-builder-el-no-sibling  toggle_close_all' >\n<section class='av_toggle_section av-lcuz5h5w-494ca1b7f7f45313ea71fb7a3ab7fe1a'  itemscope=\"itemscope\" itemprop=\"mainEntity\" itemtype=\"https:\/\/schema.org\/Question\" ><div role=\"tablist\" class=\"single_toggle\" data-tags=\"{All} \"  ><p data-fake-id='#toggle-id-26' class='toggler   '  itemprop=\"name\"  role='tab' tabindex='0' aria-controls='toggle-id-26'>Who is the jury for the INN 2023 Awards?<span class=\"toggle_icon\"><span class=\"vert_icon\"><\/span><span class=\"hor_icon\"><\/span><\/span><\/p><div id='toggle-id-26' class='toggle_wrap  '   itemscope=\"itemscope\" itemprop=\"acceptedAnswer\" itemtype=\"https:\/\/schema.org\/Answer\" ><div class='toggle_content invers-color '  itemprop=\"text\" ><p><span style=\"color: #333333;\">The jury of the INN 2023 Awards is composed of six elements: Ant\u00f3nio Granado, Dora Santos Silva, Miguel Crespo, Ricardo Morais, Vera Moutinho and Vera Pen\u00eada.<\/span><\/p>\n<\/div><\/div><\/div><\/section>\n<section class='av_toggle_section av-lcuzb9v7-df7b7f4f2d6402ab56497b6e1a24eebb'  itemscope=\"itemscope\" itemprop=\"mainEntity\" itemtype=\"https:\/\/schema.org\/Question\" ><div role=\"tablist\" class=\"single_toggle\" data-tags=\"{All} \"  ><p data-fake-id='#toggle-id-27' class='toggler   '  itemprop=\"name\"  role='tab' tabindex='0' aria-controls='toggle-id-27'>When will the winners be notified?<span class=\"toggle_icon\"><span class=\"vert_icon\"><\/span><span class=\"hor_icon\"><\/span><\/span><\/p><div id='toggle-id-27' class='toggle_wrap  '   itemscope=\"itemscope\" itemprop=\"acceptedAnswer\" itemtype=\"https:\/\/schema.org\/Answer\" ><div class='toggle_content invers-color '  itemprop=\"text\" ><p><span style=\"color: #333333;\">Winners are notified by January 27; however, all applicants will receive a notification.<\/span><\/p>\n<\/div><\/div><\/div><\/section>\n<section class='av_toggle_section av-lcuzf18d-8840dc122625869c44174d88819726c2'  itemscope=\"itemscope\" itemprop=\"mainEntity\" itemtype=\"https:\/\/schema.org\/Question\" ><div role=\"tablist\" class=\"single_toggle\" data-tags=\"{All} \"  ><p data-fake-id='#toggle-id-28' class='toggler   '  itemprop=\"name\"  role='tab' tabindex='0' aria-controls='toggle-id-28'>When are the INN 2023 Awards presented?<span class=\"toggle_icon\"><span class=\"vert_icon\"><\/span><span class=\"hor_icon\"><\/span><\/span><\/p><div id='toggle-id-28' class='toggle_wrap  '   itemscope=\"itemscope\" itemprop=\"acceptedAnswer\" itemtype=\"https:\/\/schema.org\/Answer\" ><div class='toggle_content invers-color '  itemprop=\"text\" ><p><span style=\"color: #333333;\">The INN 2023 Awards will be delivered in a ceremony starting at 6:30pm on February 2nd, at the B1 auditorium of\u00a0 NOVA University of Lisbon (Av. de Berna Campus). All the candidates, in addition to the winners, are invited to the welcome cocktail and the ceremony, which is open to the public.<\/span><\/p>\n<\/div><\/div><\/div><\/section>\n<\/div><\/div>\n\n<\/div><\/div><\/div><!-- close content main div --><\/div><\/div><div id='av_section_7'  class='avia-section av-69yzp3-4f7390a87c32200374db8c1aa88ef738 main_color avia-section-default avia-no-border-styling  avia-builder-el-36  el_after_av_section  avia-builder-el-last  avia-bg-style-scroll container_wrap sidebar_right'  ><div class='container av-section-cont-open' ><div class='template-page content  av-content-small alpha units'><div class='post-entry post-entry-type-page post-entry-6435'><div class='entry-content-wrapper clearfix'>\n<section  class='av_textblock_section av-lcuzfy9z-37531f020533d9c4c21d62384df4e703'  itemscope=\"itemscope\" itemtype=\"https:\/\/schema.org\/CreativeWork\" ><div class='avia_textblock'  itemprop=\"text\" ><h2>Important Dates<\/h2>\n<\/div><\/section>\n<div  class='hr av-g4jtj-e1356e523dac4d2ed691d8297fc4db64 hr-short  avia-builder-el-38  el_after_av_textblock  el_before_av_one_full  hr-left'><span class='hr-inner '><span class=\"hr-inner-style\"><\/span><\/span><\/div>\n<div class='flex_column av-3a4bgn-6b6eee92659c434bc216daa2d287045e av_one_full  avia-builder-el-39  el_after_av_hr  avia-builder-el-last  first flex_column_div '     ><div  class='togglecontainer av-lbp44act-207f1e0d475b10de374a909599638b14 av-minimal-toggle  avia-builder-el-40  avia-builder-el-no-sibling  toggle_close_all' >\n<section class='av_toggle_section av-lbp3wwhn-55e2e46421ffa914f735e4386af67c63'  itemscope=\"itemscope\" itemprop=\"mainEntity\" itemtype=\"https:\/\/schema.org\/Question\" ><div role=\"tablist\" class=\"single_toggle\" data-tags=\"{All} \"  ><p data-fake-id='#toggle-id-29' class='toggler   '  itemprop=\"name\"  role='tab' tabindex='0' aria-controls='toggle-id-29'>Until when are the calls for proposals open?<span class=\"toggle_icon\"><span class=\"vert_icon\"><\/span><span class=\"hor_icon\"><\/span><\/span><\/p><div id='toggle-id-29' class='toggle_wrap  '   itemscope=\"itemscope\" itemprop=\"acceptedAnswer\" itemtype=\"https:\/\/schema.org\/Answer\" ><div class='toggle_content invers-color '  itemprop=\"text\" ><p><strong>December 20, 2022 (closed)<\/strong><\/p>\n<\/div><\/div><\/div><\/section>\n<section class='av_toggle_section av-lbp4313t-becb3fc8fc90e4e4080e8e853efc4cb9'  itemscope=\"itemscope\" itemprop=\"mainEntity\" itemtype=\"https:\/\/schema.org\/Question\" ><div role=\"tablist\" class=\"single_toggle\" data-tags=\"{All} \"  ><p data-fake-id='#toggle-id-30' class='toggler   '  itemprop=\"name\"  role='tab' tabindex='0' aria-controls='toggle-id-30'>When are decisions regarding proposals sent out?<span class=\"toggle_icon\"><span class=\"vert_icon\"><\/span><span class=\"hor_icon\"><\/span><\/span><\/p><div id='toggle-id-30' class='toggle_wrap  '   itemscope=\"itemscope\" itemprop=\"acceptedAnswer\" itemtype=\"https:\/\/schema.org\/Answer\" ><div class='toggle_content invers-color '  itemprop=\"text\" ><p><span style=\"color: #333333;\">Lecturers will be notified of decisions regarding their proposals by January 3, 2023 (closed).<\/span><\/p>\n<\/div><\/div><\/div><\/section>\n<section class='av_toggle_section av-lbp445jc-4b063597f872c62d082f7e1e17bb723a'  itemscope=\"itemscope\" itemprop=\"mainEntity\" itemtype=\"https:\/\/schema.org\/Question\" ><div role=\"tablist\" class=\"single_toggle\" data-tags=\"{All} \"  ><p data-fake-id='#toggle-id-31' class='toggler   '  itemprop=\"name\"  role='tab' tabindex='0' aria-controls='toggle-id-31'>What is the deadline for applying to INN 2023?<span class=\"toggle_icon\"><span class=\"vert_icon\"><\/span><span class=\"hor_icon\"><\/span><\/span><\/p><div id='toggle-id-31' class='toggle_wrap  '   itemscope=\"itemscope\" itemprop=\"acceptedAnswer\" itemtype=\"https:\/\/schema.org\/Answer\" ><div class='toggle_content invers-color '  itemprop=\"text\" ><p><span style=\"color: #333333;\">The deadline is January 20, 2023.<\/span><\/p>\n<\/div><\/div><\/div><\/section>\n<\/div><\/div>\n<\/div><\/div><\/div><!-- close content main div --><\/div><\/div><div id='after_section_7'  class='main_color av_default_container_wrap container_wrap sidebar_right'  ><div class='container av-section-cont-open' ><div class='template-page content  av-content-small alpha units'><div class='post-entry post-entry-type-page post-entry-6435'><div class='entry-content-wrapper clearfix'>\n","protected":false},"excerpt":{"rendered":"","protected":false},"author":1,"featured_media":0,"parent":5464,"menu_order":0,"comment_status":"closed","ping_status":"closed","template":"","meta":{"om_disable_all_campaigns":false,"_monsterinsights_skip_tracking":false,"_monsterinsights_sitenote_active":false,"_monsterinsights_sitenote_note":"","_monsterinsights_sitenote_category":0,"footnotes":""},"class_list":["post-6435","page","type-page","status-publish","hentry"],"yoast_head":"<!-- This site is optimized with the Yoast SEO plugin v27.4 - https:\/\/yoast.com\/product\/yoast-seo-wordpress\/ -->\n<title>INN 2023 - Information - Obi.Media<\/title>\n<meta name=\"robots\" content=\"index, follow, max-snippet:-1, max-image-preview:large, max-video-preview:-1\" \/>\n<link rel=\"canonical\" href=\"https:\/\/obi.media\/en\/inn2023\/inn-2023-information\/\" \/>\n<meta property=\"og:locale\" content=\"en_US\" \/>\n<meta property=\"og:type\" content=\"article\" \/>\n<meta property=\"og:title\" content=\"INN 2023 - Information - Obi.Media\" \/>\n<meta property=\"og:url\" content=\"https:\/\/obi.media\/en\/inn2023\/inn-2023-information\/\" \/>\n<meta property=\"og:site_name\" content=\"Obi.Media\" \/>\n<meta property=\"article:publisher\" content=\"https:\/\/www.facebook.com\/ObiMedia.NOVAFCSH\" \/>\n<meta property=\"article:modified_time\" content=\"2023-01-19T23:37:57+00:00\" \/>\n<meta property=\"og:image\" content=\"https:\/\/obi.media\/wp-content\/uploads\/2022\/10\/email-marketing-1-e1664789168861.png\" \/>\n\t<meta property=\"og:image:width\" content=\"690\" \/>\n\t<meta property=\"og:image:height\" content=\"428\" \/>\n\t<meta property=\"og:image:type\" content=\"image\/png\" \/>\n<meta name=\"twitter:card\" content=\"summary_large_image\" \/>\n<meta name=\"twitter:site\" content=\"@ObiMedia\" \/>\n<meta name=\"twitter:label1\" content=\"Est. reading time\" \/>\n\t<meta name=\"twitter:data1\" content=\"21 minutes\" \/>\n<script type=\"application\/ld+json\" class=\"yoast-schema-graph\">{\"@context\":\"https:\\\/\\\/schema.org\",\"@graph\":[{\"@type\":\"WebPage\",\"@id\":\"https:\\\/\\\/obi.media\\\/en\\\/inn2023\\\/inn-2023-information\\\/\",\"url\":\"https:\\\/\\\/obi.media\\\/en\\\/inn2023\\\/inn-2023-information\\\/\",\"name\":\"INN 2023 - Information - Obi.Media\",\"isPartOf\":{\"@id\":\"https:\\\/\\\/obi.media\\\/#website\"},\"datePublished\":\"2023-01-13T20:42:26+00:00\",\"dateModified\":\"2023-01-19T23:37:57+00:00\",\"breadcrumb\":{\"@id\":\"https:\\\/\\\/obi.media\\\/en\\\/inn2023\\\/inn-2023-information\\\/#breadcrumb\"},\"inLanguage\":\"en-US\",\"potentialAction\":[{\"@type\":\"ReadAction\",\"target\":[\"https:\\\/\\\/obi.media\\\/en\\\/inn2023\\\/inn-2023-information\\\/\"]}]},{\"@type\":\"BreadcrumbList\",\"@id\":\"https:\\\/\\\/obi.media\\\/en\\\/inn2023\\\/inn-2023-information\\\/#breadcrumb\",\"itemListElement\":[{\"@type\":\"ListItem\",\"position\":1,\"name\":\"In\u00edcio\",\"item\":\"https:\\\/\\\/obi.media\\\/homepage-obimedia\\\/\"},{\"@type\":\"ListItem\",\"position\":2,\"name\":\"INN 2023\",\"item\":\"https:\\\/\\\/obi.media\\\/en\\\/inn2023\\\/\"},{\"@type\":\"ListItem\",\"position\":3,\"name\":\"INN 2023 &#8211; Information\"}]},{\"@type\":\"WebSite\",\"@id\":\"https:\\\/\\\/obi.media\\\/#website\",\"url\":\"https:\\\/\\\/obi.media\\\/\",\"name\":\"Obi.Media\",\"description\":\"Observat\u00f3rio de Inova\u00e7\u00e3o nos Media\",\"publisher\":{\"@id\":\"https:\\\/\\\/obi.media\\\/#organization\"},\"potentialAction\":[{\"@type\":\"SearchAction\",\"target\":{\"@type\":\"EntryPoint\",\"urlTemplate\":\"https:\\\/\\\/obi.media\\\/?s={search_term_string}\"},\"query-input\":{\"@type\":\"PropertyValueSpecification\",\"valueRequired\":true,\"valueName\":\"search_term_string\"}}],\"inLanguage\":\"en-US\"},{\"@type\":\"Organization\",\"@id\":\"https:\\\/\\\/obi.media\\\/#organization\",\"name\":\"Obi.Media\",\"url\":\"https:\\\/\\\/obi.media\\\/\",\"logo\":{\"@type\":\"ImageObject\",\"inLanguage\":\"en-US\",\"@id\":\"https:\\\/\\\/obi.media\\\/#\\\/schema\\\/logo\\\/image\\\/\",\"url\":\"https:\\\/\\\/secureservercdn.net\\\/160.153.138.201\\\/ejx.2f6.myftpupload.com\\\/wp-content\\\/uploads\\\/2022\\\/09\\\/Logo-ObiMedia2021__hor_cor_2_b-e1663619321538.png?time=1664795536\",\"contentUrl\":\"https:\\\/\\\/secureservercdn.net\\\/160.153.138.201\\\/ejx.2f6.myftpupload.com\\\/wp-content\\\/uploads\\\/2022\\\/09\\\/Logo-ObiMedia2021__hor_cor_2_b-e1663619321538.png?time=1664795536\",\"width\":686,\"height\":259,\"caption\":\"Obi.Media\"},\"image\":{\"@id\":\"https:\\\/\\\/obi.media\\\/#\\\/schema\\\/logo\\\/image\\\/\"},\"sameAs\":[\"https:\\\/\\\/www.facebook.com\\\/ObiMedia.NOVAFCSH\",\"https:\\\/\\\/x.com\\\/ObiMedia\",\"https:\\\/\\\/www.instagram.com\\\/obi.media\\\/\"]}]}<\/script>\n<!-- \/ Yoast SEO plugin. -->","yoast_head_json":{"title":"INN 2023 - Information - Obi.Media","robots":{"index":"index","follow":"follow","max-snippet":"max-snippet:-1","max-image-preview":"max-image-preview:large","max-video-preview":"max-video-preview:-1"},"canonical":"https:\/\/obi.media\/en\/inn2023\/inn-2023-information\/","og_locale":"en_US","og_type":"article","og_title":"INN 2023 - Information - Obi.Media","og_url":"https:\/\/obi.media\/en\/inn2023\/inn-2023-information\/","og_site_name":"Obi.Media","article_publisher":"https:\/\/www.facebook.com\/ObiMedia.NOVAFCSH","article_modified_time":"2023-01-19T23:37:57+00:00","og_image":[{"width":690,"height":428,"url":"https:\/\/obi.media\/wp-content\/uploads\/2022\/10\/email-marketing-1-e1664789168861.png","type":"image\/png"}],"twitter_card":"summary_large_image","twitter_site":"@ObiMedia","twitter_misc":{"Est. reading time":"21 minutes"},"schema":{"@context":"https:\/\/schema.org","@graph":[{"@type":"WebPage","@id":"https:\/\/obi.media\/en\/inn2023\/inn-2023-information\/","url":"https:\/\/obi.media\/en\/inn2023\/inn-2023-information\/","name":"INN 2023 - Information - Obi.Media","isPartOf":{"@id":"https:\/\/obi.media\/#website"},"datePublished":"2023-01-13T20:42:26+00:00","dateModified":"2023-01-19T23:37:57+00:00","breadcrumb":{"@id":"https:\/\/obi.media\/en\/inn2023\/inn-2023-information\/#breadcrumb"},"inLanguage":"en-US","potentialAction":[{"@type":"ReadAction","target":["https:\/\/obi.media\/en\/inn2023\/inn-2023-information\/"]}]},{"@type":"BreadcrumbList","@id":"https:\/\/obi.media\/en\/inn2023\/inn-2023-information\/#breadcrumb","itemListElement":[{"@type":"ListItem","position":1,"name":"In\u00edcio","item":"https:\/\/obi.media\/homepage-obimedia\/"},{"@type":"ListItem","position":2,"name":"INN 2023","item":"https:\/\/obi.media\/en\/inn2023\/"},{"@type":"ListItem","position":3,"name":"INN 2023 &#8211; Information"}]},{"@type":"WebSite","@id":"https:\/\/obi.media\/#website","url":"https:\/\/obi.media\/","name":"Obi.Media","description":"Observat\u00f3rio de Inova\u00e7\u00e3o nos Media","publisher":{"@id":"https:\/\/obi.media\/#organization"},"potentialAction":[{"@type":"SearchAction","target":{"@type":"EntryPoint","urlTemplate":"https:\/\/obi.media\/?s={search_term_string}"},"query-input":{"@type":"PropertyValueSpecification","valueRequired":true,"valueName":"search_term_string"}}],"inLanguage":"en-US"},{"@type":"Organization","@id":"https:\/\/obi.media\/#organization","name":"Obi.Media","url":"https:\/\/obi.media\/","logo":{"@type":"ImageObject","inLanguage":"en-US","@id":"https:\/\/obi.media\/#\/schema\/logo\/image\/","url":"https:\/\/secureservercdn.net\/160.153.138.201\/ejx.2f6.myftpupload.com\/wp-content\/uploads\/2022\/09\/Logo-ObiMedia2021__hor_cor_2_b-e1663619321538.png?time=1664795536","contentUrl":"https:\/\/secureservercdn.net\/160.153.138.201\/ejx.2f6.myftpupload.com\/wp-content\/uploads\/2022\/09\/Logo-ObiMedia2021__hor_cor_2_b-e1663619321538.png?time=1664795536","width":686,"height":259,"caption":"Obi.Media"},"image":{"@id":"https:\/\/obi.media\/#\/schema\/logo\/image\/"},"sameAs":["https:\/\/www.facebook.com\/ObiMedia.NOVAFCSH","https:\/\/x.com\/ObiMedia","https:\/\/www.instagram.com\/obi.media\/"]}]}},"_links":{"self":[{"href":"https:\/\/obi.media\/en\/wp-json\/wp\/v2\/pages\/6435","targetHints":{"allow":["GET"]}}],"collection":[{"href":"https:\/\/obi.media\/en\/wp-json\/wp\/v2\/pages"}],"about":[{"href":"https:\/\/obi.media\/en\/wp-json\/wp\/v2\/types\/page"}],"author":[{"embeddable":true,"href":"https:\/\/obi.media\/en\/wp-json\/wp\/v2\/users\/1"}],"replies":[{"embeddable":true,"href":"https:\/\/obi.media\/en\/wp-json\/wp\/v2\/comments?post=6435"}],"version-history":[{"count":8,"href":"https:\/\/obi.media\/en\/wp-json\/wp\/v2\/pages\/6435\/revisions"}],"predecessor-version":[{"id":6449,"href":"https:\/\/obi.media\/en\/wp-json\/wp\/v2\/pages\/6435\/revisions\/6449"}],"up":[{"embeddable":true,"href":"https:\/\/obi.media\/en\/wp-json\/wp\/v2\/pages\/5464"}],"wp:attachment":[{"href":"https:\/\/obi.media\/en\/wp-json\/wp\/v2\/media?parent=6435"}],"curies":[{"name":"wp","href":"https:\/\/api.w.org\/{rel}","templated":true}]}}