{"id":6395,"date":"2023-01-19T09:30:07","date_gmt":"2023-01-19T09:30:07","guid":{"rendered":"https:\/\/obi.media\/inn-2023-programa\/"},"modified":"2023-03-13T11:00:53","modified_gmt":"2023-03-13T11:00:53","slug":"inn-2023-programme","status":"publish","type":"page","link":"https:\/\/obi.media\/en\/inn-2023-programme\/","title":{"rendered":"INN 2023 &#8211; Programme"},"content":{"rendered":"<div class='clear'><\/div><div id='sub_menu1'  class='av-submenu-container av-29rfzyk-9e566769703f1e08ba20a86efee8b06d alternate_color  avia-builder-el-0  el_before_av_section  avia-builder-el-first  av-sticky-submenu container_wrap sidebar_right' style='z-index:301' ><div class='container av-menu-mobile-disabled av-submenu-pos-center'><ul id='av-custom-submenu-1' class='av-subnav-menu'>\n<li class='menu-item av-288vmd8-861f58946aef8a26d8ffbae0266a9798 menu-item-top-level menu-item-top-level-1'><a href='https:\/\/obi.media\/en\/inn2023\/' ><span class='avia-bullet'><\/span><span class='avia-menu-text'>Highlights<\/span><\/a><\/li>\n<li class='menu-item av-27bkui4-7ff3b2a61349cce6f5e9d75d8e197b14 menu-item-top-level menu-item-top-level-2'><a href='https:\/\/obi.media\/inn2023\/inn-2023-chamadas\/' ><span class='avia-bullet'><\/span><span class='avia-menu-text'>Calls (closed)<\/span><\/a><\/li>\n<li class='menu-item av-25a1tak-e9c355b476759877ffbdd0f5058b5158 menu-item-top-level menu-item-top-level-3'><a href='https:\/\/obi.media\/en\/inn2023\/inn2023-committees\/' ><span class='avia-bullet'><\/span><span class='avia-menu-text'>Committees <\/span><\/a><\/li>\n<li class='menu-item av-23e5jgs-53cb2a6950fb2cb72514d8f743715254 menu-item-top-level menu-item-top-level-4'><a href='https:\/\/obi.media\/inn2023\/informacoes-participantes\/' ><span class='avia-bullet'><\/span><span class='avia-menu-text'>Information to participants<\/span><\/a><\/li>\n<li class='menu-item av-21k6xcs-a96b77863bfe49510184949331cbf9c5 menu-item-top-level menu-item-top-level-5'><a href='https:\/\/obi.media\/inn2023\/inscricao-na-inn-2023\/' ><span class='avia-bullet'><\/span><span class='avia-menu-text'>Registration<\/span><\/a><\/li>\n<\/ul><\/div><\/div><div class='sticky_placeholder'><\/div>\n<div id='inn2023programa'  class='avia-section av-20nrvgs-2882f6832549059a7d6e4dbeb9db7fd4 main_color avia-section-default avia-no-border-styling  avia-builder-el-1  el_after_av_submenu  el_before_av_heading  avia-bg-style-scroll container_wrap sidebar_right'  ><div class='container av-section-cont-open' ><div class='template-page content  av-content-small alpha units'><div class='post-entry post-entry-type-page post-entry-6395'><div class='entry-content-wrapper clearfix'>\n<div class='flex_column av-1y11t4c-a5013f260b407743f2a23d20e6aa76d7 av_one_half  avia-builder-el-2  el_before_av_one_half  avia-builder-el-first  first flex_column_div '     ><p>\n<style type=\"text\/css\" data-created_by=\"avia_inline_auto\" id=\"style-css-av-ld2w1qqf-ee2befda240307b8c42ca79de5788fe2\">\n#top .av-special-heading.av-ld2w1qqf-ee2befda240307b8c42ca79de5788fe2{\npadding-bottom:10px;\n}\nbody .av-special-heading.av-ld2w1qqf-ee2befda240307b8c42ca79de5788fe2 .av-special-heading-tag .heading-char{\nfont-size:25px;\n}\n.av-special-heading.av-ld2w1qqf-ee2befda240307b8c42ca79de5788fe2 .av-subheading{\nfont-size:15px;\n}\n<\/style>\n<div  class='av-special-heading av-ld2w1qqf-ee2befda240307b8c42ca79de5788fe2 av-special-heading-h1 blockquote modern-quote  avia-builder-el-3  el_before_av_hr  avia-builder-el-first '><h1 class='av-special-heading-tag'  itemprop=\"headline\"  >INN 2023 Programme<\/h1><div class=\"special-heading-border\"><div class=\"special-heading-inner-border\"><\/div><\/div><\/div><br \/>\n\n<style type=\"text\/css\" data-created_by=\"avia_inline_auto\" id=\"style-css-av-1w01un0-b8a5a10055dfdd2673cbe002bc8c48b9\">\n#top .hr.av-1w01un0-b8a5a10055dfdd2673cbe002bc8c48b9{\nmargin-top:30px;\nmargin-bottom:30px;\n}\n.hr.av-1w01un0-b8a5a10055dfdd2673cbe002bc8c48b9 .hr-inner{\nwidth:50px;\nborder-color:#000000;\n}\n<\/style>\n<div  class='hr av-1w01un0-b8a5a10055dfdd2673cbe002bc8c48b9 hr-custom  avia-builder-el-4  el_after_av_heading  el_before_av_textblock  hr-left hr-icon-no'><span class='hr-inner inner-border-av-border-thin'><span class=\"hr-inner-style\"><\/span><\/span><\/div><br \/>\n<section  class='av_textblock_section av-1tpdtak-3a37320f96dac1fd51af66902c73a3d0'  itemscope=\"itemscope\" itemtype=\"https:\/\/schema.org\/CreativeWork\" ><div class='avia_textblock'  itemprop=\"text\" ><p><span style=\"color: #333333;\">Three days of a dynamic program designed for academics, professionals, students, and all those interested in innovation in the media and the creative industries.<\/span><\/p>\n<\/div><\/section><br \/>\n<section  class='av_textblock_section av-1gszx5o-09d93563afeed46a51e450fdb804498c'  itemscope=\"itemscope\" itemtype=\"https:\/\/schema.org\/CreativeWork\" ><div class='avia_textblock'  itemprop=\"text\" ><p><span style=\"color: #333333;\">INN2023 takes place in Tower B of <\/span><a href=\"https:\/\/www.google.com\/maps\/place\/Faculty+of+Social+and+Human+Sciences\/@38.7403711,-9.1527561,17z\/data=!3m1!4b1!4m5!3m4!1s0xd19330ec7910bd3:0x7724c2297e204d25!8m2!3d38.7403711!4d-9.1505674?hl=en\"><span style=\"color: #008080;\">Av. de Berna Campus <\/span><\/a><span style=\"color: #333333;\"> of NOVA University of Lisbon &#8211; School of Social Sciences and Humanities (NOVA FCSH), located between Campo Pequeno and Pra\u00e7a de Espanha. O check-in is made on the ground floor. <\/span><\/p>\n<\/div><\/section><br \/>\n<div  class='avia-button-wrap av-ld209qpy-b299240997348a218eca836f8a80a248-wrap avia-button-left  avia-builder-el-7  el_after_av_textblock  avia-builder-el-last ' ><a href='https:\/\/obi.media\/inn2023\/informacoes-participantes\/'  class='avia-button av-ld209qpy-b299240997348a218eca836f8a80a248 avia-icon_select-no avia-size-small avia-position-left avia-color-dark' ><span class='avia_iconbox_title' >All information to participants<\/span><\/a><\/div><\/p><\/div><div class='flex_column av-1egriho-ee5b4581e8749df66badb64703db57c0 av_one_half  avia-builder-el-8  el_after_av_one_half  avia-builder-el-last  flex_column_div '     ><style type=\"text\/css\" data-created_by=\"avia_inline_auto\" id=\"style-css-av-1rrot7w-ba9ed3481dcc89728f59c045c57506f7\">\n#top .avia-icon-list-container.av-1rrot7w-ba9ed3481dcc89728f59c045c57506f7 .iconlist_icon{\ncolor:#ffffff;\nbackground-color:#444444;\n}\n#top #wrap_all .avia-icon-list-container.av-1rrot7w-ba9ed3481dcc89728f59c045c57506f7 .av_iconlist_title{\ncolor:#000000;\n}\n<\/style>\n<div  class='avia-icon-list-container av-1rrot7w-ba9ed3481dcc89728f59c045c57506f7  avia-builder-el-9  avia-builder-el-no-sibling '><ul class='avia-icon-list avia_animate_when_almost_visible avia-icon-list-left av-iconlist-small av-1rrot7w-ba9ed3481dcc89728f59c045c57506f7 avia-iconlist-animate'>\n<li><div class='iconlist_icon av-1pl8y9o-23e8cb4b8a18bd708afd24f8791b6438 avia-font-entypo-fontello'><span class='iconlist-char' aria-hidden='true' data-av_icon='\ue885' data-av_iconfont='entypo-fontello'><\/span><\/div><article class=\"article-icon-entry \"  itemscope=\"itemscope\" itemtype=\"https:\/\/schema.org\/CreativeWork\" ><div class=\"iconlist_content_wrap\"><header class=\"entry-content-header\"><div class='av_iconlist_title iconlist_title_small  av_inherit_color'  itemprop=\"headline\" >Two plenary conferences and two round tables <\/div><\/header><div class='iconlist_content '  itemprop=\"text\" ><p>With national and international professionals Scroll to meet the keynote speakers below the programme<\/p>\n<\/div><\/div><footer class=\"entry-footer\"><\/footer><\/article><div class=\"iconlist-timeline\"><\/div><\/li>\n<li><div class='iconlist_icon av-1ox7958-e303cb0bb22ec54d7b4add4063ce3cb6 avia-font-entypo-fontello'><span class='iconlist-char' aria-hidden='true' data-av_icon='\ue885' data-av_iconfont='entypo-fontello'><\/span><\/div><article class=\"article-icon-entry \"  itemscope=\"itemscope\" itemtype=\"https:\/\/schema.org\/CreativeWork\" ><div class=\"iconlist_content_wrap\"><header class=\"entry-content-header\"><div class='av_iconlist_title iconlist_title_small  av_inherit_color'  itemprop=\"headline\" >Six sessions of communications<\/div><\/header><div class='iconlist_content '  itemprop=\"text\" ><p>Distributed over the three days of the conference<\/p>\n<\/div><\/div><footer class=\"entry-footer\"><\/footer><\/article><div class=\"iconlist-timeline\"><\/div><\/li>\n<li><div class='iconlist_icon av-1m785u4-0323f360a9145e18dcf0297c1cf126ca avia-font-entypo-fontello'><span class='iconlist-char' aria-hidden='true' data-av_icon='\ue885' data-av_iconfont='entypo-fontello'><\/span><\/div><article class=\"article-icon-entry \"  itemscope=\"itemscope\" itemtype=\"https:\/\/schema.org\/CreativeWork\" ><div class=\"iconlist_content_wrap\"><header class=\"entry-content-header\"><div class='av_iconlist_title iconlist_title_small  av_inherit_color'  itemprop=\"headline\" >3 workshops and 2 masterclasses<\/div><\/header><div class='iconlist_content '  itemprop=\"text\" ><p>Some were explicitly designed for PhD students and young researchers.<\/p>\n<\/div><\/div><footer class=\"entry-footer\"><\/footer><\/article><div class=\"iconlist-timeline\"><\/div><\/li>\n<li><div class='iconlist_icon av-1lre158-8fa381e14b0f28c3e8fe976f48bb0169 avia-font-entypo-fontello'><span class='iconlist-char' aria-hidden='true' data-av_icon='\ue885' data-av_iconfont='entypo-fontello'><\/span><\/div><article class=\"article-icon-entry \"  itemscope=\"itemscope\" itemtype=\"https:\/\/schema.org\/CreativeWork\" ><div class=\"iconlist_content_wrap\"><header class=\"entry-content-header\"><div class='av_iconlist_title iconlist_title_small  av_inherit_color'  itemprop=\"headline\" >Artistic and Research Residencies<\/div><\/header><div class='iconlist_content '  itemprop=\"text\" ><p>From sound installations to performative experiences, by nine selected artists and researchers.<\/p>\n<\/div><\/div><footer class=\"entry-footer\"><\/footer><\/article><div class=\"iconlist-timeline\"><\/div><\/li>\n<li><div class='iconlist_icon av-1j9e5cc-4d13adf01cabce2a6c9acb643aa8ab1b avia-font-entypo-fontello'><span class='iconlist-char' aria-hidden='true' data-av_icon='\ue885' data-av_iconfont='entypo-fontello'><\/span><\/div><article class=\"article-icon-entry \"  itemscope=\"itemscope\" itemtype=\"https:\/\/schema.org\/CreativeWork\" ><div class=\"iconlist_content_wrap\"><header class=\"entry-content-header\"><div class='av_iconlist_title iconlist_title_small  av_inherit_color'  itemprop=\"headline\" >INN 2023 Awards Ceremony<\/div><\/header><div class='iconlist_content '  itemprop=\"text\" ><p>February 2nd at 6.45pm.<\/p>\n<\/div><\/div><footer class=\"entry-footer\"><\/footer><\/article><div class=\"iconlist-timeline\"><\/div><\/li>\n<\/ul><\/div><\/div>\n<\/div><\/div><\/div><!-- close content main div --><\/div><\/div><div id='after_section_1'  class='main_color av_default_container_wrap container_wrap sidebar_right'  ><div class='container av-section-cont-open' ><div class='template-page content  av-content-small alpha units'><div class='post-entry post-entry-type-page post-entry-6395'><div class='entry-content-wrapper clearfix'>\n\n<style type=\"text\/css\" data-created_by=\"avia_inline_auto\" id=\"style-css-av-ldk1bmfx-70fa12736d60abd9ed5685159dd92d23\">\n#top .av-special-heading.av-ldk1bmfx-70fa12736d60abd9ed5685159dd92d23{\npadding-bottom:10px;\n}\nbody .av-special-heading.av-ldk1bmfx-70fa12736d60abd9ed5685159dd92d23 .av-special-heading-tag .heading-char{\nfont-size:25px;\n}\n.av-special-heading.av-ldk1bmfx-70fa12736d60abd9ed5685159dd92d23 .av-subheading{\nfont-size:15px;\n}\n<\/style>\n<div  class='av-special-heading av-ldk1bmfx-70fa12736d60abd9ed5685159dd92d23 av-special-heading-h1  avia-builder-el-10  el_after_av_section  el_before_av_hr  avia-builder-el-first '><h1 class='av-special-heading-tag'  itemprop=\"headline\"  >Programme and Book of Abstracts<\/h1><div class=\"special-heading-border\"><div class=\"special-heading-inner-border\"><\/div><\/div><\/div>\n\n<style type=\"text\/css\" data-created_by=\"avia_inline_auto\" id=\"style-css-av-ldk1c7wq-78e16469930712a07839645cc586c41e\">\n#top .hr.av-ldk1c7wq-78e16469930712a07839645cc586c41e{\nmargin-top:30px;\nmargin-bottom:30px;\n}\n.hr.av-ldk1c7wq-78e16469930712a07839645cc586c41e .hr-inner{\nwidth:50px;\n}\n<\/style>\n<div  class='hr av-ldk1c7wq-78e16469930712a07839645cc586c41e hr-custom  avia-builder-el-11  el_after_av_heading  el_before_av_three_fifth  hr-left hr-icon-no'><span class='hr-inner inner-border-av-border-thin'><span class=\"hr-inner-style\"><\/span><\/span><\/div>\n<div class='flex_column av-av_three_fifth-a961ec8c42a44a397321d1a2224da3ca av_three_fifth  avia-builder-el-12  el_after_av_hr  el_before_av_two_fifth  first flex_column_div '     ><section  class='av_textblock_section av-ldk1dtrs-48b1a80479db5469062fd92560f3700e'  itemscope=\"itemscope\" itemtype=\"https:\/\/schema.org\/CreativeWork\" ><div class='avia_textblock'  itemprop=\"text\" ><p>See the program below in an interactive way or you can download it.<\/p>\n<\/div><\/section><\/div>\n<div class='flex_column av-av_two_fifth-e38f08a368d22f46ed35f78008f927bf av_two_fifth  avia-builder-el-14  el_after_av_three_fifth  el_before_av_hr  flex_column_div '     ><p><div  class='avia-button-wrap av-ldk1gkjy-1f962af350e30c2ac8f44388c6cc47de-wrap avia-button-left  avia-builder-el-15  el_before_av_button  avia-builder-el-first ' ><a href='https:\/\/obi.media\/wp-content\/uploads\/2023\/01\/Program_INN2023.pdf'  class='avia-button av-ldk1gkjy-1f962af350e30c2ac8f44388c6cc47de avia-icon_select-no avia-size-small avia-position-left avia-color-dark' ><span class='avia_iconbox_title' >Programme in pdf<\/span><\/a><\/div><br \/>\n<div  class='avia-button-wrap av-ldk1h88h-561df3a87122ec415c51c6d9140ecce3-wrap avia-button-left  avia-builder-el-16  el_after_av_button  avia-builder-el-last ' ><a href='https:\/\/obi.media\/wp-content\/uploads\/2023\/03\/Book-of-Abstracts-INN-2023-1.pdf'  class='avia-button av-ldk1h88h-561df3a87122ec415c51c6d9140ecce3 avia-icon_select-no avia-size-small avia-position-left avia-color-dark' ><span class='avia_iconbox_title' >Book of abstracts<\/span><\/a><\/div><\/p><\/div>\n<style type=\"text\/css\" data-created_by=\"avia_inline_auto\" id=\"style-css-av-ldk1hsdv-fc62edff28aafc61f37e2a8a7ab8e74f\">\n#top .hr.hr-invisible.av-ldk1hsdv-fc62edff28aafc61f37e2a8a7ab8e74f{\nheight:50px;\n}\n<\/style>\n<div  class='hr av-ldk1hsdv-fc62edff28aafc61f37e2a8a7ab8e74f hr-invisible  avia-builder-el-17  el_after_av_two_fifth  el_before_av_tab_container '><span class='hr-inner '><span class=\"hr-inner-style\"><\/span><\/span><\/div><\/p>\n<div  class='tabcontainer av-lcv3jfto-08fae3bdd30085ea3d2b87cc209b27f9 top_tab  avia-builder-el-18  el_after_av_hr  el_before_av_section  avia-builder-el-last ' role='tablist'>\n<section class='av_tab_section av_tab_section av-lcv3ic0e-a30b329014e3ab4bdc501fcf24dd8cd7'  itemscope=\"itemscope\" itemtype=\"https:\/\/schema.org\/CreativeWork\" ><div class='tab active_tab' role='tab' tabindex='0' data-fake-id='#p--font-size-18px-' aria-controls='p--font-size-18px--content'  itemprop=\"headline\" ><span class='tab_icon' aria-hidden='true' data-av_icon='\ue862' data-av_iconfont='entypo-fontello'><\/span>FEBRUARY 1ST<\/div><div id='p--font-size-18px--content' class='tab_content active_tab_content' aria-hidden=\"false\"><div class='tab_inner_content invers-color'  itemprop=\"text\" ><p><span style=\"color: #008080;\">Location: Tower B &#8211; <a href=\"https:\/\/www.google.com\/maps\/place\/Faculty+of+Social+and+Human+Sciences\/@38.7403711,-9.1527561,17z\/data=!3m1!4b1!4m6!3m5!1s0xd19330ec7910bd3:0x7724c2297e204d25!8m2!3d38.7403711!4d-9.1505674!16s%2Fm%2F0g9t96f\">Av. de Berna Campus<\/a> (NOVA FCSH)<\/span><\/p>\n<p><span style=\"color: #008080;\">All communications and artist residencies on the 1st day will occur in auditoriums and rooms on the third floor.<\/span><\/p>\n<p><span style=\"color: #333333;\"><span style=\"color: #808080;\"><span style=\"color: #333333;\">09.00-09.30am |<\/span><\/span> <strong style=\"color: #333333;\">Check-in | <\/strong><\/span><span style=\"color: #333333;\">Ground floor<\/span><\/p>\n<p><span style=\"color: #333333;\">09.30-10am | <strong>Opening session | <\/strong>Auditorium B2<\/span><\/p>\n<p><span style=\"color: #333333;\">10-11.30am | <strong>Communication Session I: Cultural innovations | <\/strong>Auditorium B2<\/span><\/p>\n<p style=\"padding-left: 40px;\">Mod.: Teresa Flores (ICNOVA)<\/p>\n<ol>\n<li style=\"list-style-type: none;\">\n<ol>\n<li><span style=\"color: #333333;\">No to Spectacle versus The Show Must Go On e outras tens\u00f5es paradoxais | S\u00edlvia Pinto Coelho (ICNOVA \/ NOVA FCSH)<\/span><\/li>\n<li><span style=\"color: #333333;\">Criar as condi\u00e7\u00f5es de criar: o exemplo pioneiro de Pina Bausch | Paulo Filipe Monteiro (ICNOVA \/ NOVA FCSH)<\/span><\/li>\n<li><span style=\"color: #333333;\">Cultural Innovations, Coolhunting and Media: approaches to communicate innovation and cool signals in a fast-changing cultural landscape | Nelson Pinheiro Gomes e William Afonso Cant\u00fa (ULICES \/ ULisboa)<\/span><\/li>\n<li><span style=\"color: #333333;\">Setores Culturais e Criativos na Regi\u00e3o das Beiras e Serra da Estrela, Portugal: um mapeamento necess\u00e1rio | <span style=\"color: #008080;\"><span style=\"color: #333333;\">Henrique Marques (IPGuarda)<\/span><\/span><\/span><\/li>\n<li><span style=\"color: #333333;\">As ind\u00fastrias e as cidades criativas \u00e0 luz dos media nacionais nos \u00faltimos 10 anos | Daniela Esperan\u00e7a Fonseca e Orqu\u00eddea Ribeiro (CECS &#8211; UTAD)<\/span><\/li>\n<li><span style=\"color: #333333;\">Media lab para Organiza\u00e7\u00f5es da Sociedade Civil: em busca de uma cultura digital no Terceiro Setor | Larissa Gaspar (PPGEGC\/UFSC)*<\/span><\/li>\n<\/ol>\n<\/li>\n<\/ol>\n<p><span style=\"color: #333333;\">10.00 -11.30am | <strong>Communication Session II: Creative and Social Innovations | <\/strong>Room B304<\/span><\/p>\n<p style=\"padding-left: 40px;\">Mod.: Jos\u00e9 Nuno Matos (ICNOVA)<\/p>\n<ol>\n<li style=\"list-style-type: none;\">\n<ol>\n<li><span style=\"color: #333333;\">Creative innovation in live experiences and festivals &#8211; unboxed: creativity in the UK | Lora Markova (CRAIC &#8211; Loughborough University London)<\/span><\/li>\n<li><span style=\"color: #333333;\">Inovar no feminismo: ciberfeminismo e hibridismo na constru\u00e7\u00e3o da Greve Feminista Internacional | Camila Lamartine (ICNOVA \/ NOVA FCSH) e Carla Cerqueira (CICANT &#8211; ULus\u00f3fona)<\/span><\/li>\n<li><span style=\"color: #333333;\">Inova\u00e7\u00e3o Social Digital: enquadramentos nos estudos dos media e contributos para uma agenda de investiga\u00e7\u00e3o | Dora Santos-Silva e Jos\u00e9 Sotero (ICNOVA \/ NOVA FCSH)<\/span><\/li>\n<li>The use of media to contribute towards fostering a nationwide culture of innovation in Mauritius and Rodrigues through the National Innovation Challenge and the National Innovation Campaign | Roubeena Jeetah-Rampadaruth, Koushul Narrain and Siddhee Bhojoo (Mauritius Research and Innovation Council)<\/li>\n<li><span style=\"color: #333333;\">Cidadania, apropria\u00e7\u00e3o e usabilidade na experi\u00eancia participativa de utilizadores de plataformas de engagamento c\u00edvico independente: estudo de caso de vizinhos do areeiro | Cristiana Freitas (ICNOVA \/ NOVA FCSH)*<\/span><\/li>\n<\/ol>\n<\/li>\n<\/ol>\n<p><span style=\"color: #333333;\">11.30-11.45am | <strong>Coffee-break and visit to artist residencies of day 1 |<\/strong> Auditorium B2 Lounge; Rooms B301 and B305 (residencies)<\/span><\/p>\n<p><span style=\"color: #333333;\">11.45am -1.00pm | <strong>Roundtable &#8220;Inova\u00e7\u00e3o nos media em contexto cultural e criativo&#8221; | <\/strong>Auditorium B2<\/span><\/p>\n<p style=\"padding-left: 40px;\">Mod.: Dora Santos Silva (ICNOVA \/ Obi.media \/ NOVA FCSH)<\/p>\n<p style=\"padding-left: 80px;\"><span style=\"color: #008080;\">With Cl\u00e1udia Domingues (IKEA Country Communication Manager), Miguel Lannes Fernandes (digital inventor), Pedro Campos Costa (architect and R\u00e1dio Antec\u00e2mara director)\u00a0<\/span><\/p>\n<p><span style=\"color: #333333;\">1.00-2.15pm | Lunch break<\/span><\/p>\n<p><span style=\"color: #333333;\">2.15-3.45pm | <strong>Masterclass &#8220;Sorrir n\u00e3o gasta eletricidade e d\u00e1 muito mais luz: sa\u00fade mental na investiga\u00e7\u00e3o e na doc\u00eancia&#8221; <\/strong><span style=\"color: #666699;\"><span style=\"color: #808080;\">(Only in PT)<\/span>\u00a0<\/span>| Auditorium B2<\/span><\/p>\n<p style=\"padding-left: 80px;\"><span style=\"color: #008080;\">With Jos\u00e9 de Almeida Brites (psychologist) <span style=\"color: #808080;\">| Mod.: Olga Cunha (NOVA FCSH psychologist)<\/span><\/span><\/p>\n<p><span style=\"color: #333333;\">3.45 &#8211; 4.15pm | <strong>Coffee break and visit to artistic residencies of day 1 <\/strong>| Auditorium B2 Lounge; Rooms B301 and B305 (residencies)<\/span><\/p>\n<p style=\"padding-left: 80px;\"><span style=\"color: #008080;\">Guided tour by Andrea Winkler-Vilhena and Jos\u00e9 Sotero (ICNOVA \/ Obi.media \/ iNOVA Media Lab)<\/span><\/p>\n<p><span style=\"color: #333333;\">4.15-6.15pm | <strong>Workshop 1 &#8220;Just in Time: como planear o desenvolvimento de uma tese&#8221; <\/strong><span style=\"color: #808080;\">(only in PT)<\/span><strong> |<\/strong> Auditorium B2<\/span><\/p>\n<p style=\"padding-left: 80px;\"><span style=\"color: #008080;\">With Ana Marta Flores (ICNOVA \/ Obi.media \/ iNOVA Media Lab)<\/span><\/p>\n<p>4.15-7.00pm | <strong><span style=\"color: #333333;\">Residence CAIM | Performance and interaction with participants<\/span><\/strong><\/p>\n<p style=\"padding-left: 80px;\"><span style=\"color: #008080;\">With In\u00eas Bessa de Oliveira<\/span><\/p>\n<p>____________________________________<\/p>\n<p><strong>Permanent artist residencies on February 1st<\/strong> | Rooms B301 and B305<\/p>\n<p style=\"padding-left: 80px;\"><span style=\"color: #008080;\">Media 4 Well-Being: how to depressurize through sound | with Ana Sofia Paiva &#038; Gabriela Ferreira<\/span><\/p>\n<p style=\"padding-left: 80px;\"><span style=\"color: #008080;\">Home Made | With Cristina Benedita &#038; Eva Tremel<\/span><\/p>\n<p style=\"padding-left: 80px;\"><span style=\"color: #008080;\">CAIM | With In\u00eas Bessa de Oliveira<\/span><\/p>\n<p style=\"padding-left: 80px;\"><span style=\"color: #008080;\">Listen with eyes closed | With Lu\u00eds Antero<\/span><\/p>\n<p style=\"padding-left: 80px;\"><span style=\"color: #008080;\">The greatest of the tragedies take place, however, in quietness | With Rita Santos<\/span><\/p>\n<\/div><\/div><\/section>\n<section class='av_tab_section av_tab_section av-lcv3ivu5-bfb91c7dfe939657a3157286e397e827'  itemscope=\"itemscope\" itemtype=\"https:\/\/schema.org\/CreativeWork\" ><div class='tab' role='tab' tabindex='0' data-fake-id='#tab-id-1' aria-controls='tab-id-1-content'  itemprop=\"headline\" ><span class='tab_icon' aria-hidden='true' data-av_icon='\ue862' data-av_iconfont='entypo-fontello'><\/span>FEBRUARY 2ND <\/div><div id='tab-id-1-content' class='tab_content' aria-hidden=\"true\"><div class='tab_inner_content invers-color'  itemprop=\"text\" ><p><span style=\"color: #008080;\">Location: Tower B &#8211; <a href=\"https:\/\/www.google.com\/maps\/place\/Faculty+of+Social+and+Human+Sciences\/@38.7403711,-9.1527561,17z\/data=!3m1!4b1!4m6!3m5!1s0xd19330ec7910bd3:0x7724c2297e204d25!8m2!3d38.7403711!4d-9.1505674!16s%2Fm%2F0g9t96f\">Av. de Berna Campus<\/a> (NOVA FCSH)<\/span><\/p>\n<p><span style=\"color: #008080;\">All communications and residencies on the 2nd day occur in auditoriums and rooms located on the first (Auditorium B1) and third floors.<\/span><\/p>\n<p><span style=\"color: #333333;\">09.00-09.30am |<strong> Conferencists check-in | <\/strong><\/span><span style=\"color: #333333;\">Ground floor<\/span><\/p>\n<p><span style=\"color: #333333;\">09.30-11.15am | <strong>Communication Session III &#8220;Innovation in Journalism and Media Practices I&#8221; | <\/strong>Auditorium B1<\/span><\/p>\n<p style=\"padding-left: 40px;\">Mod. Ant\u00f3nio Granado (ICNOVA \/ Obi.media \/ NOVA FCSH)<\/p>\n<ol>\n<li style=\"list-style-type: none;\">\n<ol>\n<li><span style=\"color: #333333;\">Inovar com o \u00e1udio: o papel dos laborat\u00f3rios de inova\u00e7\u00e3o e os desafios para a r\u00e1dio | Ana Sofia Paiva (ICNOVA \/ NOVA FCSH)<\/span><\/li>\n<li><span style=\"color: #333333;\">IQ journalism: exploring the role of artificial intelligence in acessing quality of news content | Catherine Sotirakou, Anastasia Karampela, Katerina Mandenaki, Stamatis Poulakidakos, Antonis Armenakis, Constantinos Mourlas (National and Kapodistrian University of Athens)<\/span><\/li>\n<li><span style=\"color: #333333;\">Estrat\u00e9gias imersivas no jornalismo impresso portugu\u00eas | Paulo Vundi (UCat\u00f3lica)<\/span><\/li>\n<li><span style=\"color: #333333;\">Inova\u00e7\u00e3o narrativa no desenho de experi\u00eancias de utilizador em media digitais: um estudo de caso | Milton Cappelletti (IADE &#8211; UEuropeia)<\/span><\/li>\n<li><span style=\"color: #333333;\">Pr\u00e1ticas jornal\u00edsticas no Instagram: aproxima\u00e7\u00f5es e distanciamentos | Gisele Krodel Rech (ICNOVA)<\/span><\/li>\n<li><span style=\"color: #333333;\">Jornalismo de Viagens na blogosfera: como o p\u00fablico de Portugal busca informa\u00e7\u00f5es sobre viagens | Samanta Fernandes (ICNOVA \/ FCT \/ UFP)<\/span><\/li>\n<li><span style=\"color: #333333;\">The Use of Film Adaptation As a Teaching Medium Through Media Innovation | Sonika Kumari (Sharda University India)*<\/span><\/li>\n<\/ol>\n<\/li>\n<\/ol>\n<p><span style=\"color: #333333;\">09.30-11.15am | <strong>Communication Session IV &#8220;Innovation in Journalism and Media Practices II&#8221;<\/strong> |Room B304<\/span><\/p>\n<p style=\"padding-left: 40px;\">Mod.: Marisa Torres da Silva (ICNOVA \/ NOVA FCSH)<\/p>\n<ol>\n<li style=\"list-style-type: none;\">\n<ol>\n<li><span style=\"color: #333333;\">Russia &#8220;Fake War&#8221; against an allegedly &#8220;fake country&#8221;: for an innovative research encyclopedia about the global fake news on the ukrainian crisis | Pedro Andrade (UMinho)<\/span><\/li>\n<li><span style=\"color: #333333;\">Para uma era p\u00f3s-assinatura na imprensa digital | Maria Jo\u00e3o Vasconcelos e Henrique Saias (Paperview)<\/span><\/li>\n<li><span style=\"color: #333333;\">Lugar de jornalista \u00e9 em casa? As rela\u00e7\u00f5es simbi\u00f3ticas como aux\u00edlio para as novas pr\u00e1ticas jornalistas no ambiente midiatizado | Marcio Morrison (Unisinos \/ S\u00f6dert\u00f6rn University College)<\/span><\/li>\n<li><span style=\"color: #333333;\">Inova\u00e7\u00e3o e trabalho nas reda\u00e7\u00f5es: impactos sobre o bem-estar do jornalista | Gabriela Ferreira (ICNOVA \/ NOVA FCSH)<\/span><\/li>\n<li><span style=\"color: #333333;\">Contributos para uma an\u00e1lise cr\u00edtica de projetos jornal\u00edsticos inovadores em Portugal: O caso do fact-checking | Carlos Camponez e Jo\u00e3o Miranda (CEIS-UCoimbra)<\/span><\/li>\n<li><span style=\"color: #333333;\">Media Innovation vs. Censorship: Can they coexist? A case study of the United Arab Emirates&#8217; background | Daniela Patornilho (ICNOVA \/ NOVA FCSH)*<\/span><\/li>\n<li><span style=\"color: #333333;\">Methodology in communication applied with artificial intelligence in audio and video | Ignacio Jose Martin Moraleda (Universidad Complutense de Madrid)*<\/span><\/li>\n<\/ol>\n<\/li>\n<\/ol>\n<p><span style=\"color: #333333;\">11.15-11.30am | <strong>Coffee-break and visit to artistic residencies of day 2 |<\/strong> Auditorium B1 Lounge; Rooms B301 and B305 (residencies)<\/span><\/p>\n<p style=\"padding-left: 40px;\"><span style=\"color: #008080;\">Guided tour by Andrea Winkler-Vilhena and Jos\u00e9 Sotero (ICNOVA \/ Obi.media \/ iNOVA Media Lab)<\/span><\/p>\n<p><span style=\"color: #333333;\">11.30 &#8211; 12.45 | Plenary Conference <strong>&#8220;<\/strong><b>Feeling uncomfortable: thinking about success and failure in spatial audio innovation for journalists and documentary makers&#8221;<\/b> | Auditorium B1<\/span><\/p>\n<p style=\"padding-left: 40px;\"><span style=\"color: #008080;\">With Abigail Wincott (Falmouth University) <span style=\"color: #333333;\">| Mod.: Ricardo Morais (FLUP \/ Labcom)<\/span><\/span><\/p>\n<p><span style=\"color: #333333;\">12.45 &#8211; 2.00pm | Lunch break<\/span><\/p>\n<p><span style=\"color: #333333;\">2.00 &#8211; 4.00pm | Workshop <strong>Research storytelling: comunicar para p\u00fablicos n\u00e3o acad\u00e9micos <\/strong><span style=\"color: #808080;\">(Only in PT)<\/span>\u00a0| Auditorium B1<\/span><\/p>\n<p style=\"padding-left: 40px;\"><span style=\"color: #008080;\">With Ant\u00f3nio Granado (NOVA FCSH)<\/span><\/p>\n<p><span style=\"color: #333333;\">4.00-4.15pm | <strong>Coffee-break and visit to artistic residencies of day 2 |<\/strong> Auditorium B1 Lounge<\/span><\/p>\n<p style=\"padding-left: 40px;\"><span style=\"color: #008080;\">Guided tour by Andrea Winkler-Vilhena and Jos\u00e9 Sotero (ICNOVA \/ Obi.media \/ iNOVA Media Lab)<\/span><\/p>\n<p><span style=\"color: #333333;\">4.15 &#8211; 5.30pm <strong>Communication Session V &#8220;Innovation in Journalism and Media Practices III&#8221; |<\/strong> Room B304<\/span><\/p>\n<p style=\"padding-left: 40px;\">Mod.: Maria Jo\u00e3o Centeno (ICNOVA \/ IPL)<\/p>\n<ol>\n<li style=\"list-style-type: none;\">\n<ol>\n<li><span style=\"color: #333333;\">Capas jornal\u00edsticas plataformizadas na midiatiza\u00e7\u00e3o noticiosa | Camila Hartmann (S\u00f6dert\u00f6rn University \/Universidade Federal de Santa Maria)<\/span><\/li>\n<li><span style=\"color: #333333;\">Innovative instruments of media transparency: The case of Portuguese digital and alternative media | Jo\u00e3o Miranda (CEIS-UCoimbra)<\/span><\/li>\n<li><span style=\"color: #333333;\">A emerg\u00eancia de media independentes em Portugal como resposta inovadora \u00e0 crise do jornalismo: an\u00e1lise explorat\u00f3ria dos \u00faltimos dez anos | Patr\u00edcia Caneira (ICNOVA \/ NOVA FCSH)<\/span><\/li>\n<li><span style=\"color: #333333;\">Are professional media trolls threatening Journalism? An analysis of how disruptive non-professional news sources evidence fragilities within default settings of journalistic practice | Vasco Ara\u00fajo (ICNOVA \/ NOVA FCSH)<\/span><\/li>\n<li><span style=\"color: #333333;\">O potencial inovador do n\u00e3o-digital no jornalismo transm\u00eddia | Pedro Vasconcelos e Suzana Oliveira Barbosa (Universidade Federal da Bahia &#8211; Brasil)*<\/span><\/li>\n<\/ol>\n<\/li>\n<\/ol>\n<p><span style=\"color: #333333;\">5.30 &#8211; 6.45pm |<strong> Roundtable &#8220;Impact: Solutions Journalism has it&#8221; <\/strong>| Auditorium B1<\/span><\/p>\n<p style=\"padding-left: 40px;\"><span style=\"color: #008080;\">With Catarina Carvalho (Mensagem), Dora Santos Silva (Solutions Journalism Network LEDE Fellow), Julia Hotz (Solutions Journalism Network) and Vera Pen\u00eada (European Journalism Centre)<\/span><\/p>\n<p><span style=\"color: #333333;\">6.45 &#8211; 7.00pm <strong>Welcome Cocktail <\/strong>| Auditorium B1 Lounge<\/span><\/p>\n<p><span style=\"color: #333333;\">7.00-8.00pm <strong>INN 2023 Awards Ceremony | <\/strong>Auditorium B1<\/span><\/p>\n<p style=\"padding-left: 40px;\"><span style=\"color: #008080;\">With performance of Cristina Benedita (ICNOVA \/ NOVA FCSH) and Eva Tremel (ARTEZ \u2013 Academy of theatre and dance in Arnhem)<\/span><\/p>\n<p>____________________________________<\/p>\n<p><strong>Permanent artist residencies on the February 2nd<\/strong> | Rooms B301 and B305<\/p>\n<p style=\"padding-left: 80px;\"><span style=\"color: #008080;\">Media 4 Well-Being: how to depressurize through sound | with Ana Sofia Paiva &#038; Gabriela Ferreira<\/span><\/p>\n<p style=\"padding-left: 80px;\"><span style=\"color: #008080;\">Home Made | With Cristina Benedita &#038; Eva Tremel<\/span><\/p>\n<p style=\"padding-left: 80px;\"><span style=\"color: #008080;\">CAIM | With In\u00eas Bessa de Oliveira<\/span><\/p>\n<p style=\"padding-left: 80px;\"><span style=\"color: #008080;\">Listen with eyes closed | With Lu\u00eds Antero<\/span><\/p>\n<p style=\"padding-left: 80px;\"><span style=\"color: #008080;\">The greatest of the tragedies take place, however, in quietness | With Rita Santos<\/span><\/p>\n<\/div><\/div><\/section>\n<section class='av_tab_section av_tab_section av-lcv3ivu5-50-94ff7a1c731d905d18dc7d8b6601cf85'  itemscope=\"itemscope\" itemtype=\"https:\/\/schema.org\/CreativeWork\" ><div class='tab' role='tab' tabindex='0' data-fake-id='#tab-id-2' aria-controls='tab-id-2-content'  itemprop=\"headline\" ><span class='tab_icon' aria-hidden='true' data-av_icon='\ue862' data-av_iconfont='entypo-fontello'><\/span>FEBRUARY 3rd <\/div><div id='tab-id-2-content' class='tab_content' aria-hidden=\"true\"><div class='tab_inner_content invers-color'  itemprop=\"text\" ><p><span style=\"color: #008080;\">Location: Tower B &#8211;<a href=\"https:\/\/www.google.com\/maps\/place\/Faculty+of+Social+and+Human+Sciences\/@38.7403711,-9.1527561,17z\/data=!3m1!4b1!4m6!3m5!1s0xd19330ec7910bd3:0x7724c2297e204d25!8m2!3d38.7403711!4d-9.1505674!16s%2Fm%2F0g9t96f\"> Av. de Berna Campus<\/a> (NOVA FCSH)<\/span><\/p>\n<p><span style=\"color: #008080;\">All communications and residencies on the 2nd will occur in auditoriums and rooms on the third floor.<\/span><\/p>\n<p><span style=\"color: #333333;\">09.00-09.00am |Conferencists <strong>Check-in | <\/strong><\/span>Ground floor<\/p>\n<p><span style=\"color: #333333;\">09.30-11.30am | <strong>Workshop &#8220;Inova\u00e7\u00e3o, criatividade e impacto na investiga\u00e7\u00e3o&#8221; <\/strong><span style=\"color: #808080;\">(Only in PT)<\/span><strong>| <\/strong>Auditorium B2<\/span><\/p>\n<p style=\"padding-left: 40px;\"><span style=\"color: #008080;\">With Dora Santos Silva (Obi.media | ICNOVA | NOVA FCSH)<\/span><\/p>\n<p>11.15-11.30am | <strong>Coffee-break <\/strong><span style=\"color: #333333;\">| Auditorium B2 Lounge<\/span><\/p>\n<p>11.30-1.00pm | <strong>Communications Session VI &#8220;Immersive innovation&#8221;<\/strong> | Auditorium B2<\/p>\n<ol>\n<li style=\"list-style-type: none;\">\n<ol>\n<li>NFTs as an innovative business opportunity for media: A match made in web3 heaven? | Ricardo Morais (LABCOM \/UPorto) e Clara Fernandes (LASALLE College of the Arts \/ UNIDCOM-IADE)<\/li>\n<li>Um Non-Fiction VR Chamado Gisberta | S\u00e9rgio Galv\u00e3o Roxo (ESECS-IPLeiria e Leonel Brites (ESECS-IPLeiria \/ CEIS20 &#8211; UC)<\/li>\n<li>Immersive media and ocean literacy: exploring the potential of virtual reality as a tool to understand and improve our connection to the seas | C\u00e9lia Quico (ECATI\/CICANT &#8211; ULus\u00f3fona)<\/li>\n<li>The VR Play page elements. development documents | Ana Falcon (Estonian Academy of Music and Theatre)*<\/li>\n<li>Fashion in Translation: Skills and Practices Re-mediated in the Metaverse | Michele Varini (Universit\u00e0 Cattolica del Sacro Cuore di Milano)*<\/li>\n<li>Perce\u00e7\u00f5es de jornalistas portugueses sobre o uso de algoritmos e intelig\u00eancia artificial nas rotinas produtivas: notas iniciais | Adriana Gon\u00e7alves (Labcom-UBI) e Paulo Melo (ICNOVA)<\/li>\n<\/ol>\n<\/li>\n<\/ol>\n<p>1.15 &#8211; 2.00pm | Lunch break<\/p>\n<p>2.00 &#8211; 4.00pm and 5.15 to 6.30 | <strong>Visits to artist residencies on day 3 with artist demonstrations<\/strong><\/p>\n<p style=\"padding-left: 40px;\"><span style=\"color: #808080;\">Guided tour by Andrea Winkler-Vilhena and Jos\u00e9 Sotero (ICNOVA \/ Obi.media \/ iNOVA Media Lab)<\/span><\/p>\n<p style=\"padding-left: 80px;\"><span style=\"color: #008080;\">Media 4 Well-Being: how to depressurize through sound | with Ana Sofia Paiva &#038; Gabriela Ferreira<\/span><\/p>\n<p style=\"padding-left: 80px;\"><span style=\"color: #008080;\">On existing in the void | With Danny Bittencourt<\/span><\/p>\n<p style=\"padding-left: 80px;\"><span style=\"color: #008080;\">CAIM | With In\u00eas Bessa de Oliveira<\/span><\/p>\n<p style=\"padding-left: 80px;\"><span style=\"color: #008080;\">Weather-World Harps: sound meetings with pollution | With Ivo Louro<\/span><\/p>\n<p style=\"padding-left: 80px;\"><span style=\"color: #008080;\">Listen with eyes closed | With Lu\u00eds Antero<\/span><\/p>\n<p style=\"padding-left: 80px;\"><span style=\"color: #008080;\">Sound Walks I (begins at 2pm) and Sound Walks II (begins at 5pm), need previous registration (max. 9 participants each) | With Lu\u00eds Antero\u00a0<\/span><\/p>\n<p style=\"padding-left: 80px;\"><span style=\"color: #008080;\">The greatest of the tragedies take place, however, in quietness | With Rita Santos<\/span><\/p>\n<p>4.00 &#8211; 5.15pm | <strong>Plenary conference &#8220;Desmistificando o Metaverso&#8221; <\/strong>| Auditorium B2<\/p>\n<p style=\"padding-left: 40px;\"><span style=\"color: #008080;\">With Ana Constantino (Nowhere founder) <span style=\"color: #808080;\">| Mod.: Gabriela Ferreira (ICNOVA \/ Obi.media)<\/span><\/span><\/p>\n<p>5.00 &#8211; 5.15pm |<strong> Coffee-break<\/strong><\/p>\n<p>5.15 &#8211; 6.30pm | <strong>Session INN 2023 on metaverse<\/strong> (laptop computer required) | Auditorium B2<\/p>\n<p style=\"padding-left: 40px;\"><span style=\"color: #008080;\">With Ana Constantino and Miguel Lannes Fernandes <span style=\"color: #808080;\">| Mod.:Gabriela Ferreira (ICNOVA \/ Obi.media)<\/span><\/span><\/p>\n<p>6.30pm | <strong>Conference closing <\/strong>| Auditorium B2<\/p>\n<p>____________________________________<\/p>\n<p><strong>Permanent artistic residencies on the 2nd of February<\/strong> | Rooms B301 and B302<\/p>\n<p style=\"padding-left: 80px;\"><span style=\"color: #008080;\">Media 4 Well-Being: how to depressurize through sound | with Ana Sofia Paiva &#038; Gabriela Ferreira<\/span><\/p>\n<p style=\"padding-left: 80px;\"><span style=\"color: #008080;\">On existing in the void | With Danny Bittencourt<\/span><\/p>\n<p style=\"padding-left: 80px;\"><span style=\"color: #008080;\">CAIM | With In\u00eas Bessa de Oliveira<\/span><\/p>\n<p style=\"padding-left: 80px;\"><span style=\"color: #008080;\">Weather-World Harps: sound meetings with pollution | With Ivo Louro<\/span><\/p>\n<p style=\"padding-left: 80px;\"><span style=\"color: #008080;\">Listen with eyes closed | With Lu\u00eds Antero<\/span><\/p>\n<p style=\"padding-left: 80px;\"><span style=\"color: #008080;\">Sound Walks I (begins at 2pm) and Sound Walks II (begins at 5pm), need previous registration (max. 9 participants each) | With Lu\u00eds Antero\u00a0<\/span><\/p>\n<p style=\"padding-left: 80px;\"><span style=\"color: #008080;\">The greatest of the tragedies take place, however, in quietness | With Rita Santos<\/span><\/p>\n<\/div><\/div><\/section>\n<\/div>\n<\/div><\/div><\/div><!-- close content main div --><\/div><\/div><div id='inn2023keynotespeakers'  class='avia-section av-av_section-dd8cd36bee5f193a01a1d27ffe3bf4cb main_color avia-section-default avia-no-border-styling  avia-builder-el-19  el_after_av_tab_container  el_before_av_section  avia-bg-style-scroll container_wrap sidebar_right'  ><div class='container av-section-cont-open' ><div class='template-page content  av-content-small alpha units'><div class='post-entry post-entry-type-page post-entry-6395'><div class='entry-content-wrapper clearfix'>\n<section  class='av_textblock_section av-ldfwi6pd-d995512be5aec2492ea2aaee97f69f99'  itemscope=\"itemscope\" itemtype=\"https:\/\/schema.org\/CreativeWork\" ><div class='avia_textblock'  itemprop=\"text\" ><h1>Keynote Speakers<\/h1>\n<\/div><\/section>\n<div  class='hr av-av_hr-9fd8129337b3332c2eb05dc904b6ebf8 hr-short  avia-builder-el-21  el_after_av_textblock  el_before_av_tab_container  hr-left'><span class='hr-inner '><span class=\"hr-inner-style\"><\/span><\/span><\/div>\n<div  class='tabcontainer av-ldfwky1c-c2f5296410c47fb29e3c159a4c8e8e64 sidebar_tab sidebar_tab_left  avia-builder-el-22  el_after_av_hr  avia-builder-el-last  noborder_tabs' role='tablist'>\n<section class='av_tab_section av_tab_section av-av_tab-06f531be6b5a0535f3015dcd4decf897'  itemscope=\"itemscope\" itemtype=\"https:\/\/schema.org\/CreativeWork\" ><div class='tab active_tab' role='tab' tabindex='0' data-fake-id='#tab-id-3' aria-controls='tab-id-3-content'  itemprop=\"headline\" ><span class='tab_icon' aria-hidden='true' data-av_icon='\ue80a' data-av_iconfont='entypo-fontello'><\/span>ABIGAIL WINCOTT<\/div><div id='tab-id-3-content' class='tab_content active_tab_content' aria-hidden=\"false\"><div class='tab_inner_content invers-color'  itemprop=\"text\" ><p><img loading=\"lazy\" decoding=\"async\" class=\"size-full wp-image-6030 alignleft\" src=\"https:\/\/obi.media\/wp-content\/uploads\/2022\/12\/Untitled-495-\u00d7-400-px-1.png\" alt=\"\" width=\"495\" height=\"400\" srcset=\"https:\/\/obi.media\/wp-content\/uploads\/2022\/12\/Untitled-495-\u00d7-400-px-1.png 495w, https:\/\/obi.media\/wp-content\/uploads\/2022\/12\/Untitled-495-\u00d7-400-px-1-300x242.png 300w\" sizes=\"auto, (max-width: 495px) 100vw, 495px\" \/><\/p>\n<h1><strong>Abigail Wincott<\/strong><\/h1>\n<p><span style=\"color: #333333;\"><a style=\"color: #333333;\" href=\"https:\/\/www.falmouth.ac.uk\/staff\/dr-abigail-wincott\"><span style=\"color: #008080;\"><strong>Abigail Wincott<\/strong><\/span><\/a> has worked as an audio journalist and producer for over 20 years, including 15 years at the BBC World Service and Radio 4. She joined Falmouth University&#8217;s School of Writing and Journalism in 2019, where she teaches journalism and media theory and practice, specializing in radio\/audio production.<\/span><\/p>\n<p><span style=\"color: #333333;\">Abigail has been exploring how journalists use immersive audio. In\u00a0 &#8220;<span style=\"color: #008080;\"><strong><a style=\"color: #008080;\" href=\"https:\/\/www.falmouth.ac.uk\/research\/programmes\/creative-industries-futures\/spatial-audio-journalism\">Spatial Audio Journalism<\/a><\/strong><\/span>&#8221; project she&#8217;s working with journalists to identify opportunities and challenges in the use of spatial audio, and to set an agenda for future research and development.\u00a0<\/span><\/p>\n<\/div><\/div><\/section>\n<section class='av_tab_section av_tab_section av-av_tab-5c357cecb49269f4d85180a9ad6ad2fe'  itemscope=\"itemscope\" itemtype=\"https:\/\/schema.org\/CreativeWork\" ><div class='tab' role='tab' tabindex='0' data-fake-id='#tab-id-4' aria-controls='tab-id-4-content'  itemprop=\"headline\" ><span class='tab_icon' aria-hidden='true' data-av_icon='\ue80a' data-av_iconfont='entypo-fontello'><\/span>ANA CONSTANTINO<\/div><div id='tab-id-4-content' class='tab_content' aria-hidden=\"true\"><div class='tab_inner_content invers-color'  itemprop=\"text\" ><p><img loading=\"lazy\" decoding=\"async\" class=\"size-full wp-image-6042 alignleft\" src=\"https:\/\/obi.media\/wp-content\/uploads\/2022\/12\/Untitled-495-\u00d7-400-px-2.png\" alt=\"\" width=\"495\" height=\"400\" srcset=\"https:\/\/obi.media\/wp-content\/uploads\/2022\/12\/Untitled-495-\u00d7-400-px-2.png 495w, https:\/\/obi.media\/wp-content\/uploads\/2022\/12\/Untitled-495-\u00d7-400-px-2-300x242.png 300w\" sizes=\"auto, (max-width: 495px) 100vw, 495px\" \/><\/p>\n<h1><strong>Ana Constantino<\/strong><\/h1>\n<p><a href=\"https:\/\/www.linkedin.com\/in\/aluizaconstantino\/\"><span style=\"color: #333333;\"><span style=\"color: #008080;\"><strong>Ana Constantino<\/strong><\/span><\/span><\/a><span style=\"color: #333333;\"> is the co-founder and managing director of\u00a0 <a style=\"color: #333333;\" href=\"https:\/\/www.nowhere.io\/\"><strong><span style=\"color: #008080;\">NOWHERE<\/span><\/strong><\/a>, a 3D social platform where users can interact and move around virtual spaces, create and participate in events, share content and enjoy experiences in the metaverse. Google and the city of New York are some of the its clients.<\/span><\/p>\n<p><span style=\"color: #333333;\">Ana is a brazilian entrepreneur based in NYC working on the intersection of communications, technology, experiential marketing and immersive art. In another of her projects &#8211; <span style=\"color: #008080;\"><strong><a style=\"color: #008080;\" href=\"https:\/\/www.thewindmillfactory.com\/\">The Windmill Factory<\/a><\/strong><\/span> &#8211;\u00a0 she produces artistic experiences using different media as installations and performances.<\/span><\/p>\n<\/div><\/div><\/section>\n<section class='av_tab_section av_tab_section av-ldfwkxar-227572d1815cc21a6534f2ef9dedf745'  itemscope=\"itemscope\" itemtype=\"https:\/\/schema.org\/CreativeWork\" ><div class='tab' role='tab' tabindex='0' data-fake-id='#tab-id-5' aria-controls='tab-id-5-content'  itemprop=\"headline\" ><span class='tab_icon' aria-hidden='true' data-av_icon='\ue80a' data-av_iconfont='entypo-fontello'><\/span>CL\u00c1UDIA DOMINGUES<\/div><div id='tab-id-5-content' class='tab_content' aria-hidden=\"true\"><div class='tab_inner_content invers-color'  itemprop=\"text\" ><p><img loading=\"lazy\" decoding=\"async\" class=\"size-full wp-image-6498 alignleft\" src=\"https:\/\/obi.media\/wp-content\/uploads\/2023\/01\/claudia_dominugues.png\" alt=\"\" width=\"495\" height=\"400\" srcset=\"https:\/\/obi.media\/wp-content\/uploads\/2023\/01\/claudia_dominugues.png 495w, https:\/\/obi.media\/wp-content\/uploads\/2023\/01\/claudia_dominugues-300x242.png 300w\" sizes=\"auto, (max-width: 495px) 100vw, 495px\" \/><\/p>\n<h1><span style=\"color: #333333;\"><strong>Cl\u00e1udia Domingues<\/strong><\/span><\/h1>\n<p><span style=\"color: #333333;\">Cl\u00e1udia Domingues has been Country Communication Manager at IKEA Portugal since 2015, after being part of the same company&#8217;s marketing department for about four years. With a degree in Communication Sciences from NOVA FCSH, she began her career in advertising in 1996, dedicating herself to the communication of brands in multiple businesses and areas of activity for about 16 years. At IKEA, she is responsible for internal and external communication and public affairs.<\/span><\/p>\n<\/div><\/div><\/section>\n<section class='av_tab_section av_tab_section av-av_tab-e397f64e903c19b961c83ed91ef0e285'  itemscope=\"itemscope\" itemtype=\"https:\/\/schema.org\/CreativeWork\" ><div class='tab' role='tab' tabindex='0' data-fake-id='#tab-id-6' aria-controls='tab-id-6-content'  itemprop=\"headline\" ><span class='tab_icon' aria-hidden='true' data-av_icon='\ue80a' data-av_iconfont='entypo-fontello'><\/span>JOS\u00c9 ALMEIDA BRITES<\/div><div id='tab-id-6-content' class='tab_content' aria-hidden=\"true\"><div class='tab_inner_content invers-color'  itemprop=\"text\" ><p><img loading=\"lazy\" decoding=\"async\" class=\"size-full wp-image-6046 alignleft\" src=\"https:\/\/obi.media\/wp-content\/uploads\/2022\/12\/Untitled-495-\u00d7-400-px-3.png\" alt=\"\" width=\"495\" height=\"400\" srcset=\"https:\/\/obi.media\/wp-content\/uploads\/2022\/12\/Untitled-495-\u00d7-400-px-3.png 495w, https:\/\/obi.media\/wp-content\/uploads\/2022\/12\/Untitled-495-\u00d7-400-px-3-300x242.png 300w\" sizes=\"auto, (max-width: 495px) 100vw, 495px\" \/><\/p>\n<h1><strong>Jos\u00e9 de Almeida Brites<\/strong><\/h1>\n<p><span style=\"color: #333333;\">With a Ph.D. in Neuropsychology from the University of Salamanca, Spain, Jos\u00e9 de Almeida Brites is a clinical psychologist, professor at Universidade Lus\u00f3fona and director of IPSS O Companheiro, a project that promotes, in a differentiated way, the reintegration of the ex-prisoner population into society. He is a member of the Order of Portuguese Psychologists, the European Federation of Psychologists\u2019 Associations and the Sociedad Espa\u00f1ola para estudio de la Ansiedad y el Estr\u00e9s.<\/span><\/p>\n<p><span style=\"color: #333333;\">In addition to academic production, he is the author of books aimed at the general public, including &#8220;Practical Guide to Overcoming Anxiety&#8221;.<\/span><\/p>\n<p><span style=\"color: #333333;\">At INN 2023, he will give a masterclass on mental health in research and teaching, entitled &#8220;Smiling doesn&#8217;t waste electricity and generates much more light&#8221;.<\/span><\/p>\n<\/div><\/div><\/section>\n<section class='av_tab_section av_tab_section av-av_tab-09ba36a7691281c630f86b5d7756ccf4'  itemscope=\"itemscope\" itemtype=\"https:\/\/schema.org\/CreativeWork\" ><div class='tab' role='tab' tabindex='0' data-fake-id='#tab-id-7' aria-controls='tab-id-7-content'  itemprop=\"headline\" ><span class='tab_icon' aria-hidden='true' data-av_icon='\ue80a' data-av_iconfont='entypo-fontello'><\/span>JULIA HOTZ<\/div><div id='tab-id-7-content' class='tab_content' aria-hidden=\"true\"><div class='tab_inner_content invers-color'  itemprop=\"text\" ><h1><img loading=\"lazy\" decoding=\"async\" class=\"size-full wp-image-6099 alignleft\" src=\"https:\/\/obi.media\/wp-content\/uploads\/2022\/12\/Untitled-495-\u00d7-400-px-7.png\" alt=\"\" width=\"495\" height=\"400\" srcset=\"https:\/\/obi.media\/wp-content\/uploads\/2022\/12\/Untitled-495-\u00d7-400-px-7.png 495w, https:\/\/obi.media\/wp-content\/uploads\/2022\/12\/Untitled-495-\u00d7-400-px-7-300x242.png 300w\" sizes=\"auto, (max-width: 495px) 100vw, 495px\" \/><strong>Julia Hotz<\/strong><\/h1>\n<p><a href=\"https:\/\/www.hotzthoughts.com\/about\"><span style=\"color: #008080;\"><strong>Julia Hotz<\/strong><\/span><\/a> is a solutions-focused journalist with stories in<span style=\"color: #333333;\">\u00a0<span style=\"color: #008080;\"><strong><a style=\"color: #008080;\" href=\"https:\/\/www.wired.co.uk\/article\/social-prescribing\" target=\"_blank\" rel=\"noopener\">WIRED<\/a><\/strong><\/span>, <strong><span style=\"color: #008080;\"><a style=\"color: #008080;\" href=\"https:\/\/www.nytimes.com\/2020\/08\/29\/well\/family\/meeting-people-pandemic.html\" target=\"_blank\" rel=\"noopener\">The New York Times<\/a><\/span><\/strong>, <span style=\"color: #008080;\"><strong><a style=\"color: #008080;\" href=\"https:\/\/www.bostonglobe.com\/2020\/12\/24\/opinion\/when-money-is-running-short-print-your-own\/\" target=\"_blank\" rel=\"noopener\">The Boston Globe<\/a><\/strong><\/span>, <strong><span style=\"color: #008080;\"><a style=\"color: #008080;\" href=\"https:\/\/time.com\/6114215\/if-youre-feeling-anxious-try-this-2000-year-old-neuroscience-backed-hack\/\" target=\"_blank\" rel=\"noopener\">TIME<\/a><\/span><\/strong>, <strong><span style=\"color: #008080;\"><a style=\"color: #008080;\" href=\"https:\/\/www.popsci.com\/health\/mental-health-crisis-first-aid\/\" target=\"_blank\" rel=\"noopener\">Popular Science,<\/a><\/span><\/strong>\u00a0<strong><span style=\"color: #008080;\"><a style=\"color: #008080;\" href=\"https:\/\/www.scientificamerican.com\/article\/can-an-algorithm-help-solve-political-paralysis\/\" target=\"_blank\" rel=\"noopener\">Scientific American<\/a><\/span><\/strong><span style=\"color: #008080;\"><span style=\"color: #333333;\">, and more.<\/span><\/span><em>\u00a0<\/em>She joined\u00a0<span style=\"color: #008080;\"><a style=\"color: #008080;\" href=\"https:\/\/www.solutionsjournalism.org\/\"><strong>Solutions Journalism Network<\/strong><\/a><\/span>, where she&#8217;s the fellowship manager who helps other journalists do rigorous, evidence-based reporting. She studied Sociology at Cambridge University and is writing a book about <a href=\"https:\/\/www.hotzthoughts.com\/the-social-prescription\"><strong><span style=\"color: #008080;\">social prescription<\/span><\/strong><\/a>.\u00a0<\/span><\/p>\n<\/div><\/div><\/section>\n<section class='av_tab_section av_tab_section av-av_tab-81efd915e3a26c2d95a25c8ed2463325'  itemscope=\"itemscope\" itemtype=\"https:\/\/schema.org\/CreativeWork\" ><div class='tab' role='tab' tabindex='0' data-fake-id='#tab-id-8' aria-controls='tab-id-8-content'  itemprop=\"headline\" ><span class='tab_icon' aria-hidden='true' data-av_icon='\ue80a' data-av_iconfont='entypo-fontello'><\/span>MIGUEL LANNES FERNANDES<\/div><div id='tab-id-8-content' class='tab_content' aria-hidden=\"true\"><div class='tab_inner_content invers-color'  itemprop=\"text\" ><p><img loading=\"lazy\" decoding=\"async\" class=\"size-full wp-image-6048 alignleft\" src=\"https:\/\/obi.media\/wp-content\/uploads\/2022\/12\/Untitled-495-\u00d7-400-px-4.png\" alt=\"\" width=\"495\" height=\"400\" srcset=\"https:\/\/obi.media\/wp-content\/uploads\/2022\/12\/Untitled-495-\u00d7-400-px-4.png 495w, https:\/\/obi.media\/wp-content\/uploads\/2022\/12\/Untitled-495-\u00d7-400-px-4-300x242.png 300w\" sizes=\"auto, (max-width: 495px) 100vw, 495px\" \/><\/p>\n<h1><strong>Miguel Lannes Fernandes<\/strong><\/h1>\n<p><span style=\"color: #333333;\">With a degree in Computer Engineering and a postgraduate degree in Sociology, <a style=\"color: #333333;\" href=\"https:\/\/www.linkedin.com\/in\/mlfernandes\/\"><span style=\"color: #008080;\"><strong>Miguel Lannes Fernandes<\/strong><\/span><\/a> is a digital entrepreneur and inventor. In recent years, he has specialized in developing innovative digital products and services, in automated processes, and in training teams to work in this industry. He is the founder of Inventos Digitais, CTO of Witseed and professor at Faculdades Ibmec (Brazil), in agile methods and project planning.\u00a0<\/span><\/p>\n<\/div><\/div><\/section>\n<section class='av_tab_section av_tab_section av-av_tab-9afcc14e66973f78f84e19d101baf474'  itemscope=\"itemscope\" itemtype=\"https:\/\/schema.org\/CreativeWork\" ><div class='tab' role='tab' tabindex='0' data-fake-id='#tab-id-9' aria-controls='tab-id-9-content'  itemprop=\"headline\" ><span class='tab_icon' aria-hidden='true' data-av_icon='\ue80a' data-av_iconfont='entypo-fontello'><\/span>PEDRO CAMPOS COSTA<\/div><div id='tab-id-9-content' class='tab_content' aria-hidden=\"true\"><div class='tab_inner_content invers-color'  itemprop=\"text\" ><p><img loading=\"lazy\" decoding=\"async\" class=\"size-full wp-image-6050 alignleft\" src=\"https:\/\/obi.media\/wp-content\/uploads\/2022\/12\/Untitled-495-\u00d7-400-px-6.png\" alt=\"\" width=\"495\" height=\"400\" srcset=\"https:\/\/obi.media\/wp-content\/uploads\/2022\/12\/Untitled-495-\u00d7-400-px-6.png 495w, https:\/\/obi.media\/wp-content\/uploads\/2022\/12\/Untitled-495-\u00d7-400-px-6-300x242.png 300w\" sizes=\"auto, (max-width: 495px) 100vw, 495px\" \/><\/p>\n<h1><strong>Pedro Campos Costa<\/strong><\/h1>\n<p><span style=\"color: #333333;\"> Pedro Campos Costa is an architect, curator, and university professor. He&#8217;s the founder of the <strong><span style=\"color: #008080;\"><a style=\"color: #008080;\" href=\"https:\/\/camposcosta.com\/\">atelier Campos Costa architects<\/a><\/span><\/strong>,<a href=\"https:\/\/antecamara-galeria.pt\/\"><span style=\"color: #008080;\"><strong>\u00a0Antec\u00e2mara gallery <\/strong><\/span><\/a>and<a href=\"https:\/\/antecamara-galeria.pt\/\"><span style=\"color: #008080;\"><strong> Antec\u00e2mara radio<\/strong><\/span><\/a>, a collaborative platform that uses sound space to expand and question notions about the city and which was distinguished at the Forma 2022 &#8211; National Awards for Architecture, with the Innovation Mention, for its impact on society. Pedro Campos Costa was the only Portuguese to win, in 2012, the 40 under 40 prize, which annually recognizes emerging talents in Europe in architecture. He regularly uses media in an artistic context.<\/span><\/p>\n<\/div><\/div><\/section>\n<section class='av_tab_section av_tab_section av-av_tab-a6a0ebb03e4786031e95e4a1f9e331cb'  itemscope=\"itemscope\" itemtype=\"https:\/\/schema.org\/CreativeWork\" ><div class='tab' role='tab' tabindex='0' data-fake-id='#tab-id-10' aria-controls='tab-id-10-content'  itemprop=\"headline\" ><span class='tab_icon' aria-hidden='true' data-av_icon='\ue80a' data-av_iconfont='entypo-fontello'><\/span>VERA PEN\u00caDA<\/div><div id='tab-id-10-content' class='tab_content' aria-hidden=\"true\"><div class='tab_inner_content invers-color'  itemprop=\"text\" ><p><img loading=\"lazy\" decoding=\"async\" class=\"size-full wp-image-6215 alignleft\" src=\"https:\/\/obi.media\/wp-content\/uploads\/2022\/12\/vera_pened_speaker.png\" alt=\"\" width=\"495\" height=\"400\" srcset=\"https:\/\/obi.media\/wp-content\/uploads\/2022\/12\/vera_pened_speaker.png 495w, https:\/\/obi.media\/wp-content\/uploads\/2022\/12\/vera_pened_speaker-300x242.png 300w\" sizes=\"auto, (max-width: 495px) 100vw, 495px\" \/><\/p>\n<h1><span style=\"color: #333333;\"><strong>Vera Pen\u00eada<\/strong><\/span><\/h1>\n<p><span style=\"color: #333333;\">Vera Pen\u00eada is the Director of Programmes &#038; Impact at the <span style=\"color: #008080;\"><strong><a style=\"color: #008080;\" href=\"https:\/\/ejc.net\/\">European Journalism Centre<\/a><\/strong><\/span> (EJC) in Maastricht, the Netherlands, where she has worked since 2019. She designs and develops projects at the intersection of journalism, innovation and tech. These aim to help Europe-based newsrooms and journalists adapt to new challenges and become more resilient.<\/span><\/p>\n<p><span style=\"color: #333333;\">Before that, she spent five years in Mexico as a training coordinator of journalism &#038; visual storytelling at the Institute for <span style=\"color: #008080;\"><strong><a style=\"color: #008080;\" href=\"https:\/\/iwpr.net\/\">War &#038; Peace Reporting (IWPR)<\/a><\/strong><\/span>, supporting independent journalists from countries with oppressive regimes across Latin America. Between 2007 and 2014, Vera lived in China, where she worked as a correspondent and multimedia editor.<\/span><\/p>\n<p><span style=\"color: #333333;\">She began her career in journalism with an internship at P\u00fablico, a newspaper in her native Portugal.<\/span><\/p>\n<\/div><\/div><\/section>\n<\/div>\n\n<\/div><\/div><\/div><!-- close content main div --><\/div><\/div><div id='inn2023chamadas'  class='avia-section av-f2ho5o-fc4149bf8ca3b8c7cca622054e7c776c main_color avia-section-default avia-no-border-styling  avia-builder-el-23  el_after_av_section  avia-builder-el-last  avia-bg-style-scroll container_wrap sidebar_right'  ><div class='container av-section-cont-open' ><div class='template-page content  av-content-small alpha units'><div class='post-entry post-entry-type-page post-entry-6395'><div class='entry-content-wrapper clearfix'>\n<div class='flex_column av-etztcs-6dc45d4af5df7937f3e3b7525ca325f1 av_one_half  avia-builder-el-24  el_before_av_one_half  avia-builder-el-first  first flex_column_div '     ><section  class='av_textblock_section av-d0bhm4-df1faf46551d1878ea1e8fcebe6d25a6'  itemscope=\"itemscope\" itemtype=\"https:\/\/schema.org\/CreativeWork\" ><div class='avia_textblock'  itemprop=\"text\" ><h1>Contact<\/h1>\n<\/div><\/section><br \/>\n<div  class='hr av-15djpo-4a7a8d75b76c65789f036436187510e1 hr-short  avia-builder-el-26  el_after_av_textblock  el_before_av_textblock  hr-left'><span class='hr-inner '><span class=\"hr-inner-style\"><\/span><\/span><\/div><br \/>\n<section  class='av_textblock_section av-8nf4kc-090df1524622dc320bfc2ae117811c88'  itemscope=\"itemscope\" itemtype=\"https:\/\/schema.org\/CreativeWork\" ><div class='avia_textblock'  itemprop=\"text\" ><p><span style=\"color: #333333;\">Would you like to contact the INN 2023 Organizing Committee? Send us an e-mail with your questions.<\/span><\/p>\n<p><span style=\"color: #333333;\">Alternatively, use the Obi.Media or ICNOVA contacts, available<\/span> <span style=\"color: #008080;\"><strong><a style=\"color: #008080;\" href=\"https:\/\/obi.media\/en\/obi-media-who-we-are\/#contactos\">here<\/a><br \/>\n<\/strong><\/span><\/p>\n<\/div><\/section><\/p><\/div><div class='flex_column av-7n2ed8-68f5616e086f7eb976d38c18298a2a37 av_one_half  avia-builder-el-28  el_after_av_one_half  avia-builder-el-last  flex_column_div '     ><section  class='av_textblock_section av-67wmcs-c4e3c963fcdc926db8598262b56af3b5'  itemscope=\"itemscope\" itemtype=\"https:\/\/schema.org\/CreativeWork\" ><div class='avia_textblock'  itemprop=\"text\" ><h4><strong>E-mail<\/strong><\/h4>\n<\/div><\/section><br \/>\n<div  class='hr av-4holx8-95ef276b30b27458693f021a042fffcf hr-short  avia-builder-el-30  el_after_av_textblock  el_before_av_textblock  hr-left'><span class='hr-inner '><span class=\"hr-inner-style\"><\/span><\/span><\/div><br \/>\n<section  class='av_textblock_section av-2yisq4-be61da446572cbba613ff3847a17e121'  itemscope=\"itemscope\" itemtype=\"https:\/\/schema.org\/CreativeWork\" ><div class='avia_textblock'  itemprop=\"text\" ><h3><a href=\"mailto:obimedia@obi.media\">obimedia@obi.media<\/a><\/h3>\n<\/div><\/section><\/p><\/div>\n<\/div><\/div><\/div><!-- close content main div --><\/div><\/div><div id='after_section_3'  class='main_color av_default_container_wrap container_wrap sidebar_right'  ><div class='container av-section-cont-open' ><div class='template-page content  av-content-small alpha units'><div class='post-entry post-entry-type-page post-entry-6395'><div class='entry-content-wrapper clearfix'>\n","protected":false},"excerpt":{"rendered":"","protected":false},"author":1,"featured_media":0,"parent":0,"menu_order":0,"comment_status":"closed","ping_status":"closed","template":"","meta":{"om_disable_all_campaigns":false,"_monsterinsights_skip_tracking":false,"_monsterinsights_sitenote_active":false,"_monsterinsights_sitenote_note":"","_monsterinsights_sitenote_category":0,"footnotes":""},"class_list":["post-6395","page","type-page","status-publish","hentry"],"yoast_head":"<!-- This site is optimized with the Yoast SEO plugin v27.4 - https:\/\/yoast.com\/product\/yoast-seo-wordpress\/ -->\n<title>INN 2023 - Programme - Obi.Media<\/title>\n<meta name=\"robots\" content=\"index, follow, max-snippet:-1, max-image-preview:large, max-video-preview:-1\" \/>\n<link rel=\"canonical\" href=\"https:\/\/obi.media\/en\/inn-2023-programme\/\" \/>\n<meta property=\"og:locale\" content=\"en_US\" \/>\n<meta property=\"og:type\" content=\"article\" \/>\n<meta property=\"og:title\" content=\"INN 2023 - Programme - Obi.Media\" \/>\n<meta property=\"og:url\" content=\"https:\/\/obi.media\/en\/inn-2023-programme\/\" \/>\n<meta property=\"og:site_name\" content=\"Obi.Media\" \/>\n<meta property=\"article:publisher\" content=\"https:\/\/www.facebook.com\/ObiMedia.NOVAFCSH\" \/>\n<meta property=\"article:modified_time\" content=\"2023-03-13T11:00:53+00:00\" \/>\n<meta property=\"og:image\" content=\"https:\/\/obi.media\/wp-content\/uploads\/2023\/01\/claudia_dominugues.png\" \/>\n<meta name=\"twitter:card\" content=\"summary_large_image\" \/>\n<meta name=\"twitter:site\" content=\"@ObiMedia\" \/>\n<meta name=\"twitter:label1\" content=\"Est. reading time\" \/>\n\t<meta name=\"twitter:data1\" content=\"26 minutes\" \/>\n<script type=\"application\/ld+json\" class=\"yoast-schema-graph\">{\"@context\":\"https:\\\/\\\/schema.org\",\"@graph\":[{\"@type\":\"WebPage\",\"@id\":\"https:\\\/\\\/obi.media\\\/en\\\/inn-2023-programme\\\/\",\"url\":\"https:\\\/\\\/obi.media\\\/en\\\/inn-2023-programme\\\/\",\"name\":\"INN 2023 - Programme - Obi.Media\",\"isPartOf\":{\"@id\":\"https:\\\/\\\/obi.media\\\/#website\"},\"primaryImageOfPage\":{\"@id\":\"https:\\\/\\\/obi.media\\\/en\\\/inn-2023-programme\\\/#primaryimage\"},\"image\":{\"@id\":\"https:\\\/\\\/obi.media\\\/en\\\/inn-2023-programme\\\/#primaryimage\"},\"thumbnailUrl\":\"https:\\\/\\\/obi.media\\\/wp-content\\\/uploads\\\/2023\\\/01\\\/claudia_dominugues.png\",\"datePublished\":\"2023-01-19T09:30:07+00:00\",\"dateModified\":\"2023-03-13T11:00:53+00:00\",\"breadcrumb\":{\"@id\":\"https:\\\/\\\/obi.media\\\/en\\\/inn-2023-programme\\\/#breadcrumb\"},\"inLanguage\":\"en-US\",\"potentialAction\":[{\"@type\":\"ReadAction\",\"target\":[\"https:\\\/\\\/obi.media\\\/en\\\/inn-2023-programme\\\/\"]}]},{\"@type\":\"ImageObject\",\"inLanguage\":\"en-US\",\"@id\":\"https:\\\/\\\/obi.media\\\/en\\\/inn-2023-programme\\\/#primaryimage\",\"url\":\"https:\\\/\\\/obi.media\\\/wp-content\\\/uploads\\\/2023\\\/01\\\/claudia_dominugues.png\",\"contentUrl\":\"https:\\\/\\\/obi.media\\\/wp-content\\\/uploads\\\/2023\\\/01\\\/claudia_dominugues.png\"},{\"@type\":\"BreadcrumbList\",\"@id\":\"https:\\\/\\\/obi.media\\\/en\\\/inn-2023-programme\\\/#breadcrumb\",\"itemListElement\":[{\"@type\":\"ListItem\",\"position\":1,\"name\":\"In\u00edcio\",\"item\":\"https:\\\/\\\/obi.media\\\/homepage-obimedia\\\/\"},{\"@type\":\"ListItem\",\"position\":2,\"name\":\"INN 2023 &#8211; Programme\"}]},{\"@type\":\"WebSite\",\"@id\":\"https:\\\/\\\/obi.media\\\/#website\",\"url\":\"https:\\\/\\\/obi.media\\\/\",\"name\":\"Obi.Media\",\"description\":\"Observat\u00f3rio de Inova\u00e7\u00e3o nos Media\",\"publisher\":{\"@id\":\"https:\\\/\\\/obi.media\\\/#organization\"},\"potentialAction\":[{\"@type\":\"SearchAction\",\"target\":{\"@type\":\"EntryPoint\",\"urlTemplate\":\"https:\\\/\\\/obi.media\\\/?s={search_term_string}\"},\"query-input\":{\"@type\":\"PropertyValueSpecification\",\"valueRequired\":true,\"valueName\":\"search_term_string\"}}],\"inLanguage\":\"en-US\"},{\"@type\":\"Organization\",\"@id\":\"https:\\\/\\\/obi.media\\\/#organization\",\"name\":\"Obi.Media\",\"url\":\"https:\\\/\\\/obi.media\\\/\",\"logo\":{\"@type\":\"ImageObject\",\"inLanguage\":\"en-US\",\"@id\":\"https:\\\/\\\/obi.media\\\/#\\\/schema\\\/logo\\\/image\\\/\",\"url\":\"https:\\\/\\\/secureservercdn.net\\\/160.153.138.201\\\/ejx.2f6.myftpupload.com\\\/wp-content\\\/uploads\\\/2022\\\/09\\\/Logo-ObiMedia2021__hor_cor_2_b-e1663619321538.png?time=1664795536\",\"contentUrl\":\"https:\\\/\\\/secureservercdn.net\\\/160.153.138.201\\\/ejx.2f6.myftpupload.com\\\/wp-content\\\/uploads\\\/2022\\\/09\\\/Logo-ObiMedia2021__hor_cor_2_b-e1663619321538.png?time=1664795536\",\"width\":686,\"height\":259,\"caption\":\"Obi.Media\"},\"image\":{\"@id\":\"https:\\\/\\\/obi.media\\\/#\\\/schema\\\/logo\\\/image\\\/\"},\"sameAs\":[\"https:\\\/\\\/www.facebook.com\\\/ObiMedia.NOVAFCSH\",\"https:\\\/\\\/x.com\\\/ObiMedia\",\"https:\\\/\\\/www.instagram.com\\\/obi.media\\\/\"]}]}<\/script>\n<!-- \/ Yoast SEO plugin. -->","yoast_head_json":{"title":"INN 2023 - Programme - Obi.Media","robots":{"index":"index","follow":"follow","max-snippet":"max-snippet:-1","max-image-preview":"max-image-preview:large","max-video-preview":"max-video-preview:-1"},"canonical":"https:\/\/obi.media\/en\/inn-2023-programme\/","og_locale":"en_US","og_type":"article","og_title":"INN 2023 - Programme - Obi.Media","og_url":"https:\/\/obi.media\/en\/inn-2023-programme\/","og_site_name":"Obi.Media","article_publisher":"https:\/\/www.facebook.com\/ObiMedia.NOVAFCSH","article_modified_time":"2023-03-13T11:00:53+00:00","og_image":[{"url":"https:\/\/obi.media\/wp-content\/uploads\/2023\/01\/claudia_dominugues.png","type":"","width":"","height":""}],"twitter_card":"summary_large_image","twitter_site":"@ObiMedia","twitter_misc":{"Est. reading time":"26 minutes"},"schema":{"@context":"https:\/\/schema.org","@graph":[{"@type":"WebPage","@id":"https:\/\/obi.media\/en\/inn-2023-programme\/","url":"https:\/\/obi.media\/en\/inn-2023-programme\/","name":"INN 2023 - Programme - Obi.Media","isPartOf":{"@id":"https:\/\/obi.media\/#website"},"primaryImageOfPage":{"@id":"https:\/\/obi.media\/en\/inn-2023-programme\/#primaryimage"},"image":{"@id":"https:\/\/obi.media\/en\/inn-2023-programme\/#primaryimage"},"thumbnailUrl":"https:\/\/obi.media\/wp-content\/uploads\/2023\/01\/claudia_dominugues.png","datePublished":"2023-01-19T09:30:07+00:00","dateModified":"2023-03-13T11:00:53+00:00","breadcrumb":{"@id":"https:\/\/obi.media\/en\/inn-2023-programme\/#breadcrumb"},"inLanguage":"en-US","potentialAction":[{"@type":"ReadAction","target":["https:\/\/obi.media\/en\/inn-2023-programme\/"]}]},{"@type":"ImageObject","inLanguage":"en-US","@id":"https:\/\/obi.media\/en\/inn-2023-programme\/#primaryimage","url":"https:\/\/obi.media\/wp-content\/uploads\/2023\/01\/claudia_dominugues.png","contentUrl":"https:\/\/obi.media\/wp-content\/uploads\/2023\/01\/claudia_dominugues.png"},{"@type":"BreadcrumbList","@id":"https:\/\/obi.media\/en\/inn-2023-programme\/#breadcrumb","itemListElement":[{"@type":"ListItem","position":1,"name":"In\u00edcio","item":"https:\/\/obi.media\/homepage-obimedia\/"},{"@type":"ListItem","position":2,"name":"INN 2023 &#8211; Programme"}]},{"@type":"WebSite","@id":"https:\/\/obi.media\/#website","url":"https:\/\/obi.media\/","name":"Obi.Media","description":"Observat\u00f3rio de Inova\u00e7\u00e3o nos Media","publisher":{"@id":"https:\/\/obi.media\/#organization"},"potentialAction":[{"@type":"SearchAction","target":{"@type":"EntryPoint","urlTemplate":"https:\/\/obi.media\/?s={search_term_string}"},"query-input":{"@type":"PropertyValueSpecification","valueRequired":true,"valueName":"search_term_string"}}],"inLanguage":"en-US"},{"@type":"Organization","@id":"https:\/\/obi.media\/#organization","name":"Obi.Media","url":"https:\/\/obi.media\/","logo":{"@type":"ImageObject","inLanguage":"en-US","@id":"https:\/\/obi.media\/#\/schema\/logo\/image\/","url":"https:\/\/secureservercdn.net\/160.153.138.201\/ejx.2f6.myftpupload.com\/wp-content\/uploads\/2022\/09\/Logo-ObiMedia2021__hor_cor_2_b-e1663619321538.png?time=1664795536","contentUrl":"https:\/\/secureservercdn.net\/160.153.138.201\/ejx.2f6.myftpupload.com\/wp-content\/uploads\/2022\/09\/Logo-ObiMedia2021__hor_cor_2_b-e1663619321538.png?time=1664795536","width":686,"height":259,"caption":"Obi.Media"},"image":{"@id":"https:\/\/obi.media\/#\/schema\/logo\/image\/"},"sameAs":["https:\/\/www.facebook.com\/ObiMedia.NOVAFCSH","https:\/\/x.com\/ObiMedia","https:\/\/www.instagram.com\/obi.media\/"]}]}},"_links":{"self":[{"href":"https:\/\/obi.media\/en\/wp-json\/wp\/v2\/pages\/6395","targetHints":{"allow":["GET"]}}],"collection":[{"href":"https:\/\/obi.media\/en\/wp-json\/wp\/v2\/pages"}],"about":[{"href":"https:\/\/obi.media\/en\/wp-json\/wp\/v2\/types\/page"}],"author":[{"embeddable":true,"href":"https:\/\/obi.media\/en\/wp-json\/wp\/v2\/users\/1"}],"replies":[{"embeddable":true,"href":"https:\/\/obi.media\/en\/wp-json\/wp\/v2\/comments?post=6395"}],"version-history":[{"count":31,"href":"https:\/\/obi.media\/en\/wp-json\/wp\/v2\/pages\/6395\/revisions"}],"predecessor-version":[{"id":6615,"href":"https:\/\/obi.media\/en\/wp-json\/wp\/v2\/pages\/6395\/revisions\/6615"}],"wp:attachment":[{"href":"https:\/\/obi.media\/en\/wp-json\/wp\/v2\/media?parent=6395"}],"curies":[{"name":"wp","href":"https:\/\/api.w.org\/{rel}","templated":true}]}}