{"id":5471,"date":"2022-11-21T12:58:50","date_gmt":"2022-11-21T12:58:50","guid":{"rendered":"https:\/\/obi.media\/inn2023-call-for-artistic-and-research-residencies\/"},"modified":"2022-12-21T09:52:24","modified_gmt":"2022-12-21T09:52:24","slug":"inn2023-call-for-artistic-and-research-residencies","status":"publish","type":"page","link":"https:\/\/obi.media\/en\/inn2023-call-for-artistic-and-research-residencies\/","title":{"rendered":"INN2023 &#8211; Call for artist and research residencies"},"content":{"rendered":"<div class='clear'><\/div><div id='sub_menu1'  class='av-submenu-container av-m51yjd-0c7a28c8b4318b6e594e51a83f8dca0b socket_color  avia-builder-el-0  el_before_av_section  avia-builder-el-first  av-sticky-submenu container_wrap sidebar_right' style='z-index:301' ><div class='container av-menu-mobile-disabled av-submenu-pos-center'><ul id='av-custom-submenu-1' class='av-subnav-menu'>\n<li class='menu-item av-l8q4e1-e0fa6740d5dcb82560279eb35d3002fa menu-item-top-level menu-item-top-level-1'><a href='https:\/\/obi.media\/en\/inn2023\/#inn2023program' ><span class='avia-bullet'><\/span><span class='avia-menu-text'>Programme<\/span><\/a><\/li>\n<li class='menu-item av-jqa8u1-21fe23d19d1a611d9180916d7fbd5ede menu-item-top-level menu-item-top-level-2'><a href='https:\/\/obi.media\/en\/inn2023\/inn2023-committees\/' ><span class='avia-bullet'><\/span><span class='avia-menu-text'>Committees <\/span><\/a><\/li>\n<li class='menu-item av-h9vsxl-9e4b876a5bbab0aba8a4d5829b30c8ad menu-item-top-level menu-item-top-level-3'><a href='' ><span class='avia-bullet'><\/span><span class='avia-menu-text'>Information<\/span><\/a><\/li>\n<li class='menu-item av-fgswsp-8b98103fdf2ca64292dd813009687cab menu-item-top-level menu-item-top-level-4'><a href='https:\/\/obi.media\/en\/inn2023\/#inn2023registration' ><span class='avia-bullet'><\/span><span class='avia-menu-text'>Registration<\/span><\/a><\/li>\n<\/ul><\/div><\/div><div class='sticky_placeholder'><\/div>\n<div id='av_section_1'  class='avia-section av-dr81p5-18da491b4c47239f7198270b2192e42f main_color avia-section-default avia-no-border-styling  avia-builder-el-1  el_after_av_submenu  el_before_av_one_full  avia-bg-style-scroll container_wrap sidebar_right'  ><div class='container av-section-cont-open' ><div class='template-page content  av-content-small alpha units'><div class='post-entry post-entry-type-page post-entry-5471'><div class='entry-content-wrapper clearfix'>\n\n<style type=\"text\/css\" data-created_by=\"avia_inline_auto\" id=\"style-css-av-bug1w9-189a9e7cdfd07a98a44a8bfec2712fc5\">\n.avia-image-container.av-bug1w9-189a9e7cdfd07a98a44a8bfec2712fc5 img.avia_image{\nbox-shadow:none;\n}\n.avia-image-container.av-bug1w9-189a9e7cdfd07a98a44a8bfec2712fc5 .av-image-caption-overlay-center{\ncolor:#ffffff;\n}\n<\/style>\n<div  class='avia-image-container av-bug1w9-189a9e7cdfd07a98a44a8bfec2712fc5 av-styling- avia-align-center  avia-builder-el-2  avia-builder-el-no-sibling '   itemprop=\"image\" itemscope=\"itemscope\" itemtype=\"https:\/\/schema.org\/ImageObject\" ><div class=\"avia-image-container-inner\"><div class=\"avia-image-overlay-wrap\"><img decoding=\"async\" class='wp-image-5283 avia-img-lazy-loading-not-5283 avia_image ' src=\"https:\/\/obi.media\/wp-content\/uploads\/2022\/11\/INN23_facebook-cover-820x360px.png\" alt='' title='INN23_facebook cover 820x360px'  height=\"360\" width=\"820\"  itemprop=\"thumbnailUrl\" srcset=\"https:\/\/obi.media\/wp-content\/uploads\/2022\/11\/INN23_facebook-cover-820x360px.png 820w, https:\/\/obi.media\/wp-content\/uploads\/2022\/11\/INN23_facebook-cover-820x360px-300x132.png 300w, https:\/\/obi.media\/wp-content\/uploads\/2022\/11\/INN23_facebook-cover-820x360px-768x337.png 768w, https:\/\/obi.media\/wp-content\/uploads\/2022\/11\/INN23_facebook-cover-820x360px-705x310.png 705w\" sizes=\"(max-width: 820px) 100vw, 820px\" \/><\/div><\/div><\/div>\n<\/div><\/div><\/div><!-- close content main div --><\/div><\/div><div id='after_section_1'  class='main_color av_default_container_wrap container_wrap sidebar_right'  ><div class='container av-section-cont-open' ><div class='template-page content  av-content-small alpha units'><div class='post-entry post-entry-type-page post-entry-5471'><div class='entry-content-wrapper clearfix'>\n<div class='flex_column av-a8q2sp-eb639a32ac1d690669c60bb2db4d833f av_one_full  avia-builder-el-3  el_after_av_section  avia-builder-el-no-sibling  first flex_column_div '     ><section  class='av_textblock_section av-laqs57vv-1d6b35ceb8b0e318521f28f04d2c83da'  itemscope=\"itemscope\" itemtype=\"https:\/\/schema.org\/CreativeWork\" ><div class='avia_textblock'  itemprop=\"text\" ><h1 style=\"text-align: center;\">INN2023 | Call for artist and research residencies<\/h1>\n<\/div><\/section><br \/>\n<div  class='hr av-9ru82x-28398296f382744b38aaee482b1edf06 hr-short  avia-builder-el-5  el_after_av_textblock  el_before_av_button  hr-center'><span class='hr-inner '><span class=\"hr-inner-style\"><\/span><\/span><\/div><br \/>\n<div  class='avia-button-wrap av-laqsnocz-8b98efe43f8d4540e8be02b96014c120-wrap avia-button-center  avia-builder-el-6  el_after_av_hr  el_before_av_hr ' >\n<style type=\"text\/css\" data-created_by=\"avia_inline_auto\" id=\"style-css-av-laqsnocz-8b98efe43f8d4540e8be02b96014c120\">\n#top #wrap_all .avia-button.av-laqsnocz-8b98efe43f8d4540e8be02b96014c120{\nborder-style:none;\nborder-color:#ffffff;\nbox-shadow:none;\n-webkit-transition:all 0.4s ease-in-out;\n-moz-transition:all 0.4s ease-in-out;\n-ms-transition:all 0.4s ease-in-out;\n-o-transition:all 0.4s ease-in-out;\ntransition:all 0.4s ease-in-out;\n}\n<\/style>\n<a href=''  class='avia-button av-laqsnocz-8b98efe43f8d4540e8be02b96014c120 avia-icon_select-no avia-size-large avia-position-center avia-color-red' ><span class='avia_iconbox_title' >Submission deadline: December 30th<\/span><\/a><\/div><br \/>\n<div  class='hr av-7c8xk9-4dcc80277a312a0bbdfe5dc409592c03 hr-short  avia-builder-el-7  el_after_av_button  el_before_av_textblock  hr-center'><span class='hr-inner '><span class=\"hr-inner-style\"><\/span><\/span><\/div><br \/>\n<section  class='av_textblock_section av-laqsc6fy-176da600755cd10eb97070e51c3c28da'  itemscope=\"itemscope\" itemtype=\"https:\/\/schema.org\/CreativeWork\" ><div class='avia_textblock'  itemprop=\"text\" ><p><span style=\"color: #333333;\">In our times, innovating carries a cumulative, fluid, and paradoxical dimension: the new contexts and the pace of change do not make it an option. Innovation seems to be mandatory, but there is no single formula. Above all, innovating immediately implies a question: Why? And then another: How? Early studies in media innovation reflected the priority given in the industry to technological innovation (Pavlik, 2013; Posetti, 2018). However, the multidisciplinary and convergent nature of innovation in the media requires the strengthening of research lines in various dimensions &#8211; from narrative to social innovation, from financial to inclusive, from responsible to sustainable &#8211; and associated with multiple themes, such as journalism, audio studies and other formats, media skills and media literacy, well-being and work contexts, or media production in the other creative industries; in short, it is necessary to explore the concept of innovation from a conceptual and performative point of view in the media sector and beyond.<\/span><\/p>\n<p><span style=\"color: #333333;\">INN 2023 &#8211; I International Conference on Media Innovation, in a bilingual edition, is dedicated to the theme &#8220;(Per)forming Innovation&#8221; and also presents an innovative structure: a makeathon for doctoral students and young researchers, workshops and master classes, theoretical discussions, debates with professionals, hybrid sessions, artistic residencies, and also the first edition of media innovation awards.<\/span><\/p>\n<p><span style=\"color: #333333;\">There are calls for two formats: <strong>communications<\/strong> and proposals for <strong>artist and research residencies<\/strong>.<\/span><\/p>\n<p><span style=\"color: #333333;\">In the proposals for<strong> artist and research residencies<\/strong>, we encourage physical and virtual artistic experiences related to the theme &#8220;(Per)forming innovation&#8221;, during the three days of the conference, capable of involving the public, namely:<\/span><\/p>\n<ol>\n<li><span style=\"color: #333333;\">experiments\/ prototypes\/installations with sound, image, video, text or other immersive formats;<\/span><\/li>\n<li><span style=\"color: #333333;\">works in the visual arts (architecture, fine arts, design, photography and new media);<\/span><\/li>\n<li><span style=\"color: #333333;\">works in the field of performing arts;<\/span><\/li>\n<li><span style=\"color: #333333;\">disciplinary intersections and other artistic experiences appropriate to the conference format.<\/span><\/li>\n<\/ol>\n<\/div><\/section><br \/>\n<div  class='hr av-5pbvjd-38285b396c9a6c6d9096aea8833d4ed8 hr-short  avia-builder-el-9  el_after_av_textblock  el_before_av_textblock  hr-center'><span class='hr-inner '><span class=\"hr-inner-style\"><\/span><\/span><\/div><br \/>\n<section  class='av_textblock_section av-laqsmaal-7cf8e94a595c56233a421af7d395326b'  itemscope=\"itemscope\" itemtype=\"https:\/\/schema.org\/CreativeWork\" ><div class='avia_textblock'  itemprop=\"text\" ><h2 style=\"text-align: center;\">Guidelines for submitting proposals<\/h2>\n<p><span style=\"color: #333333;\">Proposals should follow the following guidelines:<\/span><\/p>\n<ul>\n<li><span style=\"color: #333333;\">be written in Portuguese or English;<\/span><\/li>\n<li><span style=\"color: #333333;\">not exceed 500 words;<\/span><\/li>\n<li><span style=\"color: #333333;\">include up to 5 keywords;<\/span><\/li>\n<li><span style=\"color: #333333;\">include the authors&#8217; names and a short biography and\/or portfolio;<\/span><\/li>\n<li><span style=\"color: #333333;\">categorize the project in the artistic areas in which it falls;<\/span><\/li>\n<li><span style=\"color: #333333;\">clearly state the objective of the project and the residency, how it realizes the concept &#8220;(Per)forming innovation&#8221; during the conference (at one or several moments) and, if applicable, necessary requirements (such as space and equipment).<\/span><\/li>\n<\/ul>\n<p><span style=\"color: #333333;\">Contact us for more information: <strong>obimedia@obi.media<\/strong><\/span><\/p>\n<p><span style=\"color: #333333;\">Proposals should be sent to the e-mail <strong>obimedia@obi.media<\/strong> until <strong>December <del>20<\/del> 30th (final deadline),<\/strong> mentioning the subject &#8220;INN2023: Proposal for Artist Residency&#8221;. Proposals will be evaluated by members of the conference&#8217;s Scientific and Artistic Committee and authors will be notified of the decision by <strong>January 3<\/strong>. <\/span><\/p>\n<\/div><\/section><br \/>\n<div  class='hr av-48gl0p-7831010507ab89e03d1bd16a516247f3 hr-short  avia-builder-el-11  el_after_av_textblock  el_before_av_textblock  hr-center'><span class='hr-inner '><span class=\"hr-inner-style\"><\/span><\/span><\/div><br \/>\n<section  class='av_textblock_section av-laqsmq8s-c4e4527dc4418165a095f6922ffa70a2'  itemscope=\"itemscope\" itemtype=\"https:\/\/schema.org\/CreativeWork\" ><div class='avia_textblock'  itemprop=\"text\" ><h2 style=\"text-align: center;\">Full Papers and Essays<\/h2>\n<p style=\"text-align: left;\"><span style=\"color: #333333;\">Authors are not required to submit full papers or essays on the residencies but may do so after the conference to the journals associated with the event: <a href=\"https:\/\/impactum-journals.uc.pt\/mj\"><strong>Media &#038; Journalism<\/strong><\/a>\u00a0journal will host a limited selection of the best papers subject to a prior peer review process;\u00a0<a href=\"https:\/\/rcl.fcsh.unl.pt\/index.php\/rcl\" target=\"_blank\" rel=\"noreferrer noopener\"><strong>Journal of Communication and Languages<\/strong><\/a>\u00a0will edit a thematic issue dedicated to media innovation in artistic and cultural contexts, to be published in 2024, with a selection of the best articles subject to a peer-review process. Both are indexed in Scopus. More information about publication guidelines and dates will be published in due course. <\/span><\/p>\n<\/div><\/section><br \/>\n<div  class='hr av-2ktdmx-13b4bbbe6199c7ad9991b7191e682b93 hr-short  avia-builder-el-13  el_after_av_textblock  avia-builder-el-last  hr-center'><span class='hr-inner '><span class=\"hr-inner-style\"><\/span><\/span><\/div><\/p><\/div>\n","protected":false},"excerpt":{"rendered":"","protected":false},"author":1,"featured_media":0,"parent":0,"menu_order":0,"comment_status":"closed","ping_status":"closed","template":"","meta":{"om_disable_all_campaigns":false,"_monsterinsights_skip_tracking":false,"_monsterinsights_sitenote_active":false,"_monsterinsights_sitenote_note":"","_monsterinsights_sitenote_category":0,"footnotes":""},"class_list":["post-5471","page","type-page","status-publish","hentry"],"yoast_head":"<!-- This site is optimized with the Yoast SEO plugin v27.4 - https:\/\/yoast.com\/product\/yoast-seo-wordpress\/ -->\n<title>INN2023 - Call for artist and research residencies - Obi.Media<\/title>\n<meta name=\"robots\" content=\"index, follow, max-snippet:-1, max-image-preview:large, max-video-preview:-1\" \/>\n<link rel=\"canonical\" href=\"https:\/\/obi.media\/en\/inn2023-call-for-artistic-and-research-residencies\/\" \/>\n<meta property=\"og:locale\" content=\"en_US\" \/>\n<meta property=\"og:type\" content=\"article\" \/>\n<meta property=\"og:title\" content=\"INN2023 - Call for artist and research residencies - Obi.Media\" \/>\n<meta property=\"og:url\" content=\"https:\/\/obi.media\/en\/inn2023-call-for-artistic-and-research-residencies\/\" \/>\n<meta property=\"og:site_name\" content=\"Obi.Media\" \/>\n<meta property=\"article:publisher\" content=\"https:\/\/www.facebook.com\/ObiMedia.NOVAFCSH\" \/>\n<meta property=\"article:modified_time\" content=\"2022-12-21T09:52:24+00:00\" \/>\n<meta property=\"og:image\" content=\"https:\/\/obi.media\/wp-content\/uploads\/2022\/10\/email-marketing-1-e1664789168861.png\" \/>\n\t<meta property=\"og:image:width\" content=\"690\" \/>\n\t<meta property=\"og:image:height\" content=\"428\" \/>\n\t<meta property=\"og:image:type\" content=\"image\/png\" \/>\n<meta name=\"twitter:card\" content=\"summary_large_image\" \/>\n<meta name=\"twitter:site\" content=\"@ObiMedia\" \/>\n<meta name=\"twitter:label1\" content=\"Est. reading time\" \/>\n\t<meta name=\"twitter:data1\" content=\"6 minutes\" \/>\n<script type=\"application\/ld+json\" class=\"yoast-schema-graph\">{\"@context\":\"https:\\\/\\\/schema.org\",\"@graph\":[{\"@type\":\"WebPage\",\"@id\":\"https:\\\/\\\/obi.media\\\/en\\\/inn2023-call-for-artistic-and-research-residencies\\\/\",\"url\":\"https:\\\/\\\/obi.media\\\/en\\\/inn2023-call-for-artistic-and-research-residencies\\\/\",\"name\":\"INN2023 - Call for artist and research residencies - Obi.Media\",\"isPartOf\":{\"@id\":\"https:\\\/\\\/obi.media\\\/#website\"},\"datePublished\":\"2022-11-21T12:58:50+00:00\",\"dateModified\":\"2022-12-21T09:52:24+00:00\",\"breadcrumb\":{\"@id\":\"https:\\\/\\\/obi.media\\\/en\\\/inn2023-call-for-artistic-and-research-residencies\\\/#breadcrumb\"},\"inLanguage\":\"en-US\",\"potentialAction\":[{\"@type\":\"ReadAction\",\"target\":[\"https:\\\/\\\/obi.media\\\/en\\\/inn2023-call-for-artistic-and-research-residencies\\\/\"]}]},{\"@type\":\"BreadcrumbList\",\"@id\":\"https:\\\/\\\/obi.media\\\/en\\\/inn2023-call-for-artistic-and-research-residencies\\\/#breadcrumb\",\"itemListElement\":[{\"@type\":\"ListItem\",\"position\":1,\"name\":\"In\u00edcio\",\"item\":\"https:\\\/\\\/obi.media\\\/homepage-obimedia\\\/\"},{\"@type\":\"ListItem\",\"position\":2,\"name\":\"INN2023 &#8211; Call for artist and research residencies\"}]},{\"@type\":\"WebSite\",\"@id\":\"https:\\\/\\\/obi.media\\\/#website\",\"url\":\"https:\\\/\\\/obi.media\\\/\",\"name\":\"Obi.Media\",\"description\":\"Observat\u00f3rio de Inova\u00e7\u00e3o nos Media\",\"publisher\":{\"@id\":\"https:\\\/\\\/obi.media\\\/#organization\"},\"potentialAction\":[{\"@type\":\"SearchAction\",\"target\":{\"@type\":\"EntryPoint\",\"urlTemplate\":\"https:\\\/\\\/obi.media\\\/?s={search_term_string}\"},\"query-input\":{\"@type\":\"PropertyValueSpecification\",\"valueRequired\":true,\"valueName\":\"search_term_string\"}}],\"inLanguage\":\"en-US\"},{\"@type\":\"Organization\",\"@id\":\"https:\\\/\\\/obi.media\\\/#organization\",\"name\":\"Obi.Media\",\"url\":\"https:\\\/\\\/obi.media\\\/\",\"logo\":{\"@type\":\"ImageObject\",\"inLanguage\":\"en-US\",\"@id\":\"https:\\\/\\\/obi.media\\\/#\\\/schema\\\/logo\\\/image\\\/\",\"url\":\"https:\\\/\\\/secureservercdn.net\\\/160.153.138.201\\\/ejx.2f6.myftpupload.com\\\/wp-content\\\/uploads\\\/2022\\\/09\\\/Logo-ObiMedia2021__hor_cor_2_b-e1663619321538.png?time=1664795536\",\"contentUrl\":\"https:\\\/\\\/secureservercdn.net\\\/160.153.138.201\\\/ejx.2f6.myftpupload.com\\\/wp-content\\\/uploads\\\/2022\\\/09\\\/Logo-ObiMedia2021__hor_cor_2_b-e1663619321538.png?time=1664795536\",\"width\":686,\"height\":259,\"caption\":\"Obi.Media\"},\"image\":{\"@id\":\"https:\\\/\\\/obi.media\\\/#\\\/schema\\\/logo\\\/image\\\/\"},\"sameAs\":[\"https:\\\/\\\/www.facebook.com\\\/ObiMedia.NOVAFCSH\",\"https:\\\/\\\/x.com\\\/ObiMedia\",\"https:\\\/\\\/www.instagram.com\\\/obi.media\\\/\"]}]}<\/script>\n<!-- \/ Yoast SEO plugin. -->","yoast_head_json":{"title":"INN2023 - Call for artist and research residencies - Obi.Media","robots":{"index":"index","follow":"follow","max-snippet":"max-snippet:-1","max-image-preview":"max-image-preview:large","max-video-preview":"max-video-preview:-1"},"canonical":"https:\/\/obi.media\/en\/inn2023-call-for-artistic-and-research-residencies\/","og_locale":"en_US","og_type":"article","og_title":"INN2023 - Call for artist and research residencies - Obi.Media","og_url":"https:\/\/obi.media\/en\/inn2023-call-for-artistic-and-research-residencies\/","og_site_name":"Obi.Media","article_publisher":"https:\/\/www.facebook.com\/ObiMedia.NOVAFCSH","article_modified_time":"2022-12-21T09:52:24+00:00","og_image":[{"width":690,"height":428,"url":"https:\/\/obi.media\/wp-content\/uploads\/2022\/10\/email-marketing-1-e1664789168861.png","type":"image\/png"}],"twitter_card":"summary_large_image","twitter_site":"@ObiMedia","twitter_misc":{"Est. reading time":"6 minutes"},"schema":{"@context":"https:\/\/schema.org","@graph":[{"@type":"WebPage","@id":"https:\/\/obi.media\/en\/inn2023-call-for-artistic-and-research-residencies\/","url":"https:\/\/obi.media\/en\/inn2023-call-for-artistic-and-research-residencies\/","name":"INN2023 - Call for artist and research residencies - Obi.Media","isPartOf":{"@id":"https:\/\/obi.media\/#website"},"datePublished":"2022-11-21T12:58:50+00:00","dateModified":"2022-12-21T09:52:24+00:00","breadcrumb":{"@id":"https:\/\/obi.media\/en\/inn2023-call-for-artistic-and-research-residencies\/#breadcrumb"},"inLanguage":"en-US","potentialAction":[{"@type":"ReadAction","target":["https:\/\/obi.media\/en\/inn2023-call-for-artistic-and-research-residencies\/"]}]},{"@type":"BreadcrumbList","@id":"https:\/\/obi.media\/en\/inn2023-call-for-artistic-and-research-residencies\/#breadcrumb","itemListElement":[{"@type":"ListItem","position":1,"name":"In\u00edcio","item":"https:\/\/obi.media\/homepage-obimedia\/"},{"@type":"ListItem","position":2,"name":"INN2023 &#8211; Call for artist and research residencies"}]},{"@type":"WebSite","@id":"https:\/\/obi.media\/#website","url":"https:\/\/obi.media\/","name":"Obi.Media","description":"Observat\u00f3rio de Inova\u00e7\u00e3o nos Media","publisher":{"@id":"https:\/\/obi.media\/#organization"},"potentialAction":[{"@type":"SearchAction","target":{"@type":"EntryPoint","urlTemplate":"https:\/\/obi.media\/?s={search_term_string}"},"query-input":{"@type":"PropertyValueSpecification","valueRequired":true,"valueName":"search_term_string"}}],"inLanguage":"en-US"},{"@type":"Organization","@id":"https:\/\/obi.media\/#organization","name":"Obi.Media","url":"https:\/\/obi.media\/","logo":{"@type":"ImageObject","inLanguage":"en-US","@id":"https:\/\/obi.media\/#\/schema\/logo\/image\/","url":"https:\/\/secureservercdn.net\/160.153.138.201\/ejx.2f6.myftpupload.com\/wp-content\/uploads\/2022\/09\/Logo-ObiMedia2021__hor_cor_2_b-e1663619321538.png?time=1664795536","contentUrl":"https:\/\/secureservercdn.net\/160.153.138.201\/ejx.2f6.myftpupload.com\/wp-content\/uploads\/2022\/09\/Logo-ObiMedia2021__hor_cor_2_b-e1663619321538.png?time=1664795536","width":686,"height":259,"caption":"Obi.Media"},"image":{"@id":"https:\/\/obi.media\/#\/schema\/logo\/image\/"},"sameAs":["https:\/\/www.facebook.com\/ObiMedia.NOVAFCSH","https:\/\/x.com\/ObiMedia","https:\/\/www.instagram.com\/obi.media\/"]}]}},"_links":{"self":[{"href":"https:\/\/obi.media\/en\/wp-json\/wp\/v2\/pages\/5471","targetHints":{"allow":["GET"]}}],"collection":[{"href":"https:\/\/obi.media\/en\/wp-json\/wp\/v2\/pages"}],"about":[{"href":"https:\/\/obi.media\/en\/wp-json\/wp\/v2\/types\/page"}],"author":[{"embeddable":true,"href":"https:\/\/obi.media\/en\/wp-json\/wp\/v2\/users\/1"}],"replies":[{"embeddable":true,"href":"https:\/\/obi.media\/en\/wp-json\/wp\/v2\/comments?post=5471"}],"version-history":[{"count":24,"href":"https:\/\/obi.media\/en\/wp-json\/wp\/v2\/pages\/5471\/revisions"}],"predecessor-version":[{"id":6197,"href":"https:\/\/obi.media\/en\/wp-json\/wp\/v2\/pages\/5471\/revisions\/6197"}],"wp:attachment":[{"href":"https:\/\/obi.media\/en\/wp-json\/wp\/v2\/media?parent=5471"}],"curies":[{"name":"wp","href":"https:\/\/api.w.org\/{rel}","templated":true}]}}