{"id":5464,"date":"2022-11-14T00:10:09","date_gmt":"2022-11-14T00:10:09","guid":{"rendered":"https:\/\/obi.media\/inn-2023\/"},"modified":"2023-01-28T12:08:52","modified_gmt":"2023-01-28T12:08:52","slug":"inn2023","status":"publish","type":"page","link":"https:\/\/obi.media\/en\/inn2023\/","title":{"rendered":"INN 2023"},"content":{"rendered":"<div class='clear'><\/div><div id='sub_menu1'  class='av-submenu-container av-laqrfyu7-02cd4bd95cb670c3a3aa3c9e364b93eb alternate_color  avia-builder-el-0  el_before_av_section  avia-builder-el-first  av-sticky-submenu container_wrap sidebar_right' style='z-index:301' ><div class='container av-menu-mobile-disabled av-submenu-pos-center'><ul id='av-custom-submenu-1' class='av-subnav-menu'>\n<li class='menu-item av-laqretw6-2b61a4d87f7e23d723a501615eb97653 menu-item-top-level menu-item-top-level-1'><a href='https:\/\/obi.media\/en\/inn-2023-programme\/' ><span class='avia-bullet'><\/span><span class='avia-menu-text'>Programme<\/span><\/a><\/li>\n<li class='menu-item av-1klsvkc-47ee05425b9e3fe866d3abc2e570ac42 menu-item-top-level menu-item-top-level-2'><a href='https:\/\/obi.media\/en\/inn2023\/inn2023-committees\/' ><span class='avia-bullet'><\/span><span class='avia-menu-text'>Committees <\/span><\/a><\/li>\n<li class='menu-item av-1jjr2ak-541280c835bb7e3bfefe441f1434b210 menu-item-top-level menu-item-top-level-3'><a href='https:\/\/obi.media\/en\/inn2023\/inn-2023-information\/' ><span class='avia-bullet'><\/span><span class='avia-menu-text'>Information to participants<\/span><\/a><\/li>\n<li class='menu-item av-laqrfbjd-271ed431e4624c05cbc74e63bfa2424e menu-item-top-level menu-item-top-level-4'><a href='https:\/\/obi.media\/en\/inn2023\/#inn2023registration' ><span class='avia-bullet'><\/span><span class='avia-menu-text'>Registration<\/span><\/a><\/li>\n<\/ul><\/div><\/div><div class='sticky_placeholder'><\/div>\n<div id='inn2023calls'  class='avia-section av-1h58zt8-590473ac86dedc8389565fdb47726116 main_color avia-section-default avia-no-border-styling  avia-builder-el-1  el_after_av_submenu  el_before_av_section  avia-bg-style-scroll container_wrap sidebar_right'  ><div class='container av-section-cont-open' ><div class='template-page content  av-content-small alpha units'><div class='post-entry post-entry-type-page post-entry-5464'><div class='entry-content-wrapper clearfix'>\n<div class='flex_column av-56xkpo-6d8a69b9c5ecf0f132bb5299d82d5176 av_one_half  avia-builder-el-2  el_before_av_one_half  avia-builder-el-first  first flex_column_div '     ><style type=\"text\/css\" data-created_by=\"avia_inline_auto\" id=\"style-css-av-lcufevrg-6a2eaf2a58d35caf8b9b096794e7402e\">\n.avia-image-container.av-lcufevrg-6a2eaf2a58d35caf8b9b096794e7402e img.avia_image{\nbox-shadow:none;\n}\n.avia-image-container.av-lcufevrg-6a2eaf2a58d35caf8b9b096794e7402e .av-image-caption-overlay-center{\ncolor:#ffffff;\n}\n<\/style>\n<div  class='avia-image-container av-lcufevrg-6a2eaf2a58d35caf8b9b096794e7402e av-styling- avia-align-center  avia-builder-el-3  avia-builder-el-no-sibling '   itemprop=\"image\" itemscope=\"itemscope\" itemtype=\"https:\/\/schema.org\/ImageObject\" ><div class=\"avia-image-container-inner\"><div class=\"avia-image-overlay-wrap\"><img decoding=\"async\" class='wp-image-6236 avia-img-lazy-loading-not-6236 avia_image ' src=\"https:\/\/obi.media\/wp-content\/uploads\/2023\/01\/INN23_facebook2-1080x1080px-1.png\" alt='' title='INN23_facebook2-1080x1080px (1)'  height=\"1080\" width=\"1080\"  itemprop=\"thumbnailUrl\" srcset=\"https:\/\/obi.media\/wp-content\/uploads\/2023\/01\/INN23_facebook2-1080x1080px-1.png 1080w, https:\/\/obi.media\/wp-content\/uploads\/2023\/01\/INN23_facebook2-1080x1080px-1-300x300.png 300w, https:\/\/obi.media\/wp-content\/uploads\/2023\/01\/INN23_facebook2-1080x1080px-1-80x80.png 80w, https:\/\/obi.media\/wp-content\/uploads\/2023\/01\/INN23_facebook2-1080x1080px-1-768x768.png 768w, https:\/\/obi.media\/wp-content\/uploads\/2023\/01\/INN23_facebook2-1080x1080px-1-36x36.png 36w, https:\/\/obi.media\/wp-content\/uploads\/2023\/01\/INN23_facebook2-1080x1080px-1-180x180.png 180w, https:\/\/obi.media\/wp-content\/uploads\/2023\/01\/INN23_facebook2-1080x1080px-1-705x705.png 705w\" sizes=\"(max-width: 1080px) 100vw, 1080px\" \/><\/div><\/div><\/div><\/div><div class='flex_column av-1cl702k-f7e3093672566e568f39111ab6d906ca av_one_half  avia-builder-el-4  el_after_av_one_half  avia-builder-el-last  flex_column_div '     ><section  class='av_textblock_section av-1b3ok7w-7401cb91b5635e4d9474961dad52f988'  itemscope=\"itemscope\" itemtype=\"https:\/\/schema.org\/CreativeWork\" ><div class='avia_textblock'  itemprop=\"text\" ><h1>INN2023 &#8211; I International Conference on Media Innovation | a innovative format to think about innovation<\/h1>\n<\/div><\/section><br \/>\n<div  class='hr av-4lom4s-26595e5fab341be287d7140a20015213 hr-short  avia-builder-el-6  el_after_av_textblock  el_before_av_textblock  hr-left'><span class='hr-inner '><span class=\"hr-inner-style\"><\/span><\/span><\/div><br \/>\n<section  class='av_textblock_section av-ld3qe6aj-00c40cf1dd4960994c6cbce20140b493'  itemscope=\"itemscope\" itemtype=\"https:\/\/schema.org\/CreativeWork\" ><div class='avia_textblock'  itemprop=\"text\" ><p><span style=\"color: #333333;\">Three days of an intensive programme with plenary conferences, roundtables, workshops, masterclasses, and artistic residences.<\/span><\/p>\n<\/div><\/section><br \/>\n<div  class='hr av-av_hr-91d7ccd583a503147498e120fee2ff9b hr-default  avia-builder-el-8  el_after_av_textblock  el_before_av_button '><span class='hr-inner '><span class=\"hr-inner-style\"><\/span><\/span><\/div><br \/>\n<div  class='avia-button-wrap av-srkmoc-e07077e91272288a8439e8c2fcaba4fd-wrap avia-button-left  avia-builder-el-9  el_after_av_hr  el_before_av_button ' ><a href='https:\/\/obi.media\/en\/inn-2023-programme\/'  class='avia-button av-srkmoc-e07077e91272288a8439e8c2fcaba4fd avia-icon_select-no avia-size-small avia-position-left avia-color-dark' ><span class='avia_iconbox_title' >Final programme now available <\/span><\/a><\/div><br \/>\n<div  class='avia-button-wrap av-av_button-d48097f2364f9ad4fad4f2d0091a65ef-wrap avia-button-left  avia-builder-el-10  el_after_av_button  avia-builder-el-last ' ><a href='https:\/\/obi.media\/en\/inn2023\/inn-2023-registration-form\/'  class='avia-button av-av_button-d48097f2364f9ad4fad4f2d0091a65ef avia-icon_select-no avia-size-small avia-position-left avia-color-dark' ><span class='avia_iconbox_title' >Registration form <\/span><\/a><\/div><\/p><\/div><\/div><\/div><\/div><!-- close content main div --><\/div><\/div><div id='inn2023programa'  class='avia-section av-av_section-f94ea1df4affb9e2c6ae85bf49bf415c alternate_color avia-section-default avia-no-border-styling  avia-builder-el-11  el_after_av_section  el_before_av_section  avia-bg-style-scroll container_wrap sidebar_right'  ><div class='container av-section-cont-open' ><div class='template-page content  av-content-small alpha units'><div class='post-entry post-entry-type-page post-entry-5464'><div class='entry-content-wrapper clearfix'>\n<div class='flex_column av-av_one_half-a961ec8c42a44a397321d1a2224da3ca av_one_half  avia-builder-el-12  el_before_av_one_half  avia-builder-el-first  first flex_column_div '     ><section  class='av_textblock_section av-ld3q9dm6-4bbf336f6ca7763d4ad3fb423ea0af21'  itemscope=\"itemscope\" itemtype=\"https:\/\/schema.org\/CreativeWork\" ><div class='avia_textblock'  itemprop=\"text\" ><h1>Programme and information<\/h1>\n<\/div><\/section><br \/>\n<div  class='hr av-av_hr-9fd8129337b3332c2eb05dc904b6ebf8 hr-short  avia-builder-el-14  el_after_av_textblock  el_before_av_textblock  hr-left'><span class='hr-inner '><span class=\"hr-inner-style\"><\/span><\/span><\/div><br \/>\n<section  class='av_textblock_section av-ld3qc76f-7d5169999002d37bf0962a2283f65c3c'  itemscope=\"itemscope\" itemtype=\"https:\/\/schema.org\/CreativeWork\" ><div class='avia_textblock'  itemprop=\"text\" ><p><span style=\"color: #333333;\">INN2023 occurs at NOVA University of Lisbon &#8211; FCSH (School of Social Sciences and Humanities),\u00a0 <\/span><a href=\"https:\/\/www.google.com\/maps\/place\/Faculty+of+Social+and+Human+Sciences\/@38.7403711,-9.1527561,17z\/data=!3m1!4b1!4m5!3m4!1s0xd19330ec7910bd3:0x7724c2297e204d25!8m2!3d38.7403711!4d-9.1505674?hl=en\"><span style=\"color: #008080;\">Av. de Berna Campus,<\/span><\/a><span style=\"color: #333333;\"> between Campo Pequeno and Pra\u00e7a de Espanha. Check-in is made on the ground floor of Tower B.<\/span><\/p>\n<\/div><\/section><br \/>\n<div  class='avia-button-wrap av-ld3qcrss-4a12a6d96d683dbec73b347ed907d1d5-wrap avia-button-left  avia-builder-el-16  el_after_av_textblock  el_before_av_hr ' ><a href='https:\/\/obi.media\/en\/inn2023\/inn-2023-information\/'  class='avia-button av-ld3qcrss-4a12a6d96d683dbec73b347ed907d1d5 avia-icon_select-no avia-size-small avia-position-left avia-color-dark' ><span class='avia_iconbox_title' >All information to participants<\/span><\/a><\/div><br \/>\n<div  class='hr av-av_hr-9fd8129337b3332c2eb05dc904b6ebf8 hr-short  avia-builder-el-17  el_after_av_button  avia-builder-el-last  hr-left'><span class='hr-inner '><span class=\"hr-inner-style\"><\/span><\/span><\/div><\/p><\/div><div class='flex_column av-av_one_half-e38f08a368d22f46ed35f78008f927bf av_one_half  avia-builder-el-18  el_after_av_one_half  avia-builder-el-last  flex_column_div '     ><style type=\"text\/css\" data-created_by=\"avia_inline_auto\" id=\"style-css-av-ldfwta1e-e29de9a00bbd097adfb753cb4dc66298\">\n#top .avia-gallery.av-ldfwta1e-e29de9a00bbd097adfb753cb4dc66298 .avia-gallery-thumb a{\nwidth:25%;\n}\n<\/style>\n<div  class='avia-gallery av-ldfwta1e-e29de9a00bbd097adfb753cb4dc66298 avia_animate_when_visible  avia-builder-el-19  avia-builder-el-no-sibling  avia_lazyload avia-gallery-animate avia-gallery-1'  itemprop=\"image\" itemscope=\"itemscope\" itemtype=\"https:\/\/schema.org\/ImageObject\" ><meta itemprop=\"contentURL\" content=\"https:\/\/obi.media\/en\/inn2023\/\"><a class='avia-gallery-big fakeLightbox lightbox avia-gallery-big-crop-thumb ' href=\"https:\/\/obi.media\/wp-content\/uploads\/2023\/01\/campus_avenida_berna.png\" data-srcset=\"https:\/\/obi.media\/wp-content\/uploads\/2023\/01\/campus_avenida_berna.png 788w, https:\/\/obi.media\/wp-content\/uploads\/2023\/01\/campus_avenida_berna-266x300.png 266w, https:\/\/obi.media\/wp-content\/uploads\/2023\/01\/campus_avenida_berna-768x866.png 768w, https:\/\/obi.media\/wp-content\/uploads\/2023\/01\/campus_avenida_berna-625x705.png 625w\" data-sizes=\"(max-width: 788px) 100vw, 788px\"  data-onclick='1' title='campus_avenida_berna' ><span class='avia-gallery-big-inner'  itemprop=\"thumbnailUrl\" ><img decoding=\"async\" class=\"wp-image-6313 avia-img-lazy-loading-not-6313\"  width=\"495\" height=\"400\" src=\"https:\/\/obi.media\/wp-content\/uploads\/2023\/01\/campus_avenida_berna-495x400.png\" title='campus_avenida_berna' alt='' \/><\/span><\/a><div class='avia-gallery-thumb'><a href=\"https:\/\/obi.media\/wp-content\/uploads\/2023\/01\/campus_avenida_berna.png\" data-srcset=\"https:\/\/obi.media\/wp-content\/uploads\/2023\/01\/campus_avenida_berna.png 788w, https:\/\/obi.media\/wp-content\/uploads\/2023\/01\/campus_avenida_berna-266x300.png 266w, https:\/\/obi.media\/wp-content\/uploads\/2023\/01\/campus_avenida_berna-768x866.png 768w, https:\/\/obi.media\/wp-content\/uploads\/2023\/01\/campus_avenida_berna-625x705.png 625w\" data-sizes=\"(max-width: 788px) 100vw, 788px\" data-rel='gallery-1' data-prev-img='https:\/\/obi.media\/wp-content\/uploads\/2023\/01\/campus_avenida_berna-495x400.png' class='first_thumb lightbox ' data-onclick='1' title='campus_avenida_berna'  itemprop=\"thumbnailUrl\"  ><img decoding=\"async\" class=\"wp-image-6313 avia-img-lazy-loading-not-6313\"   src=\"https:\/\/obi.media\/wp-content\/uploads\/2023\/01\/campus_avenida_berna-495x400.png\" width=\"495\" height=\"400\"  title='campus_avenida_berna' alt='' \/><div class='big-prev-fake'><img loading=\"lazy\" decoding=\"async\" class=\"wp-image-6313 avia-img-lazy-loading-6313\"  width=\"495\" height=\"400\" src=\"https:\/\/obi.media\/wp-content\/uploads\/2023\/01\/campus_avenida_berna-495x400.png\" title='campus_avenida_berna' alt='' \/><\/div><\/a><a href=\"https:\/\/obi.media\/wp-content\/uploads\/2023\/01\/Banner_So_conheces1920x1280px-1200x675.jpg\" data-srcset=\"https:\/\/obi.media\/wp-content\/uploads\/2023\/01\/Banner_So_conheces1920x1280px-1200x675.jpg 1200w, https:\/\/obi.media\/wp-content\/uploads\/2023\/01\/Banner_So_conheces1920x1280px-300x169.jpg 300w, https:\/\/obi.media\/wp-content\/uploads\/2023\/01\/Banner_So_conheces1920x1280px-768x432.jpg 768w, https:\/\/obi.media\/wp-content\/uploads\/2023\/01\/Banner_So_conheces1920x1280px-1536x864.jpg 1536w, https:\/\/obi.media\/wp-content\/uploads\/2023\/01\/Banner_So_conheces1920x1280px-1500x844.jpg 1500w, https:\/\/obi.media\/wp-content\/uploads\/2023\/01\/Banner_So_conheces1920x1280px-705x397.jpg 705w, https:\/\/obi.media\/wp-content\/uploads\/2023\/01\/Banner_So_conheces1920x1280px.jpg 1920w\" data-sizes=\"(max-width: 1200px) 100vw, 1200px\" data-rel='gallery-1' data-prev-img='https:\/\/obi.media\/wp-content\/uploads\/2023\/01\/Banner_So_conheces1920x1280px-495x400.jpg' class='lightbox ' data-onclick='2' title='Banner_So_conheces1920x1280px'  itemprop=\"thumbnailUrl\"  ><img decoding=\"async\" class=\"wp-image-6315 avia-img-lazy-loading-not-6315\"   src=\"https:\/\/obi.media\/wp-content\/uploads\/2023\/01\/Banner_So_conheces1920x1280px-495x400.jpg\" width=\"495\" height=\"400\"  title='Banner_So_conheces1920x1280px' alt='' srcset=\"https:\/\/obi.media\/wp-content\/uploads\/2023\/01\/Banner_So_conheces1920x1280px-495x400.jpg 495w, https:\/\/obi.media\/wp-content\/uploads\/2023\/01\/Banner_So_conheces1920x1280px-845x684.jpg 845w\" sizes=\"(max-width: 495px) 100vw, 495px\" \/><div class='big-prev-fake'><img loading=\"lazy\" decoding=\"async\" class=\"wp-image-6315 avia-img-lazy-loading-6315\"  width=\"495\" height=\"400\" src=\"https:\/\/obi.media\/wp-content\/uploads\/2023\/01\/Banner_So_conheces1920x1280px-495x400.jpg\" title='Banner_So_conheces1920x1280px' alt='' srcset=\"https:\/\/obi.media\/wp-content\/uploads\/2023\/01\/Banner_So_conheces1920x1280px-495x400.jpg 495w, https:\/\/obi.media\/wp-content\/uploads\/2023\/01\/Banner_So_conheces1920x1280px-845x684.jpg 845w\" sizes=\"auto, (max-width: 495px) 100vw, 495px\" \/><\/div><\/a><a href=\"https:\/\/obi.media\/wp-content\/uploads\/2023\/01\/FCSH-Torre-B-Exterior-7-1200x800.jpg\" data-srcset=\"https:\/\/obi.media\/wp-content\/uploads\/2023\/01\/FCSH-Torre-B-Exterior-7-1200x800.jpg 1200w, https:\/\/obi.media\/wp-content\/uploads\/2023\/01\/FCSH-Torre-B-Exterior-7-300x200.jpg 300w, https:\/\/obi.media\/wp-content\/uploads\/2023\/01\/FCSH-Torre-B-Exterior-7-768x512.jpg 768w, https:\/\/obi.media\/wp-content\/uploads\/2023\/01\/FCSH-Torre-B-Exterior-7-1536x1024.jpg 1536w, https:\/\/obi.media\/wp-content\/uploads\/2023\/01\/FCSH-Torre-B-Exterior-7-2048x1365.jpg 2048w, https:\/\/obi.media\/wp-content\/uploads\/2023\/01\/FCSH-Torre-B-Exterior-7-1500x1000.jpg 1500w, https:\/\/obi.media\/wp-content\/uploads\/2023\/01\/FCSH-Torre-B-Exterior-7-705x470.jpg 705w\" data-sizes=\"(max-width: 1200px) 100vw, 1200px\" data-rel='gallery-1' data-prev-img='https:\/\/obi.media\/wp-content\/uploads\/2023\/01\/FCSH-Torre-B-Exterior-7-495x400.jpg' class='lightbox ' data-onclick='3' title='FCSH - Torre B Exterior 7'  itemprop=\"thumbnailUrl\"  ><img decoding=\"async\" class=\"wp-image-6317 avia-img-lazy-loading-not-6317\"   src=\"https:\/\/obi.media\/wp-content\/uploads\/2023\/01\/FCSH-Torre-B-Exterior-7-495x400.jpg\" width=\"495\" height=\"400\"  title='FCSH - Torre B Exterior 7' alt='' srcset=\"https:\/\/obi.media\/wp-content\/uploads\/2023\/01\/FCSH-Torre-B-Exterior-7-495x400.jpg 495w, https:\/\/obi.media\/wp-content\/uploads\/2023\/01\/FCSH-Torre-B-Exterior-7-845x684.jpg 845w\" sizes=\"(max-width: 495px) 100vw, 495px\" \/><div class='big-prev-fake'><img loading=\"lazy\" decoding=\"async\" class=\"wp-image-6317 avia-img-lazy-loading-6317\"  width=\"495\" height=\"400\" src=\"https:\/\/obi.media\/wp-content\/uploads\/2023\/01\/FCSH-Torre-B-Exterior-7-495x400.jpg\" title='FCSH - Torre B Exterior 7' alt='' srcset=\"https:\/\/obi.media\/wp-content\/uploads\/2023\/01\/FCSH-Torre-B-Exterior-7-495x400.jpg 495w, https:\/\/obi.media\/wp-content\/uploads\/2023\/01\/FCSH-Torre-B-Exterior-7-845x684.jpg 845w\" sizes=\"auto, (max-width: 495px) 100vw, 495px\" \/><\/div><\/a><a href=\"https:\/\/obi.media\/wp-content\/uploads\/2023\/01\/Mural-da-Av.-de-Berna_2-1200x621.jpg\" data-srcset=\"https:\/\/obi.media\/wp-content\/uploads\/2023\/01\/Mural-da-Av.-de-Berna_2-1200x621.jpg 1200w, https:\/\/obi.media\/wp-content\/uploads\/2023\/01\/Mural-da-Av.-de-Berna_2-300x155.jpg 300w, https:\/\/obi.media\/wp-content\/uploads\/2023\/01\/Mural-da-Av.-de-Berna_2-768x397.jpg 768w, https:\/\/obi.media\/wp-content\/uploads\/2023\/01\/Mural-da-Av.-de-Berna_2-1536x795.jpg 1536w, https:\/\/obi.media\/wp-content\/uploads\/2023\/01\/Mural-da-Av.-de-Berna_2-2048x1060.jpg 2048w, https:\/\/obi.media\/wp-content\/uploads\/2023\/01\/Mural-da-Av.-de-Berna_2-1500x776.jpg 1500w, https:\/\/obi.media\/wp-content\/uploads\/2023\/01\/Mural-da-Av.-de-Berna_2-705x365.jpg 705w\" data-sizes=\"(max-width: 1200px) 100vw, 1200px\" data-rel='gallery-1' data-prev-img='https:\/\/obi.media\/wp-content\/uploads\/2023\/01\/Mural-da-Av.-de-Berna_2-495x400.jpg' class='lightbox ' data-onclick='4' title='Mural da Av. de Berna_2'  itemprop=\"thumbnailUrl\"  ><img decoding=\"async\" class=\"wp-image-6319 avia-img-lazy-loading-not-6319\"   src=\"https:\/\/obi.media\/wp-content\/uploads\/2023\/01\/Mural-da-Av.-de-Berna_2-495x400.jpg\" width=\"495\" height=\"400\"  title='Mural da Av. de Berna_2' alt='' srcset=\"https:\/\/obi.media\/wp-content\/uploads\/2023\/01\/Mural-da-Av.-de-Berna_2-495x400.jpg 495w, https:\/\/obi.media\/wp-content\/uploads\/2023\/01\/Mural-da-Av.-de-Berna_2-845x684.jpg 845w\" sizes=\"(max-width: 495px) 100vw, 495px\" \/><div class='big-prev-fake'><img loading=\"lazy\" decoding=\"async\" class=\"wp-image-6319 avia-img-lazy-loading-6319\"  width=\"495\" height=\"400\" src=\"https:\/\/obi.media\/wp-content\/uploads\/2023\/01\/Mural-da-Av.-de-Berna_2-495x400.jpg\" title='Mural da Av. de Berna_2' alt='' srcset=\"https:\/\/obi.media\/wp-content\/uploads\/2023\/01\/Mural-da-Av.-de-Berna_2-495x400.jpg 495w, https:\/\/obi.media\/wp-content\/uploads\/2023\/01\/Mural-da-Av.-de-Berna_2-845x684.jpg 845w\" sizes=\"auto, (max-width: 495px) 100vw, 495px\" \/><\/div><\/a><\/div><\/div><\/div><\/div><\/div><\/div><!-- close content main div --><\/div><\/div><div id='inn2023keynotespeakers'  class='avia-section av-lboeqh77-c9ea5e504f12f090ec108306d4a33f15 main_color avia-section-default avia-no-border-styling  avia-builder-el-20  el_after_av_section  el_before_av_section  avia-bg-style-scroll container_wrap sidebar_right'  ><div class='container av-section-cont-open' ><div class='template-page content  av-content-small alpha units'><div class='post-entry post-entry-type-page post-entry-5464'><div class='entry-content-wrapper clearfix'>\n<section  class='av_textblock_section av-lboeouch-635317239acf1d30025fd04c18a345c9'  itemscope=\"itemscope\" itemtype=\"https:\/\/schema.org\/CreativeWork\" ><div class='avia_textblock'  itemprop=\"text\" ><h1>Keynote Speakers<\/h1>\n<\/div><\/section>\n<div  class='hr av-av_hr-9fd8129337b3332c2eb05dc904b6ebf8 hr-short  avia-builder-el-22  el_after_av_textblock  el_before_av_tab_container  hr-left'><span class='hr-inner '><span class=\"hr-inner-style\"><\/span><\/span><\/div>\n<div  class='tabcontainer av-lboeoa0j-72c7b0d44da92c8d358dc8a2ce9e8630 sidebar_tab sidebar_tab_left  avia-builder-el-23  el_after_av_hr  avia-builder-el-last  noborder_tabs' role='tablist'>\n<section class='av_tab_section av_tab_section av-lbodx7fa-8e4b9106008d338ca2af84217270d3c8'  itemscope=\"itemscope\" itemtype=\"https:\/\/schema.org\/CreativeWork\" ><div class='tab active_tab' role='tab' tabindex='0' data-fake-id='#tab-id-1' aria-controls='tab-id-1-content'  itemprop=\"headline\" ><span class='tab_icon' aria-hidden='true' data-av_icon='\ue80a' data-av_iconfont='entypo-fontello'><\/span>ABIGAIL WINCOTT<\/div><div id='tab-id-1-content' class='tab_content active_tab_content' aria-hidden=\"false\"><div class='tab_inner_content invers-color'  itemprop=\"text\" ><p><img loading=\"lazy\" decoding=\"async\" class=\"size-full wp-image-6030 alignleft\" src=\"https:\/\/obi.media\/wp-content\/uploads\/2022\/12\/Untitled-495-\u00d7-400-px-1.png\" alt=\"\" width=\"495\" height=\"400\" srcset=\"https:\/\/obi.media\/wp-content\/uploads\/2022\/12\/Untitled-495-\u00d7-400-px-1.png 495w, https:\/\/obi.media\/wp-content\/uploads\/2022\/12\/Untitled-495-\u00d7-400-px-1-300x242.png 300w\" sizes=\"auto, (max-width: 495px) 100vw, 495px\" \/><\/p>\n<h1><strong>Abigail Wincott<\/strong><\/h1>\n<p><span style=\"color: #333333;\"><a style=\"color: #333333;\" href=\"https:\/\/www.falmouth.ac.uk\/staff\/dr-abigail-wincott\"><span style=\"color: #008080;\"><strong>Abigail Wincott<\/strong><\/span><\/a> has worked as an audio journalist and producer for over 20 years, including 15 years at the BBC World Service and Radio 4. She joined Falmouth University&#8217;s School of Writing and Journalism in 2019, where she teaches journalism and media theory and practice, specializing in radio\/audio production.<\/span><\/p>\n<p><span style=\"color: #333333;\">Abigail has been exploring how journalists use immersive audio. In\u00a0 &#8220;<span style=\"color: #008080;\"><strong><a style=\"color: #008080;\" href=\"https:\/\/www.falmouth.ac.uk\/research\/programmes\/creative-industries-futures\/spatial-audio-journalism\">Spatial Audio Journalism<\/a><\/strong><\/span>&#8221; project she&#8217;s working with journalists to identify opportunities and challenges in the use of spatial audio, and to set an agenda for future research and development.\u00a0<\/span><\/p>\n<\/div><\/div><\/section>\n<section class='av_tab_section av_tab_section av-lboe4ota-eef00160e37e8a481feb86d3d260af5e'  itemscope=\"itemscope\" itemtype=\"https:\/\/schema.org\/CreativeWork\" ><div class='tab' role='tab' tabindex='0' data-fake-id='#tab-id-2' aria-controls='tab-id-2-content'  itemprop=\"headline\" ><span class='tab_icon' aria-hidden='true' data-av_icon='\ue80a' data-av_iconfont='entypo-fontello'><\/span>ANA CONSTANTINO<\/div><div id='tab-id-2-content' class='tab_content' aria-hidden=\"true\"><div class='tab_inner_content invers-color'  itemprop=\"text\" ><p><img loading=\"lazy\" decoding=\"async\" class=\"size-full wp-image-6042 alignleft\" src=\"https:\/\/obi.media\/wp-content\/uploads\/2022\/12\/Untitled-495-\u00d7-400-px-2.png\" alt=\"\" width=\"495\" height=\"400\" srcset=\"https:\/\/obi.media\/wp-content\/uploads\/2022\/12\/Untitled-495-\u00d7-400-px-2.png 495w, https:\/\/obi.media\/wp-content\/uploads\/2022\/12\/Untitled-495-\u00d7-400-px-2-300x242.png 300w\" sizes=\"auto, (max-width: 495px) 100vw, 495px\" \/><\/p>\n<h1><strong>Ana Constantino<\/strong><\/h1>\n<p><a href=\"https:\/\/www.linkedin.com\/in\/aluizaconstantino\/\"><span style=\"color: #333333;\"><span style=\"color: #008080;\"><strong>Ana Constantino<\/strong><\/span><\/span><\/a><span style=\"color: #333333;\"> is the co-founder and managing director of\u00a0 <a style=\"color: #333333;\" href=\"https:\/\/www.nowhere.io\/\"><strong><span style=\"color: #008080;\">NOWHERE<\/span><\/strong><\/a>, a 3D social platform where users can interact and move around virtual spaces, create and participate in events, share content and enjoy experiences in the metaverse. Google and the city of New York are some of the its clients.<\/span><\/p>\n<p><span style=\"color: #333333;\">Ana is a brazilian entrepreneur based in NYC working on the intersection of communications, technology, experiential marketing and immersive art. In another of her projects &#8211; <span style=\"color: #008080;\"><strong><a style=\"color: #008080;\" href=\"https:\/\/www.thewindmillfactory.com\/\">The Windmill Factory<\/a><\/strong><\/span> &#8211;\u00a0 she produces artistic experiences using different media as installations and performances.<\/span><\/p>\n<\/div><\/div><\/section>\n<section class='av_tab_section av_tab_section av-lboeo7xd-4b4de36e93fdb33479afcd762758924d'  itemscope=\"itemscope\" itemtype=\"https:\/\/schema.org\/CreativeWork\" ><div class='tab' role='tab' tabindex='0' data-fake-id='#tab-id-3' aria-controls='tab-id-3-content'  itemprop=\"headline\" ><span class='tab_icon' aria-hidden='true' data-av_icon='\ue80a' data-av_iconfont='entypo-fontello'><\/span>CL\u00c1UDIA DOMINGUES<\/div><div id='tab-id-3-content' class='tab_content' aria-hidden=\"true\"><div class='tab_inner_content invers-color'  itemprop=\"text\" ><p><img loading=\"lazy\" decoding=\"async\" class=\"size-full wp-image-6498 alignleft\" src=\"https:\/\/obi.media\/wp-content\/uploads\/2023\/01\/claudia_dominugues.png\" alt=\"\" width=\"495\" height=\"400\" srcset=\"https:\/\/obi.media\/wp-content\/uploads\/2023\/01\/claudia_dominugues.png 495w, https:\/\/obi.media\/wp-content\/uploads\/2023\/01\/claudia_dominugues-300x242.png 300w\" sizes=\"auto, (max-width: 495px) 100vw, 495px\" \/><\/p>\n<h1><span style=\"color: #333333;\"><strong>Cl\u00e1udia Domingues<\/strong><\/span><\/h1>\n<p><span style=\"color: #333333;\">Cl\u00e1udia Domingues has been Country Communication Manager at IKEA Portugal since 2015, after being part of the same company&#8217;s marketing department for about four years. With a degree in Communication Sciences from NOVA FCSH, she began her career in advertising in 1996, dedicating herself to the communication of brands in multiple businesses and areas of activity for about 16 years. At IKEA, she is responsible for internal and external communication and public affairs.<\/span><\/p>\n<\/div><\/div><\/section>\n<section class='av_tab_section av_tab_section av-lboe8zl4-c307835aaa382b940df95038ab98dd4b'  itemscope=\"itemscope\" itemtype=\"https:\/\/schema.org\/CreativeWork\" ><div class='tab' role='tab' tabindex='0' data-fake-id='#tab-id-4' aria-controls='tab-id-4-content'  itemprop=\"headline\" ><span class='tab_icon' aria-hidden='true' data-av_icon='\ue80a' data-av_iconfont='entypo-fontello'><\/span>JOS\u00c9 ALMEIDA BRITES<\/div><div id='tab-id-4-content' class='tab_content' aria-hidden=\"true\"><div class='tab_inner_content invers-color'  itemprop=\"text\" ><p><img loading=\"lazy\" decoding=\"async\" class=\"size-full wp-image-6046 alignleft\" src=\"https:\/\/obi.media\/wp-content\/uploads\/2022\/12\/Untitled-495-\u00d7-400-px-3.png\" alt=\"\" width=\"495\" height=\"400\" srcset=\"https:\/\/obi.media\/wp-content\/uploads\/2022\/12\/Untitled-495-\u00d7-400-px-3.png 495w, https:\/\/obi.media\/wp-content\/uploads\/2022\/12\/Untitled-495-\u00d7-400-px-3-300x242.png 300w\" sizes=\"auto, (max-width: 495px) 100vw, 495px\" \/><\/p>\n<h1><strong>Jos\u00e9 de Almeida Brites<\/strong><\/h1>\n<p><span style=\"color: #333333;\">With a Ph.D. in Neuropsychology from the University of Salamanca, Spain, Jos\u00e9 de Almeida Brites is a clinical psychologist, professor at Universidade Lus\u00f3fona and director of IPSS O Companheiro, a project that promotes, in a differentiated way, the reintegration of the ex-prisoner population into society. He is a member of the Order of Portuguese Psychologists, the European Federation of Psychologists\u2019 Associations and the Sociedad Espa\u00f1ola para estudio de la Ansiedad y el Estr\u00e9s.<\/span><\/p>\n<p><span style=\"color: #333333;\">In addition to academic production, he is the author of books aimed at the general public, including &#8220;Practical Guide to Overcoming Anxiety&#8221;.<\/span><\/p>\n<p><span style=\"color: #333333;\">At INN 2023, he will give a masterclass on mental health in research and teaching, entitled &#8220;Smiling doesn&#8217;t waste electricity and generates much more light&#8221;.<\/span><\/p>\n<\/div><\/div><\/section>\n<section class='av_tab_section av_tab_section av-lboeduam-dfb3fe453ee15cf8c3dd2c04d0c518ee'  itemscope=\"itemscope\" itemtype=\"https:\/\/schema.org\/CreativeWork\" ><div class='tab' role='tab' tabindex='0' data-fake-id='#tab-id-5' aria-controls='tab-id-5-content'  itemprop=\"headline\" ><span class='tab_icon' aria-hidden='true' data-av_icon='\ue80a' data-av_iconfont='entypo-fontello'><\/span>JULIA HOTZ<\/div><div id='tab-id-5-content' class='tab_content' aria-hidden=\"true\"><div class='tab_inner_content invers-color'  itemprop=\"text\" ><h1><img loading=\"lazy\" decoding=\"async\" class=\"size-full wp-image-6099 alignleft\" src=\"https:\/\/obi.media\/wp-content\/uploads\/2022\/12\/Untitled-495-\u00d7-400-px-7.png\" alt=\"\" width=\"495\" height=\"400\" srcset=\"https:\/\/obi.media\/wp-content\/uploads\/2022\/12\/Untitled-495-\u00d7-400-px-7.png 495w, https:\/\/obi.media\/wp-content\/uploads\/2022\/12\/Untitled-495-\u00d7-400-px-7-300x242.png 300w\" sizes=\"auto, (max-width: 495px) 100vw, 495px\" \/><strong>Julia Hotz<\/strong><\/h1>\n<p><a href=\"https:\/\/www.hotzthoughts.com\/about\"><span style=\"color: #008080;\"><strong>Julia Hotz<\/strong><\/span><\/a> is a solutions-focused journalist with stories in<span style=\"color: #333333;\">\u00a0<span style=\"color: #008080;\"><strong><a style=\"color: #008080;\" href=\"https:\/\/www.wired.co.uk\/article\/social-prescribing\" target=\"_blank\" rel=\"noopener\">WIRED<\/a><\/strong><\/span>, <strong><span style=\"color: #008080;\"><a style=\"color: #008080;\" href=\"https:\/\/www.nytimes.com\/2020\/08\/29\/well\/family\/meeting-people-pandemic.html\" target=\"_blank\" rel=\"noopener\">The New York Times<\/a><\/span><\/strong>, <span style=\"color: #008080;\"><strong><a style=\"color: #008080;\" href=\"https:\/\/www.bostonglobe.com\/2020\/12\/24\/opinion\/when-money-is-running-short-print-your-own\/\" target=\"_blank\" rel=\"noopener\">The Boston Globe<\/a><\/strong><\/span>, <strong><span style=\"color: #008080;\"><a style=\"color: #008080;\" href=\"https:\/\/time.com\/6114215\/if-youre-feeling-anxious-try-this-2000-year-old-neuroscience-backed-hack\/\" target=\"_blank\" rel=\"noopener\">TIME<\/a><\/span><\/strong>, <strong><span style=\"color: #008080;\"><a style=\"color: #008080;\" href=\"https:\/\/www.popsci.com\/health\/mental-health-crisis-first-aid\/\" target=\"_blank\" rel=\"noopener\">Popular Science,<\/a><\/span><\/strong>\u00a0<strong><span style=\"color: #008080;\"><a style=\"color: #008080;\" href=\"https:\/\/www.scientificamerican.com\/article\/can-an-algorithm-help-solve-political-paralysis\/\" target=\"_blank\" rel=\"noopener\">Scientific American<\/a><\/span><\/strong><span style=\"color: #008080;\"><span style=\"color: #333333;\">, and more.<\/span><\/span><em>\u00a0<\/em>She joined\u00a0<span style=\"color: #008080;\"><a style=\"color: #008080;\" href=\"https:\/\/www.solutionsjournalism.org\/\"><strong>Solutions Journalism Network<\/strong><\/a><\/span>, where she&#8217;s the fellowship manager who helps other journalists do rigorous, evidence-based reporting. She studied Sociology at Cambridge University and is writing a book about <a href=\"https:\/\/www.hotzthoughts.com\/the-social-prescription\"><strong><span style=\"color: #008080;\">social prescription<\/span><\/strong><\/a>.\u00a0<\/span><\/p>\n<\/div><\/div><\/section>\n<section class='av_tab_section av_tab_section av-lboeh11z-60a49c5aa9dcf3b19c7b5999bc270014'  itemscope=\"itemscope\" itemtype=\"https:\/\/schema.org\/CreativeWork\" ><div class='tab' role='tab' tabindex='0' data-fake-id='#tab-id-6' aria-controls='tab-id-6-content'  itemprop=\"headline\" ><span class='tab_icon' aria-hidden='true' data-av_icon='\ue80a' data-av_iconfont='entypo-fontello'><\/span>MIGUEL LANNES FERNANDES<\/div><div id='tab-id-6-content' class='tab_content' aria-hidden=\"true\"><div class='tab_inner_content invers-color'  itemprop=\"text\" ><p><img loading=\"lazy\" decoding=\"async\" class=\"size-full wp-image-6048 alignleft\" src=\"https:\/\/obi.media\/wp-content\/uploads\/2022\/12\/Untitled-495-\u00d7-400-px-4.png\" alt=\"\" width=\"495\" height=\"400\" srcset=\"https:\/\/obi.media\/wp-content\/uploads\/2022\/12\/Untitled-495-\u00d7-400-px-4.png 495w, https:\/\/obi.media\/wp-content\/uploads\/2022\/12\/Untitled-495-\u00d7-400-px-4-300x242.png 300w\" sizes=\"auto, (max-width: 495px) 100vw, 495px\" \/><\/p>\n<h1><strong>Miguel Lannes Fernandes<\/strong><\/h1>\n<p><span style=\"color: #333333;\">With a degree in Computer Engineering and a postgraduate degree in Sociology, <a style=\"color: #333333;\" href=\"https:\/\/www.linkedin.com\/in\/mlfernandes\/\"><span style=\"color: #008080;\"><strong>Miguel Lannes Fernandes<\/strong><\/span><\/a> is a digital entrepreneur and inventor. In recent years, he has specialized in developing innovative digital products and services, in automated processes, and in training teams to work in this industry. He is the founder of Inventos Digitais, CTO of Witseed and professor at Faculdades Ibmec (Brazil), in agile methods and project planning.\u00a0<\/span><\/p>\n<\/div><\/div><\/section>\n<section class='av_tab_section av_tab_section av-lboeo7xd-907bcab5d050dcbafb7a1fc13fe99592'  itemscope=\"itemscope\" itemtype=\"https:\/\/schema.org\/CreativeWork\" ><div class='tab' role='tab' tabindex='0' data-fake-id='#tab-id-7' aria-controls='tab-id-7-content'  itemprop=\"headline\" ><span class='tab_icon' aria-hidden='true' data-av_icon='\ue80a' data-av_iconfont='entypo-fontello'><\/span>PEDRO CAMPOS COSTA<\/div><div id='tab-id-7-content' class='tab_content' aria-hidden=\"true\"><div class='tab_inner_content invers-color'  itemprop=\"text\" ><p><img loading=\"lazy\" decoding=\"async\" class=\"size-full wp-image-6050 alignleft\" src=\"https:\/\/obi.media\/wp-content\/uploads\/2022\/12\/Untitled-495-\u00d7-400-px-6.png\" alt=\"\" width=\"495\" height=\"400\" srcset=\"https:\/\/obi.media\/wp-content\/uploads\/2022\/12\/Untitled-495-\u00d7-400-px-6.png 495w, https:\/\/obi.media\/wp-content\/uploads\/2022\/12\/Untitled-495-\u00d7-400-px-6-300x242.png 300w\" sizes=\"auto, (max-width: 495px) 100vw, 495px\" \/><\/p>\n<h1><strong>Pedro Campos Costa<\/strong><\/h1>\n<p><span style=\"color: #333333;\"> Pedro Campos Costa is an architect, curator, and university professor. He&#8217;s the founder of the <strong><span style=\"color: #008080;\"><a style=\"color: #008080;\" href=\"https:\/\/camposcosta.com\/\">atelier Campos Costa architects<\/a><\/span><\/strong>,<a href=\"https:\/\/antecamara-galeria.pt\/\"><span style=\"color: #008080;\"><strong>\u00a0Antec\u00e2mara gallery <\/strong><\/span><\/a>and<a href=\"https:\/\/antecamara-galeria.pt\/\"><span style=\"color: #008080;\"><strong> Antec\u00e2mara radio<\/strong><\/span><\/a>, a collaborative platform that uses sound space to expand and question notions about the city and which was distinguished at the Forma 2022 &#8211; National Awards for Architecture, with the Innovation Mention, for its impact on society. Pedro Campos Costa was the only Portuguese to win, in 2012, the 40 under 40 prize, which annually recognizes emerging talents in Europe in architecture. He regularly uses media in an artistic context.<\/span><\/p>\n<\/div><\/div><\/section>\n<section class='av_tab_section av_tab_section av-lboeo7xd-673a752951855ef4d9dd9e6917a138a9'  itemscope=\"itemscope\" itemtype=\"https:\/\/schema.org\/CreativeWork\" ><div class='tab' role='tab' tabindex='0' data-fake-id='#tab-id-8' aria-controls='tab-id-8-content'  itemprop=\"headline\" ><span class='tab_icon' aria-hidden='true' data-av_icon='\ue80a' data-av_iconfont='entypo-fontello'><\/span>VERA PEN\u00caDA<\/div><div id='tab-id-8-content' class='tab_content' aria-hidden=\"true\"><div class='tab_inner_content invers-color'  itemprop=\"text\" ><p><img loading=\"lazy\" decoding=\"async\" class=\"size-full wp-image-6215 alignleft\" src=\"https:\/\/obi.media\/wp-content\/uploads\/2022\/12\/vera_pened_speaker.png\" alt=\"\" width=\"495\" height=\"400\" srcset=\"https:\/\/obi.media\/wp-content\/uploads\/2022\/12\/vera_pened_speaker.png 495w, https:\/\/obi.media\/wp-content\/uploads\/2022\/12\/vera_pened_speaker-300x242.png 300w\" sizes=\"auto, (max-width: 495px) 100vw, 495px\" \/><\/p>\n<h1><span style=\"color: #333333;\"><strong>Vera Pen\u00eada<\/strong><\/span><\/h1>\n<p><span style=\"color: #333333;\">Vera Pen\u00eada is the Director of Programmes &#038; Impact at the <span style=\"color: #008080;\"><strong><a style=\"color: #008080;\" href=\"https:\/\/ejc.net\/\">European Journalism Centre<\/a><\/strong><\/span> (EJC) in Maastricht, the Netherlands, where she has worked since 2019. She designs and develops projects at the intersection of journalism, innovation and tech. These aim to help Europe-based newsrooms and journalists adapt to new challenges and become more resilient.<\/span><\/p>\n<p><span style=\"color: #333333;\">Before that, she spent five years in Mexico as a training coordinator of journalism &#038; visual storytelling at the Institute for <span style=\"color: #008080;\"><strong><a style=\"color: #008080;\" href=\"https:\/\/iwpr.net\/\">War &#038; Peace Reporting (IWPR)<\/a><\/strong><\/span>, supporting independent journalists from countries with oppressive regimes across Latin America. Between 2007 and 2014, Vera lived in China, where she worked as a correspondent and multimedia editor.<\/span><\/p>\n<p><span style=\"color: #333333;\">She began her career in journalism with an internship at P\u00fablico, a newspaper in her native Portugal.<\/span><\/p>\n<\/div><\/div><\/section>\n<\/div>\n<\/div><\/div><\/div><!-- close content main div --><\/div><\/div><div id='inn2023calls'  class='avia-section av-lcufqzg6-c8bee9e70c60a34920a11e7a4f467e82 alternate_color avia-section-default avia-no-border-styling  avia-builder-el-24  el_after_av_section  el_before_av_section  avia-bg-style-scroll container_wrap sidebar_right'  ><div class='container av-section-cont-open' ><div class='template-page content  av-content-small alpha units'><div class='post-entry post-entry-type-page post-entry-5464'><div class='entry-content-wrapper clearfix'>\n<div class='flex_column av-av_one_half-a961ec8c42a44a397321d1a2224da3ca av_one_half  avia-builder-el-25  el_before_av_one_half  avia-builder-el-first  first flex_column_div '     ><style type=\"text\/css\" data-created_by=\"avia_inline_auto\" id=\"style-css-av-av_image-b6b1bc832bb0dfca07b44a8febec589b\">\n.avia-image-container.av-av_image-b6b1bc832bb0dfca07b44a8febec589b img.avia_image{\nbox-shadow:none;\n}\n.avia-image-container.av-av_image-b6b1bc832bb0dfca07b44a8febec589b .av-image-caption-overlay-center{\ncolor:#ffffff;\n}\n<\/style>\n<div  class='avia-image-container av-av_image-b6b1bc832bb0dfca07b44a8febec589b av-styling- avia-align-center  avia-builder-el-26  avia-builder-el-no-sibling '   itemprop=\"image\" itemscope=\"itemscope\" itemtype=\"https:\/\/schema.org\/ImageObject\" ><div class=\"avia-image-container-inner\"><div class=\"avia-image-overlay-wrap\"><img decoding=\"async\" class='wp-image-5262 avia-img-lazy-loading-not-5262 avia_image ' src=\"https:\/\/obi.media\/wp-content\/uploads\/2022\/11\/INN23_facebook-1080x1080px-1.png\" alt='' title='INN23_facebook-1080x1080px (1)'  height=\"1080\" width=\"1080\"  itemprop=\"thumbnailUrl\" srcset=\"https:\/\/obi.media\/wp-content\/uploads\/2022\/11\/INN23_facebook-1080x1080px-1.png 1080w, https:\/\/obi.media\/wp-content\/uploads\/2022\/11\/INN23_facebook-1080x1080px-1-300x300.png 300w, https:\/\/obi.media\/wp-content\/uploads\/2022\/11\/INN23_facebook-1080x1080px-1-80x80.png 80w, https:\/\/obi.media\/wp-content\/uploads\/2022\/11\/INN23_facebook-1080x1080px-1-768x768.png 768w, https:\/\/obi.media\/wp-content\/uploads\/2022\/11\/INN23_facebook-1080x1080px-1-36x36.png 36w, https:\/\/obi.media\/wp-content\/uploads\/2022\/11\/INN23_facebook-1080x1080px-1-180x180.png 180w, https:\/\/obi.media\/wp-content\/uploads\/2022\/11\/INN23_facebook-1080x1080px-1-705x705.png 705w\" sizes=\"(max-width: 1080px) 100vw, 1080px\" \/><\/div><\/div><\/div><\/div><div class='flex_column av-av_one_half-e38f08a368d22f46ed35f78008f927bf av_one_half  avia-builder-el-27  el_after_av_one_half  avia-builder-el-last  flex_column_div '     ><section  class='av_textblock_section av-av_textblock-e878f05c31dff72941bf1e49a00d9ff5'  itemscope=\"itemscope\" itemtype=\"https:\/\/schema.org\/CreativeWork\" ><div class='avia_textblock'  itemprop=\"text\" ><h1>INN2023 &#8211; I International Conference on Media Innovation | Calls closed<\/h1>\n<\/div><\/section><br \/>\n<div  class='hr av-av_hr-9fd8129337b3332c2eb05dc904b6ebf8 hr-short  avia-builder-el-29  el_after_av_textblock  el_before_av_textblock  hr-left'><span class='hr-inner '><span class=\"hr-inner-style\"><\/span><\/span><\/div><br \/>\n<section  class='av_textblock_section av-17i2a3w-b4788972fc2cdbe681dadc62ffede4f4'  itemscope=\"itemscope\" itemtype=\"https:\/\/schema.org\/CreativeWork\" ><div class='avia_textblock'  itemprop=\"text\" ><p><span style=\"color: #333333;\">The multidisciplinary and convergent nature of innovation in the media requires the strengthening of research lines in various dimensions of innovation associated with multiple themes of the media and other creative industries; in short, it is necessary to explore the concept of innovation from a conceptual and performative point of view in the media sector and beyond. <\/span><\/p>\n<p><span style=\"color: #333333;\">&#8220;(Per)forming innovation&#8221; is, therefore, the theme of the INN2023 conference (bilingual edition &#8211; PT\/EN), organized by Obi.Media &#8211; Media Innovation Observatory \/ ICNOVA, which will be held at the Faculty of Social and Human Sciences of NOVA University of Lisbon, between February 1st and 3rd, 2023, in a programme that also intends to be innovative: a makeathon for doctoral students and young researchers, workshops and master classes, theoretical discussions, debates with professionals, hybrid sessions, artist residencies, and also the first edition of media innovation awards.<\/span><\/p>\n<h5><span style=\"color: #333333;\">Three types of calls are open until <strong>December <del>20<span style=\"color: #ff0000;\"> 30<\/span><\/del>, 2022<\/strong>. <span style=\"color: #ff0000;\">closed<\/span>.<\/span><\/h5>\n<\/div><\/section><br \/>\n<div  class='hr av-av_hr-9fd8129337b3332c2eb05dc904b6ebf8 hr-short  avia-builder-el-31  el_after_av_textblock  el_before_av_buttonrow  hr-left'><span class='hr-inner '><span class=\"hr-inner-style\"><\/span><\/span><\/div><br \/>\n<div  class='avia-buttonrow-wrap av-laqri40u-e837c01100a5d3935adc5f1492f5adbc avia-buttonrow-left  avia-builder-el-32  el_after_av_hr  avia-builder-el-last '>\n\n<style type=\"text\/css\" data-created_by=\"avia_inline_auto\" id=\"style-css-av-laqrhwm9-a9a8bbe1646b2226b4543525b8c09295\">\n#top #wrap_all .avia-button.av-laqrhwm9-a9a8bbe1646b2226b4543525b8c09295{\nborder-style:none;\n-webkit-transition:all 0.4s ease-in-out;\n-moz-transition:all 0.4s ease-in-out;\n-ms-transition:all 0.4s ease-in-out;\n-o-transition:all 0.4s ease-in-out;\ntransition:all 0.4s ease-in-out;\nmargin-bottom:5px;\nmargin-right:5px;\n}\n<\/style>\n<a href='https:\/\/obi.media\/en\/inn2023\/inn2023-communications-calls\/'  class='avia-button av-laqrhwm9-a9a8bbe1646b2226b4543525b8c09295 avia-icon_select-no avia-size-small avia-color-grey'  ><span class='avia_iconbox_title' >Abstracts<\/span><\/a>\n\n<style type=\"text\/css\" data-created_by=\"avia_inline_auto\" id=\"style-css-av-143vx24-14f39797a9781ee30252f64c90e8137e\">\n#top #wrap_all .avia-button.av-143vx24-14f39797a9781ee30252f64c90e8137e{\nborder-style:none;\n-webkit-transition:all 0.4s ease-in-out;\n-moz-transition:all 0.4s ease-in-out;\n-ms-transition:all 0.4s ease-in-out;\n-o-transition:all 0.4s ease-in-out;\ntransition:all 0.4s ease-in-out;\nmargin-bottom:5px;\nmargin-right:5px;\n}\n<\/style>\n<a href='https:\/\/obi.media\/en\/inn2023-call-for-artistic-and-research-residencies\/'  class='avia-button av-143vx24-14f39797a9781ee30252f64c90e8137e avia-icon_select-no avia-size-small avia-color-grey'  ><span class='avia_iconbox_title' >Artist and Research Residencies<\/span><\/a>\n\n<style type=\"text\/css\" data-created_by=\"avia_inline_auto\" id=\"style-css-av-13es2h8-fd0a6b7441e10258448c68d3477d2639\">\n#top #wrap_all .avia-button.av-13es2h8-fd0a6b7441e10258448c68d3477d2639{\nborder-style:none;\n-webkit-transition:all 0.4s ease-in-out;\n-moz-transition:all 0.4s ease-in-out;\n-ms-transition:all 0.4s ease-in-out;\n-o-transition:all 0.4s ease-in-out;\ntransition:all 0.4s ease-in-out;\nmargin-bottom:5px;\nmargin-right:5px;\n}\n<\/style>\n<a href='https:\/\/obi.media\/inn2023\/premios-inn-premios-de-inovacao-nos-media\/'  class='avia-button av-13es2h8-fd0a6b7441e10258448c68d3477d2639 avia-icon_select-no avia-size-small avia-color-grey'  ><span class='avia_iconbox_title' >INN 2023 Awards: Media Innovation Awards (only for Portuguese context)<\/span><\/a>\n<\/div><\/p><\/div>\n<\/p>\n<\/div><\/div><\/div><!-- close content main div --><\/div><\/div><div id='inn2023chamadas'  class='avia-section av-av_section-bca1d2dcafc8a91a8cfc793c3fcadce8 main_color avia-section-default avia-no-border-styling  avia-builder-el-33  el_after_av_section  avia-builder-el-last  avia-bg-style-scroll container_wrap sidebar_right'  ><div class='container av-section-cont-open' ><div class='template-page content  av-content-small alpha units'><div class='post-entry post-entry-type-page post-entry-5464'><div class='entry-content-wrapper clearfix'>\n<div class='flex_column av-av_one_half-a961ec8c42a44a397321d1a2224da3ca av_one_half  avia-builder-el-34  el_before_av_one_half  avia-builder-el-first  first flex_column_div '     ><section  class='av_textblock_section av-ld3qerea-2352c8296814529f87535301ed450b06'  itemscope=\"itemscope\" itemtype=\"https:\/\/schema.org\/CreativeWork\" ><div class='avia_textblock'  itemprop=\"text\" ><h1>Contacts<\/h1>\n<\/div><\/section><br \/>\n<div  class='hr av-av_hr-9fd8129337b3332c2eb05dc904b6ebf8 hr-short  avia-builder-el-36  el_after_av_textblock  el_before_av_textblock  hr-left'><span class='hr-inner '><span class=\"hr-inner-style\"><\/span><\/span><\/div><br \/>\n<section  class='av_textblock_section av-ld3qfo3p-1332cbede80fb1e45a25e7d4441a9971'  itemscope=\"itemscope\" itemtype=\"https:\/\/schema.org\/CreativeWork\" ><div class='avia_textblock'  itemprop=\"text\" ><p><span style=\"color: #333333;\">Do you want to contact INN 2023 Organizing Committee? Send us an e-mail.<\/span><\/p>\n<\/div><\/section><\/p><\/div><div class='flex_column av-av_one_half-e38f08a368d22f46ed35f78008f927bf av_one_half  avia-builder-el-38  el_after_av_one_half  avia-builder-el-last  flex_column_div '     ><section  class='av_textblock_section av-av_textblock-e878f05c31dff72941bf1e49a00d9ff5'  itemscope=\"itemscope\" itemtype=\"https:\/\/schema.org\/CreativeWork\" ><div class='avia_textblock'  itemprop=\"text\" ><h4><strong>E-mail<\/strong><\/h4>\n<\/div><\/section><br \/>\n<div  class='hr av-av_hr-9fd8129337b3332c2eb05dc904b6ebf8 hr-short  avia-builder-el-40  el_after_av_textblock  el_before_av_textblock  hr-left'><span class='hr-inner '><span class=\"hr-inner-style\"><\/span><\/span><\/div><br \/>\n<section  class='av_textblock_section av-av_textblock-e878f05c31dff72941bf1e49a00d9ff5'  itemscope=\"itemscope\" itemtype=\"https:\/\/schema.org\/CreativeWork\" ><div class='avia_textblock'  itemprop=\"text\" ><h3><a href=\"mailto:obimedia@obi.media\">obimedia@obi.media<\/a><\/h3>\n<\/div><\/section><\/p><\/div>\n<\/div><\/div><\/div><!-- close content main div --><\/div><\/div><div id='after_section_5'  class='main_color av_default_container_wrap container_wrap sidebar_right'  ><div class='container av-section-cont-open' ><div class='template-page content  av-content-small alpha units'><div class='post-entry post-entry-type-page post-entry-5464'><div class='entry-content-wrapper clearfix'>\n","protected":false},"excerpt":{"rendered":"","protected":false},"author":1,"featured_media":0,"parent":0,"menu_order":0,"comment_status":"closed","ping_status":"closed","template":"","meta":{"om_disable_all_campaigns":false,"_monsterinsights_skip_tracking":false,"_monsterinsights_sitenote_active":false,"_monsterinsights_sitenote_note":"","_monsterinsights_sitenote_category":0,"footnotes":""},"class_list":["post-5464","page","type-page","status-publish","hentry"],"yoast_head":"<!-- This site is optimized with the Yoast SEO plugin v27.4 - https:\/\/yoast.com\/product\/yoast-seo-wordpress\/ -->\n<title>INN 2023 - Obi.Media<\/title>\n<meta name=\"robots\" content=\"index, follow, max-snippet:-1, max-image-preview:large, max-video-preview:-1\" \/>\n<link rel=\"canonical\" href=\"https:\/\/obi.media\/en\/inn2023\/\" \/>\n<meta property=\"og:locale\" content=\"en_US\" \/>\n<meta property=\"og:type\" content=\"article\" \/>\n<meta property=\"og:title\" content=\"INN 2023 - Obi.Media\" \/>\n<meta property=\"og:url\" content=\"https:\/\/obi.media\/en\/inn2023\/\" \/>\n<meta property=\"og:site_name\" content=\"Obi.Media\" \/>\n<meta property=\"article:publisher\" content=\"https:\/\/www.facebook.com\/ObiMedia.NOVAFCSH\" \/>\n<meta property=\"article:modified_time\" content=\"2023-01-28T12:08:52+00:00\" \/>\n<meta property=\"og:image\" content=\"https:\/\/obi.media\/wp-content\/uploads\/2023\/01\/claudia_dominugues.png\" \/>\n<meta name=\"twitter:card\" content=\"summary_large_image\" \/>\n<meta name=\"twitter:site\" content=\"@ObiMedia\" \/>\n<meta name=\"twitter:label1\" content=\"Est. reading time\" \/>\n\t<meta name=\"twitter:data1\" content=\"19 minutes\" \/>\n<script type=\"application\/ld+json\" class=\"yoast-schema-graph\">{\"@context\":\"https:\\\/\\\/schema.org\",\"@graph\":[{\"@type\":\"WebPage\",\"@id\":\"https:\\\/\\\/obi.media\\\/en\\\/inn2023\\\/\",\"url\":\"https:\\\/\\\/obi.media\\\/en\\\/inn2023\\\/\",\"name\":\"INN 2023 - Obi.Media\",\"isPartOf\":{\"@id\":\"https:\\\/\\\/obi.media\\\/#website\"},\"primaryImageOfPage\":{\"@id\":\"https:\\\/\\\/obi.media\\\/en\\\/inn2023\\\/#primaryimage\"},\"image\":{\"@id\":\"https:\\\/\\\/obi.media\\\/en\\\/inn2023\\\/#primaryimage\"},\"thumbnailUrl\":\"https:\\\/\\\/obi.media\\\/wp-content\\\/uploads\\\/2023\\\/01\\\/claudia_dominugues.png\",\"datePublished\":\"2022-11-14T00:10:09+00:00\",\"dateModified\":\"2023-01-28T12:08:52+00:00\",\"breadcrumb\":{\"@id\":\"https:\\\/\\\/obi.media\\\/en\\\/inn2023\\\/#breadcrumb\"},\"inLanguage\":\"en-US\",\"potentialAction\":[{\"@type\":\"ReadAction\",\"target\":[\"https:\\\/\\\/obi.media\\\/en\\\/inn2023\\\/\"]}]},{\"@type\":\"ImageObject\",\"inLanguage\":\"en-US\",\"@id\":\"https:\\\/\\\/obi.media\\\/en\\\/inn2023\\\/#primaryimage\",\"url\":\"https:\\\/\\\/obi.media\\\/wp-content\\\/uploads\\\/2023\\\/01\\\/claudia_dominugues.png\",\"contentUrl\":\"https:\\\/\\\/obi.media\\\/wp-content\\\/uploads\\\/2023\\\/01\\\/claudia_dominugues.png\"},{\"@type\":\"BreadcrumbList\",\"@id\":\"https:\\\/\\\/obi.media\\\/en\\\/inn2023\\\/#breadcrumb\",\"itemListElement\":[{\"@type\":\"ListItem\",\"position\":1,\"name\":\"In\u00edcio\",\"item\":\"https:\\\/\\\/obi.media\\\/homepage-obimedia\\\/\"},{\"@type\":\"ListItem\",\"position\":2,\"name\":\"INN 2023\"}]},{\"@type\":\"WebSite\",\"@id\":\"https:\\\/\\\/obi.media\\\/#website\",\"url\":\"https:\\\/\\\/obi.media\\\/\",\"name\":\"Obi.Media\",\"description\":\"Observat\u00f3rio de Inova\u00e7\u00e3o nos Media\",\"publisher\":{\"@id\":\"https:\\\/\\\/obi.media\\\/#organization\"},\"potentialAction\":[{\"@type\":\"SearchAction\",\"target\":{\"@type\":\"EntryPoint\",\"urlTemplate\":\"https:\\\/\\\/obi.media\\\/?s={search_term_string}\"},\"query-input\":{\"@type\":\"PropertyValueSpecification\",\"valueRequired\":true,\"valueName\":\"search_term_string\"}}],\"inLanguage\":\"en-US\"},{\"@type\":\"Organization\",\"@id\":\"https:\\\/\\\/obi.media\\\/#organization\",\"name\":\"Obi.Media\",\"url\":\"https:\\\/\\\/obi.media\\\/\",\"logo\":{\"@type\":\"ImageObject\",\"inLanguage\":\"en-US\",\"@id\":\"https:\\\/\\\/obi.media\\\/#\\\/schema\\\/logo\\\/image\\\/\",\"url\":\"https:\\\/\\\/secureservercdn.net\\\/160.153.138.201\\\/ejx.2f6.myftpupload.com\\\/wp-content\\\/uploads\\\/2022\\\/09\\\/Logo-ObiMedia2021__hor_cor_2_b-e1663619321538.png?time=1664795536\",\"contentUrl\":\"https:\\\/\\\/secureservercdn.net\\\/160.153.138.201\\\/ejx.2f6.myftpupload.com\\\/wp-content\\\/uploads\\\/2022\\\/09\\\/Logo-ObiMedia2021__hor_cor_2_b-e1663619321538.png?time=1664795536\",\"width\":686,\"height\":259,\"caption\":\"Obi.Media\"},\"image\":{\"@id\":\"https:\\\/\\\/obi.media\\\/#\\\/schema\\\/logo\\\/image\\\/\"},\"sameAs\":[\"https:\\\/\\\/www.facebook.com\\\/ObiMedia.NOVAFCSH\",\"https:\\\/\\\/x.com\\\/ObiMedia\",\"https:\\\/\\\/www.instagram.com\\\/obi.media\\\/\"]}]}<\/script>\n<!-- \/ Yoast SEO plugin. -->","yoast_head_json":{"title":"INN 2023 - Obi.Media","robots":{"index":"index","follow":"follow","max-snippet":"max-snippet:-1","max-image-preview":"max-image-preview:large","max-video-preview":"max-video-preview:-1"},"canonical":"https:\/\/obi.media\/en\/inn2023\/","og_locale":"en_US","og_type":"article","og_title":"INN 2023 - Obi.Media","og_url":"https:\/\/obi.media\/en\/inn2023\/","og_site_name":"Obi.Media","article_publisher":"https:\/\/www.facebook.com\/ObiMedia.NOVAFCSH","article_modified_time":"2023-01-28T12:08:52+00:00","og_image":[{"url":"https:\/\/obi.media\/wp-content\/uploads\/2023\/01\/claudia_dominugues.png","type":"","width":"","height":""}],"twitter_card":"summary_large_image","twitter_site":"@ObiMedia","twitter_misc":{"Est. reading time":"19 minutes"},"schema":{"@context":"https:\/\/schema.org","@graph":[{"@type":"WebPage","@id":"https:\/\/obi.media\/en\/inn2023\/","url":"https:\/\/obi.media\/en\/inn2023\/","name":"INN 2023 - Obi.Media","isPartOf":{"@id":"https:\/\/obi.media\/#website"},"primaryImageOfPage":{"@id":"https:\/\/obi.media\/en\/inn2023\/#primaryimage"},"image":{"@id":"https:\/\/obi.media\/en\/inn2023\/#primaryimage"},"thumbnailUrl":"https:\/\/obi.media\/wp-content\/uploads\/2023\/01\/claudia_dominugues.png","datePublished":"2022-11-14T00:10:09+00:00","dateModified":"2023-01-28T12:08:52+00:00","breadcrumb":{"@id":"https:\/\/obi.media\/en\/inn2023\/#breadcrumb"},"inLanguage":"en-US","potentialAction":[{"@type":"ReadAction","target":["https:\/\/obi.media\/en\/inn2023\/"]}]},{"@type":"ImageObject","inLanguage":"en-US","@id":"https:\/\/obi.media\/en\/inn2023\/#primaryimage","url":"https:\/\/obi.media\/wp-content\/uploads\/2023\/01\/claudia_dominugues.png","contentUrl":"https:\/\/obi.media\/wp-content\/uploads\/2023\/01\/claudia_dominugues.png"},{"@type":"BreadcrumbList","@id":"https:\/\/obi.media\/en\/inn2023\/#breadcrumb","itemListElement":[{"@type":"ListItem","position":1,"name":"In\u00edcio","item":"https:\/\/obi.media\/homepage-obimedia\/"},{"@type":"ListItem","position":2,"name":"INN 2023"}]},{"@type":"WebSite","@id":"https:\/\/obi.media\/#website","url":"https:\/\/obi.media\/","name":"Obi.Media","description":"Observat\u00f3rio de Inova\u00e7\u00e3o nos Media","publisher":{"@id":"https:\/\/obi.media\/#organization"},"potentialAction":[{"@type":"SearchAction","target":{"@type":"EntryPoint","urlTemplate":"https:\/\/obi.media\/?s={search_term_string}"},"query-input":{"@type":"PropertyValueSpecification","valueRequired":true,"valueName":"search_term_string"}}],"inLanguage":"en-US"},{"@type":"Organization","@id":"https:\/\/obi.media\/#organization","name":"Obi.Media","url":"https:\/\/obi.media\/","logo":{"@type":"ImageObject","inLanguage":"en-US","@id":"https:\/\/obi.media\/#\/schema\/logo\/image\/","url":"https:\/\/secureservercdn.net\/160.153.138.201\/ejx.2f6.myftpupload.com\/wp-content\/uploads\/2022\/09\/Logo-ObiMedia2021__hor_cor_2_b-e1663619321538.png?time=1664795536","contentUrl":"https:\/\/secureservercdn.net\/160.153.138.201\/ejx.2f6.myftpupload.com\/wp-content\/uploads\/2022\/09\/Logo-ObiMedia2021__hor_cor_2_b-e1663619321538.png?time=1664795536","width":686,"height":259,"caption":"Obi.Media"},"image":{"@id":"https:\/\/obi.media\/#\/schema\/logo\/image\/"},"sameAs":["https:\/\/www.facebook.com\/ObiMedia.NOVAFCSH","https:\/\/x.com\/ObiMedia","https:\/\/www.instagram.com\/obi.media\/"]}]}},"_links":{"self":[{"href":"https:\/\/obi.media\/en\/wp-json\/wp\/v2\/pages\/5464","targetHints":{"allow":["GET"]}}],"collection":[{"href":"https:\/\/obi.media\/en\/wp-json\/wp\/v2\/pages"}],"about":[{"href":"https:\/\/obi.media\/en\/wp-json\/wp\/v2\/types\/page"}],"author":[{"embeddable":true,"href":"https:\/\/obi.media\/en\/wp-json\/wp\/v2\/users\/1"}],"replies":[{"embeddable":true,"href":"https:\/\/obi.media\/en\/wp-json\/wp\/v2\/comments?post=5464"}],"version-history":[{"count":69,"href":"https:\/\/obi.media\/en\/wp-json\/wp\/v2\/pages\/5464\/revisions"}],"predecessor-version":[{"id":6520,"href":"https:\/\/obi.media\/en\/wp-json\/wp\/v2\/pages\/5464\/revisions\/6520"}],"wp:attachment":[{"href":"https:\/\/obi.media\/en\/wp-json\/wp\/v2\/media?parent=5464"}],"curies":[{"name":"wp","href":"https:\/\/api.w.org\/{rel}","templated":true}]}}